{"id":12209,"date":"2021-06-22T11:59:23","date_gmt":"2021-06-22T11:59:23","guid":{"rendered":"https:\/\/indr.lu\/?post_type=event&#038;p=12209"},"modified":"2021-06-22T12:01:10","modified_gmt":"2021-06-22T12:01:10","slug":"webinaire-de-lancement-officiel-du-nouveau-label-rse-europeen-responsibility-europe","status":"publish","type":"event","link":"https:\/\/indr.lu\/en\/event\/webinaire-de-lancement-officiel-du-nouveau-label-rse-europeen-responsibility-europe\/","title":{"rendered":"Webinaire de lancement officiel du nouveau label RSE europ\u00e9en RESPONSIBILITY EUROPE"},"content":{"rendered":"[vc_row type=&#8221;in_container&#8221; full_screen_row_position=&#8221;middle&#8221; column_margin=&#8221;default&#8221; column_direction=&#8221;default&#8221; column_direction_tablet=&#8221;default&#8221; column_direction_phone=&#8221;default&#8221; scene_position=&#8221;center&#8221; text_color=&#8221;dark&#8221; text_align=&#8221;left&#8221; row_border_radius=&#8221;none&#8221; row_border_radius_applies=&#8221;bg&#8221; overlay_strength=&#8221;0.3&#8243; gradient_direction=&#8221;left_to_right&#8221; shape_divider_position=&#8221;bottom&#8221; bg_image_animation=&#8221;none&#8221;][vc_column column_padding=&#8221;no-extra-padding&#8221; column_padding_tablet=&#8221;inherit&#8221; column_padding_phone=&#8221;inherit&#8221; column_padding_position=&#8221;all&#8221; column_element_spacing=&#8221;default&#8221; background_color_opacity=&#8221;1&#8243; background_hover_color_opacity=&#8221;1&#8243; column_shadow=&#8221;none&#8221; column_border_radius=&#8221;none&#8221; column_link_target=&#8221;_self&#8221; gradient_direction=&#8221;left_to_right&#8221; overlay_strength=&#8221;0.3&#8243; width=&#8221;1\/1&#8243; tablet_width_inherit=&#8221;default&#8221; tablet_text_alignment=&#8221;default&#8221; phone_text_alignment=&#8221;default&#8221; bg_image_animation=&#8221;none&#8221; border_type=&#8221;simple&#8221; column_border_width=&#8221;none&#8221; column_border_style=&#8221;solid&#8221;][vc_column_text]Responsibility Europe est le label au service des entreprises et organisations souhaitant donner \u00e0 leurs engagements sociaux et environnementaux une reconnaissance internationale. Cr\u00e9\u00e9 \u00e0 l\u2019initiative du Groupe AFNOR (France), de l\u2019INDR (Luxembourg) et d\u2019Ecoparc (Suisse), Responsibility Europe r\u00e9unit des labels RSE de premier plan, exigeants et pragmatiques, d\u00e9montrant une vraie valeur ajout\u00e9e et contribuant aux Objectifs de d\u00e9veloppement durable (ODD) de l\u2019ONU.<\/p>\n<p>Face \u00e0 la multiplicit\u00e9 des labels en mati\u00e8re de responsabilit\u00e9 soci\u00e9tale des entreprises et des travaux en cours sur le reporting d\u2019informations non financi\u00e8res, il est devenu indispensable de donner une meilleure lisibilit\u00e9 et un positionnement plus affirm\u00e9 aux entreprises et organisations labellis\u00e9es RSE qui vont au-del\u00e0 de d\u00e9marches d\u2019auto\u00e9valuation, de rating, de reporting ou de bilans sectoriels.<\/p>\n<p>Un webinaire pr\u00e9sentant ce nouveau label international aura lieu avec la participation de Monsieur Franz Fayot, Ministre de l\u2019Economie, Luxembourg :<\/p>\n<h3><\/h3>\n<h3>Programme<\/h3>\n<ul>\n<li>Pr\u00e9sentation de la nouvelle association Responsibility Europe (RE) par son pr\u00e9sident Alain Jounot<\/li>\n<li>Message de Monsieur Franz Fayot, Ministre de l\u2019\u00c9conomie, Luxembourg<\/li>\n<li>Intervention de Monsieur Marc Lauer, Pr\u00e9sident de l\u2019INDR, Luxembourg<\/li>\n<li>Pr\u00e9sentation de l\u2019INDR et de son label ESR \u2013 ENTREPRISE RESPONSABLE \u2013 Norman Fisch, Secr\u00e9taire g\u00e9n\u00e9ral, INDR<\/li>\n<li>Pr\u00e9sentation d\u2019Ecoparc et de son label EcoEntreprise \u2013 Alain Guye, Directeur Globalit\u00e9 Management, Suisse<\/li>\n<li>Pr\u00e9sentation de l\u2019AFNOR et de son label Engag\u00e9 RSE \u2013 Alain Jounot, Responsable D\u00e9partement RSE, AFNOR DEVELOPPEMENT, France<\/li>\n<li>Questions \u2013 R\u00e9ponses<\/li>\n<\/ul>\n<h3><\/h3>\n<h3>Inscription<\/h3>\n<p>Pour vous inscrire, veuillez envoyer un simple email \u00e0 <a href=\"mailto:indr@indr.lu\">indr@indr.lu<\/a>. Vous recevrez ensuite un lien pour vous connecter \u00e0 la vid\u00e9oconf\u00e9rence.<\/p>\n<p>Pour en savoir plus\u00a0:\u00a0<a href=\"http:\/\/www.responsibility-europe.org\/\">www.responsibility-europe.org<\/a>[\/vc_column_text][\/vc_column][\/vc_row][vc_row type=&#8221;in_container&#8221; full_screen_row_position=&#8221;middle&#8221; column_margin=&#8221;default&#8221; column_direction=&#8221;default&#8221; column_direction_tablet=&#8221;default&#8221; column_direction_phone=&#8221;default&#8221; scene_position=&#8221;center&#8221; text_color=&#8221;dark&#8221; text_align=&#8221;left&#8221; row_border_radius=&#8221;none&#8221; row_border_radius_applies=&#8221;bg&#8221; overlay_strength=&#8221;0.3&#8243; gradient_direction=&#8221;left_to_right&#8221; shape_divider_position=&#8221;bottom&#8221; bg_image_animation=&#8221;none&#8221;][vc_column column_padding=&#8221;no-extra-padding&#8221; column_padding_tablet=&#8221;inherit&#8221; column_padding_phone=&#8221;inherit&#8221; column_padding_position=&#8221;all&#8221; column_element_spacing=&#8221;default&#8221; background_color_opacity=&#8221;1&#8243; background_hover_color_opacity=&#8221;1&#8243; column_shadow=&#8221;none&#8221; column_border_radius=&#8221;none&#8221; column_link_target=&#8221;_self&#8221; gradient_direction=&#8221;left_to_right&#8221; overlay_strength=&#8221;0.3&#8243; width=&#8221;1\/1&#8243; tablet_width_inherit=&#8221;default&#8221; tablet_text_alignment=&#8221;default&#8221; phone_text_alignment=&#8221;default&#8221; bg_image_animation=&#8221;none&#8221; border_type=&#8221;simple&#8221; column_border_width=&#8221;none&#8221; column_border_style=&#8221;solid&#8221;][nectar_btn size=&#8221;jumbo&#8221; open_new_tab=&#8221;true&#8221; button_style=&#8221;regular&#8221; button_color_2=&#8221;Accent-Color&#8221; icon_family=&#8221;none&#8221; text=&#8221;L&#8217;invitation (PDF)&#8221; url=&#8221;https:\/\/indr.lu\/wp-content\/uploads\/2021\/06\/re-webinaire-lancement-invitation-210629.pdf&#8221;][\/vc_column][\/vc_row]\n","protected":false},"featured_media":12210,"template":"","events_categories":[115],"class_list":{"0":"post-12209","1":"event","2":"type-event","3":"status-publish","4":"has-post-thumbnail","6":"events_categories-conferences"},"acf":[],"yoast_head":"<!-- This site is optimized with the Yoast SEO plugin v27.5 - https:\/\/yoast.com\/product\/yoast-seo-wordpress\/ -->\n<title>Webinaire de lancement officiel du nouveau label RSE europ\u00e9en RESPONSIBILITY EUROPE - INDR<\/title>\n<meta name=\"robots\" content=\"index, follow, max-snippet:-1, max-image-preview:large, max-video-preview:-1\" \/>\n<link rel=\"canonical\" href=\"https:\/\/indr.lu\/fr\/event\/webinaire-de-lancement-officiel-du-nouveau-label-rse-europeen-responsibility-europe\/\" \/>\n<meta property=\"og:locale\" content=\"en_US\" \/>\n<meta property=\"og:type\" content=\"article\" \/>\n<meta property=\"og:title\" content=\"Webinaire de lancement officiel du nouveau label RSE europ\u00e9en RESPONSIBILITY EUROPE - INDR\" \/>\n<meta property=\"og:description\" content=\"[vc_row type=&#8221;in_container&#8221; full_screen_row_position=&#8221;middle&#8221; column_margin=&#8221;default&#8221; column_direction=&#8221;default&#8221; column_direction_tablet=&#8221;default&#8221; column_direction_phone=&#8221;default&#8221; scene_position=&#8221;center&#8221; text_color=&#8221;dark&#8221; text_align=&#8221;left&#8221; row_border_radius=&#8221;none&#8221; row_border_radius_applies=&#8221;bg&#8221; overlay_strength=&#8221;0.3&#8243; gradient_direction=&#8221;left_to_right&#8221; shape_divider_position=&#8221;bottom&#8221; bg_image_animation=&#8221;none&#8221;][vc_column column_padding=&#8221;no-extra-padding&#8221; column_padding_tablet=&#8221;inherit&#8221; column_padding_phone=&#8221;inherit&#8221; column_padding_position=&#8221;all&#8221; column_element_spacing=&#8221;default&#8221; background_color_opacity=&#8221;1&#8243; background_hover_color_opacity=&#8221;1&#8243; column_shadow=&#8221;none&#8221; column_border_radius=&#8221;none&#8221; column_link_target=&#8221;_self&#8221; gradient_direction=&#8221;left_to_right&#8221; overlay_strength=&#8221;0.3&#8243; width=&#8221;1\/1&#8243; tablet_width_inherit=&#8221;default&#8221;...\" \/>\n<meta property=\"og:url\" content=\"https:\/\/indr.lu\/fr\/event\/webinaire-de-lancement-officiel-du-nouveau-label-rse-europeen-responsibility-europe\/\" \/>\n<meta property=\"og:site_name\" content=\"INDR\" \/>\n<meta property=\"article:publisher\" content=\"https:\/\/www.facebook.com\/INDR.lu\" \/>\n<meta property=\"article:modified_time\" content=\"2021-06-22T12:01:10+00:00\" \/>\n<meta property=\"og:image\" content=\"https:\/\/indr.lu\/wp-content\/uploads\/2021\/06\/label-re-rgb-teaser-image-web-webinar-1024x689.png\" \/>\n\t<meta property=\"og:image:width\" content=\"1024\" \/>\n\t<meta property=\"og:image:height\" content=\"689\" \/>\n\t<meta property=\"og:image:type\" content=\"image\/png\" \/>\n<meta name=\"twitter:card\" content=\"summary_large_image\" \/>\n<meta name=\"twitter:label1\" content=\"Est. reading time\" \/>\n\t<meta name=\"twitter:data1\" content=\"3 minutes\" \/>\n<script type=\"application\/ld+json\" class=\"yoast-schema-graph\">{\"@context\":\"https:\\\/\\\/schema.org\",\"@graph\":[{\"@type\":\"WebPage\",\"@id\":\"https:\\\/\\\/indr.lu\\\/fr\\\/event\\\/webinaire-de-lancement-officiel-du-nouveau-label-rse-europeen-responsibility-europe\\\/\",\"url\":\"https:\\\/\\\/indr.lu\\\/fr\\\/event\\\/webinaire-de-lancement-officiel-du-nouveau-label-rse-europeen-responsibility-europe\\\/\",\"name\":\"Webinaire de lancement officiel du nouveau label RSE europ\u00e9en RESPONSIBILITY EUROPE - INDR\",\"isPartOf\":{\"@id\":\"https:\\\/\\\/indr.lu\\\/fr\\\/#website\"},\"primaryImageOfPage\":{\"@id\":\"https:\\\/\\\/indr.lu\\\/fr\\\/event\\\/webinaire-de-lancement-officiel-du-nouveau-label-rse-europeen-responsibility-europe\\\/#primaryimage\"},\"image\":{\"@id\":\"https:\\\/\\\/indr.lu\\\/fr\\\/event\\\/webinaire-de-lancement-officiel-du-nouveau-label-rse-europeen-responsibility-europe\\\/#primaryimage\"},\"thumbnailUrl\":\"https:\\\/\\\/indr.lu\\\/wp-content\\\/uploads\\\/2021\\\/06\\\/label-re-rgb-teaser-image-web-webinar.png\",\"datePublished\":\"2021-06-22T11:59:23+00:00\",\"dateModified\":\"2021-06-22T12:01:10+00:00\",\"breadcrumb\":{\"@id\":\"https:\\\/\\\/indr.lu\\\/fr\\\/event\\\/webinaire-de-lancement-officiel-du-nouveau-label-rse-europeen-responsibility-europe\\\/#breadcrumb\"},\"inLanguage\":\"en-US\",\"potentialAction\":[{\"@type\":\"ReadAction\",\"target\":[\"https:\\\/\\\/indr.lu\\\/fr\\\/event\\\/webinaire-de-lancement-officiel-du-nouveau-label-rse-europeen-responsibility-europe\\\/\"]}]},{\"@type\":\"ImageObject\",\"inLanguage\":\"en-US\",\"@id\":\"https:\\\/\\\/indr.lu\\\/fr\\\/event\\\/webinaire-de-lancement-officiel-du-nouveau-label-rse-europeen-responsibility-europe\\\/#primaryimage\",\"url\":\"https:\\\/\\\/indr.lu\\\/wp-content\\\/uploads\\\/2021\\\/06\\\/label-re-rgb-teaser-image-web-webinar.png\",\"contentUrl\":\"https:\\\/\\\/indr.lu\\\/wp-content\\\/uploads\\\/2021\\\/06\\\/label-re-rgb-teaser-image-web-webinar.png\",\"width\":2600,\"height\":1750},{\"@type\":\"BreadcrumbList\",\"@id\":\"https:\\\/\\\/indr.lu\\\/fr\\\/event\\\/webinaire-de-lancement-officiel-du-nouveau-label-rse-europeen-responsibility-europe\\\/#breadcrumb\",\"itemListElement\":[{\"@type\":\"ListItem\",\"position\":1,\"name\":\"Home\",\"item\":\"https:\\\/\\\/indr.lu\\\/fr\\\/\"},{\"@type\":\"ListItem\",\"position\":2,\"name\":\"Webinaire de lancement officiel du nouveau label RSE europ\u00e9en RESPONSIBILITY EUROPE\"}]},{\"@type\":\"WebSite\",\"@id\":\"https:\\\/\\\/indr.lu\\\/fr\\\/#website\",\"url\":\"https:\\\/\\\/indr.lu\\\/fr\\\/\",\"name\":\"INDR\",\"description\":\"Institut National pour le D\u00e9veloppement durable et la Responsabilit\u00e9 sociale des entreprises\",\"publisher\":{\"@id\":\"https:\\\/\\\/indr.lu\\\/fr\\\/#organization\"},\"potentialAction\":[{\"@type\":\"SearchAction\",\"target\":{\"@type\":\"EntryPoint\",\"urlTemplate\":\"https:\\\/\\\/indr.lu\\\/fr\\\/?s={search_term_string}\"},\"query-input\":{\"@type\":\"PropertyValueSpecification\",\"valueRequired\":true,\"valueName\":\"search_term_string\"}}],\"inLanguage\":\"en-US\"},{\"@type\":\"Organization\",\"@id\":\"https:\\\/\\\/indr.lu\\\/fr\\\/#organization\",\"name\":\"INDR\",\"alternateName\":\"L\u2019Institut National pour le D\u00e9veloppement durable et la Responsabilit\u00e9 sociale des entreprises\",\"url\":\"https:\\\/\\\/indr.lu\\\/fr\\\/\",\"logo\":{\"@type\":\"ImageObject\",\"inLanguage\":\"en-US\",\"@id\":\"https:\\\/\\\/indr.lu\\\/fr\\\/#\\\/schema\\\/logo\\\/image\\\/\",\"url\":\"https:\\\/\\\/indr.lu\\\/wp-content\\\/uploads\\\/2021\\\/04\\\/indr-logo.svg\",\"contentUrl\":\"https:\\\/\\\/indr.lu\\\/wp-content\\\/uploads\\\/2021\\\/04\\\/indr-logo.svg\",\"width\":\"1024\",\"height\":\"1024\",\"caption\":\"INDR\"},\"image\":{\"@id\":\"https:\\\/\\\/indr.lu\\\/fr\\\/#\\\/schema\\\/logo\\\/image\\\/\"},\"sameAs\":[\"https:\\\/\\\/www.facebook.com\\\/INDR.lu\",\"https:\\\/\\\/www.linkedin.com\\\/company\\\/indr---institut-national-pour-le-d-veloppement-durable-et-la-responsabilit-des-entreprises\\\/\"]}]}<\/script>\n<!-- \/ Yoast SEO plugin. -->","yoast_head_json":{"title":"Webinaire de lancement officiel du nouveau label RSE europ\u00e9en RESPONSIBILITY EUROPE - INDR","robots":{"index":"index","follow":"follow","max-snippet":"max-snippet:-1","max-image-preview":"max-image-preview:large","max-video-preview":"max-video-preview:-1"},"canonical":"https:\/\/indr.lu\/fr\/event\/webinaire-de-lancement-officiel-du-nouveau-label-rse-europeen-responsibility-europe\/","og_locale":"en_US","og_type":"article","og_title":"Webinaire de lancement officiel du nouveau label RSE europ\u00e9en RESPONSIBILITY EUROPE - INDR","og_description":"[vc_row type=&#8221;in_container&#8221; full_screen_row_position=&#8221;middle&#8221; column_margin=&#8221;default&#8221; column_direction=&#8221;default&#8221; column_direction_tablet=&#8221;default&#8221; column_direction_phone=&#8221;default&#8221; scene_position=&#8221;center&#8221; text_color=&#8221;dark&#8221; text_align=&#8221;left&#8221; row_border_radius=&#8221;none&#8221; row_border_radius_applies=&#8221;bg&#8221; overlay_strength=&#8221;0.3&#8243; gradient_direction=&#8221;left_to_right&#8221; shape_divider_position=&#8221;bottom&#8221; bg_image_animation=&#8221;none&#8221;][vc_column column_padding=&#8221;no-extra-padding&#8221; column_padding_tablet=&#8221;inherit&#8221; column_padding_phone=&#8221;inherit&#8221; column_padding_position=&#8221;all&#8221; column_element_spacing=&#8221;default&#8221; background_color_opacity=&#8221;1&#8243; background_hover_color_opacity=&#8221;1&#8243; column_shadow=&#8221;none&#8221; column_border_radius=&#8221;none&#8221; column_link_target=&#8221;_self&#8221; gradient_direction=&#8221;left_to_right&#8221; overlay_strength=&#8221;0.3&#8243; width=&#8221;1\/1&#8243; tablet_width_inherit=&#8221;default&#8221;...","og_url":"https:\/\/indr.lu\/fr\/event\/webinaire-de-lancement-officiel-du-nouveau-label-rse-europeen-responsibility-europe\/","og_site_name":"INDR","article_publisher":"https:\/\/www.facebook.com\/INDR.lu","article_modified_time":"2021-06-22T12:01:10+00:00","og_image":[{"width":1024,"height":689,"url":"https:\/\/indr.lu\/wp-content\/uploads\/2021\/06\/label-re-rgb-teaser-image-web-webinar-1024x689.png","type":"image\/png"}],"twitter_card":"summary_large_image","twitter_misc":{"Est. reading time":"3 minutes"},"schema":{"@context":"https:\/\/schema.org","@graph":[{"@type":"WebPage","@id":"https:\/\/indr.lu\/fr\/event\/webinaire-de-lancement-officiel-du-nouveau-label-rse-europeen-responsibility-europe\/","url":"https:\/\/indr.lu\/fr\/event\/webinaire-de-lancement-officiel-du-nouveau-label-rse-europeen-responsibility-europe\/","name":"Webinaire de lancement officiel du nouveau label RSE europ\u00e9en RESPONSIBILITY EUROPE - INDR","isPartOf":{"@id":"https:\/\/indr.lu\/fr\/#website"},"primaryImageOfPage":{"@id":"https:\/\/indr.lu\/fr\/event\/webinaire-de-lancement-officiel-du-nouveau-label-rse-europeen-responsibility-europe\/#primaryimage"},"image":{"@id":"https:\/\/indr.lu\/fr\/event\/webinaire-de-lancement-officiel-du-nouveau-label-rse-europeen-responsibility-europe\/#primaryimage"},"thumbnailUrl":"https:\/\/indr.lu\/wp-content\/uploads\/2021\/06\/label-re-rgb-teaser-image-web-webinar.png","datePublished":"2021-06-22T11:59:23+00:00","dateModified":"2021-06-22T12:01:10+00:00","breadcrumb":{"@id":"https:\/\/indr.lu\/fr\/event\/webinaire-de-lancement-officiel-du-nouveau-label-rse-europeen-responsibility-europe\/#breadcrumb"},"inLanguage":"en-US","potentialAction":[{"@type":"ReadAction","target":["https:\/\/indr.lu\/fr\/event\/webinaire-de-lancement-officiel-du-nouveau-label-rse-europeen-responsibility-europe\/"]}]},{"@type":"ImageObject","inLanguage":"en-US","@id":"https:\/\/indr.lu\/fr\/event\/webinaire-de-lancement-officiel-du-nouveau-label-rse-europeen-responsibility-europe\/#primaryimage","url":"https:\/\/indr.lu\/wp-content\/uploads\/2021\/06\/label-re-rgb-teaser-image-web-webinar.png","contentUrl":"https:\/\/indr.lu\/wp-content\/uploads\/2021\/06\/label-re-rgb-teaser-image-web-webinar.png","width":2600,"height":1750},{"@type":"BreadcrumbList","@id":"https:\/\/indr.lu\/fr\/event\/webinaire-de-lancement-officiel-du-nouveau-label-rse-europeen-responsibility-europe\/#breadcrumb","itemListElement":[{"@type":"ListItem","position":1,"name":"Home","item":"https:\/\/indr.lu\/fr\/"},{"@type":"ListItem","position":2,"name":"Webinaire de lancement officiel du nouveau label RSE europ\u00e9en RESPONSIBILITY EUROPE"}]},{"@type":"WebSite","@id":"https:\/\/indr.lu\/fr\/#website","url":"https:\/\/indr.lu\/fr\/","name":"INDR","description":"Institut National pour le D\u00e9veloppement durable et la Responsabilit\u00e9 sociale des entreprises","publisher":{"@id":"https:\/\/indr.lu\/fr\/#organization"},"potentialAction":[{"@type":"SearchAction","target":{"@type":"EntryPoint","urlTemplate":"https:\/\/indr.lu\/fr\/?s={search_term_string}"},"query-input":{"@type":"PropertyValueSpecification","valueRequired":true,"valueName":"search_term_string"}}],"inLanguage":"en-US"},{"@type":"Organization","@id":"https:\/\/indr.lu\/fr\/#organization","name":"INDR","alternateName":"L\u2019Institut National pour le D\u00e9veloppement durable et la Responsabilit\u00e9 sociale des entreprises","url":"https:\/\/indr.lu\/fr\/","logo":{"@type":"ImageObject","inLanguage":"en-US","@id":"https:\/\/indr.lu\/fr\/#\/schema\/logo\/image\/","url":"https:\/\/indr.lu\/wp-content\/uploads\/2021\/04\/indr-logo.svg","contentUrl":"https:\/\/indr.lu\/wp-content\/uploads\/2021\/04\/indr-logo.svg","width":"1024","height":"1024","caption":"INDR"},"image":{"@id":"https:\/\/indr.lu\/fr\/#\/schema\/logo\/image\/"},"sameAs":["https:\/\/www.facebook.com\/INDR.lu","https:\/\/www.linkedin.com\/company\/indr---institut-national-pour-le-d-veloppement-durable-et-la-responsabilit-des-entreprises\/"]}]}},"_links":{"self":[{"href":"https:\/\/indr.lu\/en\/wp-json\/wp\/v2\/event\/12209","targetHints":{"allow":["GET"]}}],"collection":[{"href":"https:\/\/indr.lu\/en\/wp-json\/wp\/v2\/event"}],"about":[{"href":"https:\/\/indr.lu\/en\/wp-json\/wp\/v2\/types\/event"}],"wp:featuredmedia":[{"embeddable":true,"href":"https:\/\/indr.lu\/en\/wp-json\/wp\/v2\/media\/12210"}],"wp:attachment":[{"href":"https:\/\/indr.lu\/en\/wp-json\/wp\/v2\/media?parent=12209"}],"wp:term":[{"taxonomy":"events_categories","embeddable":true,"href":"https:\/\/indr.lu\/en\/wp-json\/wp\/v2\/events_categories?post=12209"}],"curies":[{"name":"wp","href":"https:\/\/api.w.org\/{rel}","templated":true}]}}