{"id":12943,"date":"2021-10-18T12:40:55","date_gmt":"2021-10-18T12:40:55","guid":{"rendered":"https:\/\/indr.lu\/?post_type=event&#038;p=12943"},"modified":"2021-10-18T12:58:49","modified_gmt":"2021-10-18T12:58:49","slug":"soiree-prix-luxembourgeois-de-la-qualite-et-de-lexcellence-edition-2021","status":"publish","type":"event","link":"https:\/\/indr.lu\/en\/event\/soiree-prix-luxembourgeois-de-la-qualite-et-de-lexcellence-edition-2021\/","title":{"rendered":"Soir\u00e9e &#8220;Prix luxembourgeois de la Qualit\u00e9 et de l&#8217;Excellence&#8221; &#8211; Edition 2021"},"content":{"rendered":"[vc_row type=&#8221;in_container&#8221; full_screen_row_position=&#8221;middle&#8221; column_margin=&#8221;default&#8221; column_direction=&#8221;default&#8221; column_direction_tablet=&#8221;default&#8221; column_direction_phone=&#8221;default&#8221; scene_position=&#8221;center&#8221; text_color=&#8221;dark&#8221; text_align=&#8221;left&#8221; row_border_radius=&#8221;none&#8221; row_border_radius_applies=&#8221;bg&#8221; overlay_strength=&#8221;0.3&#8243; gradient_direction=&#8221;left_to_right&#8221; shape_divider_position=&#8221;bottom&#8221; bg_image_animation=&#8221;none&#8221;][vc_column column_padding=&#8221;no-extra-padding&#8221; column_padding_tablet=&#8221;inherit&#8221; column_padding_phone=&#8221;inherit&#8221; column_padding_position=&#8221;all&#8221; column_element_spacing=&#8221;default&#8221; background_color_opacity=&#8221;1&#8243; background_hover_color_opacity=&#8221;1&#8243; column_shadow=&#8221;none&#8221; column_border_radius=&#8221;none&#8221; column_link_target=&#8221;_self&#8221; gradient_direction=&#8221;left_to_right&#8221; overlay_strength=&#8221;0.3&#8243; width=&#8221;1\/1&#8243; tablet_width_inherit=&#8221;default&#8221; tablet_text_alignment=&#8221;default&#8221; phone_text_alignment=&#8221;default&#8221; bg_image_animation=&#8221;none&#8221; border_type=&#8221;simple&#8221; column_border_width=&#8221;none&#8221; column_border_style=&#8221;solid&#8221;][image_with_animation image_url=&#8221;12944&#8243; animation=&#8221;Fade In&#8221; hover_animation=&#8221;none&#8221; alignment=&#8221;&#8221; img_link_target=&#8221;_blank&#8221; border_radius=&#8221;none&#8221; box_shadow=&#8221;none&#8221; image_loading=&#8221;default&#8221; max_width=&#8221;100%&#8221; max_width_mobile=&#8221;default&#8221; el_class=&#8221;no-scale&#8221; img_link=&#8221;https:\/\/www.mlqe.lu\/event\/gala-plqe-2021\/&#8221;][vc_column_text]\n<p class=\"introtext\">Le 25 novembre, c&#8217;est \u00e0 nouveau l&#8217;heure de la remise solennelle du &#8220;Prix luxembourgeois de la Qualit\u00e9 et de l&#8217;Excellence&#8221; (PLQE).<\/p>\n<p>Depuis 2004, ce prix est devenu LE rendez-vous annuel de tous ceux pour qui la qualit\u00e9 et l&#8217;am\u00e9lioration continue des produits, des performances et de la satisfaction des clients sont au c\u0153ur de leur travail quotidien.<\/p>\n<p>Au cours de cette soir\u00e9e de gala, des entreprises de diff\u00e9rents secteurs seront r\u00e9compens\u00e9es pour leurs performances exceptionnelles. Et l&#8217;une d&#8217;entre elles sera peut-\u00eatre m\u00eame distingu\u00e9e par le &#8220;Luxembourg Excellence Award 2021&#8243;.<\/p>\n<p>Quelles seront ces entreprises ? Vous le d\u00e9couvrirez le 25 novembre \u00e0 partir de 18h00 dans les locaux de la Chambre de Commerce. Venez nombreux soutenir les entreprises participantes !<\/p>\n<p>Cette soir\u00e9e vous permettra aussi d&#8217;en savoir plus sur le MLQE et ses missions, les partenaires et les Prix luxembourgeois de la Qualit\u00e9 et de l&#8217;Excellence.<\/p>\n<p>Peut-\u00eatre seriez-vous interess\u00e9s pour le prix 2022 ?[\/vc_column_text][\/vc_column][\/vc_row][vc_row type=&#8221;in_container&#8221; full_screen_row_position=&#8221;middle&#8221; column_margin=&#8221;default&#8221; column_direction=&#8221;default&#8221; column_direction_tablet=&#8221;default&#8221; column_direction_phone=&#8221;default&#8221; scene_position=&#8221;center&#8221; text_color=&#8221;dark&#8221; text_align=&#8221;left&#8221; row_border_radius=&#8221;none&#8221; row_border_radius_applies=&#8221;bg&#8221; overlay_strength=&#8221;0.3&#8243; gradient_direction=&#8221;left_to_right&#8221; shape_divider_position=&#8221;bottom&#8221; bg_image_animation=&#8221;none&#8221;][vc_column column_padding=&#8221;no-extra-padding&#8221; column_padding_tablet=&#8221;inherit&#8221; column_padding_phone=&#8221;inherit&#8221; column_padding_position=&#8221;all&#8221; column_element_spacing=&#8221;default&#8221; background_color_opacity=&#8221;1&#8243; background_hover_color_opacity=&#8221;1&#8243; column_shadow=&#8221;none&#8221; column_border_radius=&#8221;none&#8221; column_link_target=&#8221;_self&#8221; gradient_direction=&#8221;left_to_right&#8221; overlay_strength=&#8221;0.3&#8243; width=&#8221;1\/1&#8243; tablet_width_inherit=&#8221;default&#8221; tablet_text_alignment=&#8221;default&#8221; phone_text_alignment=&#8221;default&#8221; bg_image_animation=&#8221;none&#8221; border_type=&#8221;simple&#8221; column_border_width=&#8221;none&#8221; column_border_style=&#8221;solid&#8221;][nectar_btn size=&#8221;jumbo&#8221; open_new_tab=&#8221;true&#8221; button_style=&#8221;regular&#8221; button_color_2=&#8221;Accent-Color&#8221; icon_family=&#8221;none&#8221; text=&#8221;Informations compl\u00e9mentaires et inscription&#8221; url=&#8221;https:\/\/www.mlqe.lu\/event\/gala-plqe-2021\/&#8221;][\/vc_column][\/vc_row][vc_row type=&#8221;in_container&#8221; full_screen_row_position=&#8221;middle&#8221; column_margin=&#8221;default&#8221; column_direction=&#8221;default&#8221; column_direction_tablet=&#8221;default&#8221; column_direction_phone=&#8221;default&#8221; scene_position=&#8221;center&#8221; text_color=&#8221;dark&#8221; text_align=&#8221;left&#8221; row_border_radius=&#8221;none&#8221; row_border_radius_applies=&#8221;bg&#8221; overlay_strength=&#8221;0.3&#8243; gradient_direction=&#8221;left_to_right&#8221; shape_divider_position=&#8221;bottom&#8221; bg_image_animation=&#8221;none&#8221;][vc_column column_padding=&#8221;no-extra-padding&#8221; column_padding_tablet=&#8221;inherit&#8221; column_padding_phone=&#8221;inherit&#8221; column_padding_position=&#8221;all&#8221; column_element_spacing=&#8221;default&#8221; background_color_opacity=&#8221;1&#8243; background_hover_color_opacity=&#8221;1&#8243; column_shadow=&#8221;none&#8221; column_border_radius=&#8221;none&#8221; column_link_target=&#8221;_self&#8221; gradient_direction=&#8221;left_to_right&#8221; overlay_strength=&#8221;0.3&#8243; width=&#8221;1\/1&#8243; tablet_width_inherit=&#8221;default&#8221; tablet_text_alignment=&#8221;default&#8221; phone_text_alignment=&#8221;default&#8221; bg_image_animation=&#8221;none&#8221; border_type=&#8221;simple&#8221; column_border_width=&#8221;none&#8221; column_border_style=&#8221;solid&#8221;][\/vc_column][\/vc_row]\n","protected":false},"featured_media":12944,"template":"","events_categories":[115],"class_list":{"0":"post-12943","1":"event","2":"type-event","3":"status-publish","4":"has-post-thumbnail","6":"events_categories-conferences"},"acf":[],"yoast_head":"<!-- This site is optimized with the Yoast SEO plugin v27.5 - https:\/\/yoast.com\/product\/yoast-seo-wordpress\/ -->\n<title>Soir\u00e9e &quot;Prix luxembourgeois de la Qualit\u00e9 et de l&#039;Excellence&quot; - Edition 2021 - INDR<\/title>\n<meta name=\"robots\" content=\"index, follow, max-snippet:-1, max-image-preview:large, max-video-preview:-1\" \/>\n<link rel=\"canonical\" href=\"https:\/\/indr.lu\/fr\/event\/soiree-prix-luxembourgeois-de-la-qualite-et-de-lexcellence-edition-2021\/\" \/>\n<meta property=\"og:locale\" content=\"en_US\" \/>\n<meta property=\"og:type\" content=\"article\" \/>\n<meta property=\"og:title\" content=\"Soir\u00e9e &quot;Prix luxembourgeois de la Qualit\u00e9 et de l&#039;Excellence&quot; - Edition 2021 - INDR\" \/>\n<meta property=\"og:description\" content=\"[vc_row type=&#8221;in_container&#8221; full_screen_row_position=&#8221;middle&#8221; column_margin=&#8221;default&#8221; column_direction=&#8221;default&#8221; column_direction_tablet=&#8221;default&#8221; column_direction_phone=&#8221;default&#8221; scene_position=&#8221;center&#8221; text_color=&#8221;dark&#8221; text_align=&#8221;left&#8221; row_border_radius=&#8221;none&#8221; row_border_radius_applies=&#8221;bg&#8221; overlay_strength=&#8221;0.3&#8243; gradient_direction=&#8221;left_to_right&#8221; shape_divider_position=&#8221;bottom&#8221; bg_image_animation=&#8221;none&#8221;][vc_column column_padding=&#8221;no-extra-padding&#8221; column_padding_tablet=&#8221;inherit&#8221; column_padding_phone=&#8221;inherit&#8221; column_padding_position=&#8221;all&#8221; column_element_spacing=&#8221;default&#8221; background_color_opacity=&#8221;1&#8243; background_hover_color_opacity=&#8221;1&#8243; column_shadow=&#8221;none&#8221; column_border_radius=&#8221;none&#8221; column_link_target=&#8221;_self&#8221; gradient_direction=&#8221;left_to_right&#8221; overlay_strength=&#8221;0.3&#8243; width=&#8221;1\/1&#8243; tablet_width_inherit=&#8221;default&#8221;...\" \/>\n<meta property=\"og:url\" content=\"https:\/\/indr.lu\/fr\/event\/soiree-prix-luxembourgeois-de-la-qualite-et-de-lexcellence-edition-2021\/\" \/>\n<meta property=\"og:site_name\" content=\"INDR\" \/>\n<meta property=\"article:publisher\" content=\"https:\/\/www.facebook.com\/INDR.lu\" \/>\n<meta property=\"article:modified_time\" content=\"2021-10-18T12:58:49+00:00\" \/>\n<meta property=\"og:image\" content=\"https:\/\/indr.lu\/wp-content\/uploads\/2021\/10\/plqe-2021-save-the-date-cc-cadre-850x600-1.jpg\" \/>\n\t<meta property=\"og:image:width\" content=\"850\" \/>\n\t<meta property=\"og:image:height\" content=\"599\" \/>\n\t<meta property=\"og:image:type\" content=\"image\/jpeg\" \/>\n<meta name=\"twitter:card\" content=\"summary_large_image\" \/>\n<meta name=\"twitter:label1\" content=\"Est. reading time\" \/>\n\t<meta name=\"twitter:data1\" content=\"3 minutes\" \/>\n<script type=\"application\/ld+json\" class=\"yoast-schema-graph\">{\"@context\":\"https:\\\/\\\/schema.org\",\"@graph\":[{\"@type\":\"WebPage\",\"@id\":\"https:\\\/\\\/indr.lu\\\/fr\\\/event\\\/soiree-prix-luxembourgeois-de-la-qualite-et-de-lexcellence-edition-2021\\\/\",\"url\":\"https:\\\/\\\/indr.lu\\\/fr\\\/event\\\/soiree-prix-luxembourgeois-de-la-qualite-et-de-lexcellence-edition-2021\\\/\",\"name\":\"Soir\u00e9e \\\"Prix luxembourgeois de la Qualit\u00e9 et de l'Excellence\\\" - Edition 2021 - INDR\",\"isPartOf\":{\"@id\":\"https:\\\/\\\/indr.lu\\\/fr\\\/#website\"},\"primaryImageOfPage\":{\"@id\":\"https:\\\/\\\/indr.lu\\\/fr\\\/event\\\/soiree-prix-luxembourgeois-de-la-qualite-et-de-lexcellence-edition-2021\\\/#primaryimage\"},\"image\":{\"@id\":\"https:\\\/\\\/indr.lu\\\/fr\\\/event\\\/soiree-prix-luxembourgeois-de-la-qualite-et-de-lexcellence-edition-2021\\\/#primaryimage\"},\"thumbnailUrl\":\"https:\\\/\\\/indr.lu\\\/wp-content\\\/uploads\\\/2021\\\/10\\\/plqe-2021-save-the-date-cc-cadre-850x600-1.jpg\",\"datePublished\":\"2021-10-18T12:40:55+00:00\",\"dateModified\":\"2021-10-18T12:58:49+00:00\",\"breadcrumb\":{\"@id\":\"https:\\\/\\\/indr.lu\\\/fr\\\/event\\\/soiree-prix-luxembourgeois-de-la-qualite-et-de-lexcellence-edition-2021\\\/#breadcrumb\"},\"inLanguage\":\"en-US\",\"potentialAction\":[{\"@type\":\"ReadAction\",\"target\":[\"https:\\\/\\\/indr.lu\\\/fr\\\/event\\\/soiree-prix-luxembourgeois-de-la-qualite-et-de-lexcellence-edition-2021\\\/\"]}]},{\"@type\":\"ImageObject\",\"inLanguage\":\"en-US\",\"@id\":\"https:\\\/\\\/indr.lu\\\/fr\\\/event\\\/soiree-prix-luxembourgeois-de-la-qualite-et-de-lexcellence-edition-2021\\\/#primaryimage\",\"url\":\"https:\\\/\\\/indr.lu\\\/wp-content\\\/uploads\\\/2021\\\/10\\\/plqe-2021-save-the-date-cc-cadre-850x600-1.jpg\",\"contentUrl\":\"https:\\\/\\\/indr.lu\\\/wp-content\\\/uploads\\\/2021\\\/10\\\/plqe-2021-save-the-date-cc-cadre-850x600-1.jpg\",\"width\":850,\"height\":599},{\"@type\":\"BreadcrumbList\",\"@id\":\"https:\\\/\\\/indr.lu\\\/fr\\\/event\\\/soiree-prix-luxembourgeois-de-la-qualite-et-de-lexcellence-edition-2021\\\/#breadcrumb\",\"itemListElement\":[{\"@type\":\"ListItem\",\"position\":1,\"name\":\"Home\",\"item\":\"https:\\\/\\\/indr.lu\\\/fr\\\/\"},{\"@type\":\"ListItem\",\"position\":2,\"name\":\"Soir\u00e9e &#8220;Prix luxembourgeois de la Qualit\u00e9 et de l&#8217;Excellence&#8221; &#8211; Edition 2021\"}]},{\"@type\":\"WebSite\",\"@id\":\"https:\\\/\\\/indr.lu\\\/fr\\\/#website\",\"url\":\"https:\\\/\\\/indr.lu\\\/fr\\\/\",\"name\":\"INDR\",\"description\":\"Institut National pour le D\u00e9veloppement durable et la Responsabilit\u00e9 sociale des entreprises\",\"publisher\":{\"@id\":\"https:\\\/\\\/indr.lu\\\/fr\\\/#organization\"},\"potentialAction\":[{\"@type\":\"SearchAction\",\"target\":{\"@type\":\"EntryPoint\",\"urlTemplate\":\"https:\\\/\\\/indr.lu\\\/fr\\\/?s={search_term_string}\"},\"query-input\":{\"@type\":\"PropertyValueSpecification\",\"valueRequired\":true,\"valueName\":\"search_term_string\"}}],\"inLanguage\":\"en-US\"},{\"@type\":\"Organization\",\"@id\":\"https:\\\/\\\/indr.lu\\\/fr\\\/#organization\",\"name\":\"INDR\",\"alternateName\":\"L\u2019Institut National pour le D\u00e9veloppement durable et la Responsabilit\u00e9 sociale des entreprises\",\"url\":\"https:\\\/\\\/indr.lu\\\/fr\\\/\",\"logo\":{\"@type\":\"ImageObject\",\"inLanguage\":\"en-US\",\"@id\":\"https:\\\/\\\/indr.lu\\\/fr\\\/#\\\/schema\\\/logo\\\/image\\\/\",\"url\":\"https:\\\/\\\/indr.lu\\\/wp-content\\\/uploads\\\/2021\\\/04\\\/indr-logo.svg\",\"contentUrl\":\"https:\\\/\\\/indr.lu\\\/wp-content\\\/uploads\\\/2021\\\/04\\\/indr-logo.svg\",\"width\":\"1024\",\"height\":\"1024\",\"caption\":\"INDR\"},\"image\":{\"@id\":\"https:\\\/\\\/indr.lu\\\/fr\\\/#\\\/schema\\\/logo\\\/image\\\/\"},\"sameAs\":[\"https:\\\/\\\/www.facebook.com\\\/INDR.lu\",\"https:\\\/\\\/www.linkedin.com\\\/company\\\/indr---institut-national-pour-le-d-veloppement-durable-et-la-responsabilit-des-entreprises\\\/\"]}]}<\/script>\n<!-- \/ Yoast SEO plugin. -->","yoast_head_json":{"title":"Soir\u00e9e \"Prix luxembourgeois de la Qualit\u00e9 et de l'Excellence\" - Edition 2021 - INDR","robots":{"index":"index","follow":"follow","max-snippet":"max-snippet:-1","max-image-preview":"max-image-preview:large","max-video-preview":"max-video-preview:-1"},"canonical":"https:\/\/indr.lu\/fr\/event\/soiree-prix-luxembourgeois-de-la-qualite-et-de-lexcellence-edition-2021\/","og_locale":"en_US","og_type":"article","og_title":"Soir\u00e9e \"Prix luxembourgeois de la Qualit\u00e9 et de l'Excellence\" - Edition 2021 - INDR","og_description":"[vc_row type=&#8221;in_container&#8221; full_screen_row_position=&#8221;middle&#8221; column_margin=&#8221;default&#8221; column_direction=&#8221;default&#8221; column_direction_tablet=&#8221;default&#8221; column_direction_phone=&#8221;default&#8221; scene_position=&#8221;center&#8221; text_color=&#8221;dark&#8221; text_align=&#8221;left&#8221; row_border_radius=&#8221;none&#8221; row_border_radius_applies=&#8221;bg&#8221; overlay_strength=&#8221;0.3&#8243; gradient_direction=&#8221;left_to_right&#8221; shape_divider_position=&#8221;bottom&#8221; bg_image_animation=&#8221;none&#8221;][vc_column column_padding=&#8221;no-extra-padding&#8221; column_padding_tablet=&#8221;inherit&#8221; column_padding_phone=&#8221;inherit&#8221; column_padding_position=&#8221;all&#8221; column_element_spacing=&#8221;default&#8221; background_color_opacity=&#8221;1&#8243; background_hover_color_opacity=&#8221;1&#8243; column_shadow=&#8221;none&#8221; column_border_radius=&#8221;none&#8221; column_link_target=&#8221;_self&#8221; gradient_direction=&#8221;left_to_right&#8221; overlay_strength=&#8221;0.3&#8243; width=&#8221;1\/1&#8243; tablet_width_inherit=&#8221;default&#8221;...","og_url":"https:\/\/indr.lu\/fr\/event\/soiree-prix-luxembourgeois-de-la-qualite-et-de-lexcellence-edition-2021\/","og_site_name":"INDR","article_publisher":"https:\/\/www.facebook.com\/INDR.lu","article_modified_time":"2021-10-18T12:58:49+00:00","og_image":[{"width":850,"height":599,"url":"https:\/\/indr.lu\/wp-content\/uploads\/2021\/10\/plqe-2021-save-the-date-cc-cadre-850x600-1.jpg","type":"image\/jpeg"}],"twitter_card":"summary_large_image","twitter_misc":{"Est. reading time":"3 minutes"},"schema":{"@context":"https:\/\/schema.org","@graph":[{"@type":"WebPage","@id":"https:\/\/indr.lu\/fr\/event\/soiree-prix-luxembourgeois-de-la-qualite-et-de-lexcellence-edition-2021\/","url":"https:\/\/indr.lu\/fr\/event\/soiree-prix-luxembourgeois-de-la-qualite-et-de-lexcellence-edition-2021\/","name":"Soir\u00e9e \"Prix luxembourgeois de la Qualit\u00e9 et de l'Excellence\" - Edition 2021 - INDR","isPartOf":{"@id":"https:\/\/indr.lu\/fr\/#website"},"primaryImageOfPage":{"@id":"https:\/\/indr.lu\/fr\/event\/soiree-prix-luxembourgeois-de-la-qualite-et-de-lexcellence-edition-2021\/#primaryimage"},"image":{"@id":"https:\/\/indr.lu\/fr\/event\/soiree-prix-luxembourgeois-de-la-qualite-et-de-lexcellence-edition-2021\/#primaryimage"},"thumbnailUrl":"https:\/\/indr.lu\/wp-content\/uploads\/2021\/10\/plqe-2021-save-the-date-cc-cadre-850x600-1.jpg","datePublished":"2021-10-18T12:40:55+00:00","dateModified":"2021-10-18T12:58:49+00:00","breadcrumb":{"@id":"https:\/\/indr.lu\/fr\/event\/soiree-prix-luxembourgeois-de-la-qualite-et-de-lexcellence-edition-2021\/#breadcrumb"},"inLanguage":"en-US","potentialAction":[{"@type":"ReadAction","target":["https:\/\/indr.lu\/fr\/event\/soiree-prix-luxembourgeois-de-la-qualite-et-de-lexcellence-edition-2021\/"]}]},{"@type":"ImageObject","inLanguage":"en-US","@id":"https:\/\/indr.lu\/fr\/event\/soiree-prix-luxembourgeois-de-la-qualite-et-de-lexcellence-edition-2021\/#primaryimage","url":"https:\/\/indr.lu\/wp-content\/uploads\/2021\/10\/plqe-2021-save-the-date-cc-cadre-850x600-1.jpg","contentUrl":"https:\/\/indr.lu\/wp-content\/uploads\/2021\/10\/plqe-2021-save-the-date-cc-cadre-850x600-1.jpg","width":850,"height":599},{"@type":"BreadcrumbList","@id":"https:\/\/indr.lu\/fr\/event\/soiree-prix-luxembourgeois-de-la-qualite-et-de-lexcellence-edition-2021\/#breadcrumb","itemListElement":[{"@type":"ListItem","position":1,"name":"Home","item":"https:\/\/indr.lu\/fr\/"},{"@type":"ListItem","position":2,"name":"Soir\u00e9e &#8220;Prix luxembourgeois de la Qualit\u00e9 et de l&#8217;Excellence&#8221; &#8211; Edition 2021"}]},{"@type":"WebSite","@id":"https:\/\/indr.lu\/fr\/#website","url":"https:\/\/indr.lu\/fr\/","name":"INDR","description":"Institut National pour le D\u00e9veloppement durable et la Responsabilit\u00e9 sociale des entreprises","publisher":{"@id":"https:\/\/indr.lu\/fr\/#organization"},"potentialAction":[{"@type":"SearchAction","target":{"@type":"EntryPoint","urlTemplate":"https:\/\/indr.lu\/fr\/?s={search_term_string}"},"query-input":{"@type":"PropertyValueSpecification","valueRequired":true,"valueName":"search_term_string"}}],"inLanguage":"en-US"},{"@type":"Organization","@id":"https:\/\/indr.lu\/fr\/#organization","name":"INDR","alternateName":"L\u2019Institut National pour le D\u00e9veloppement durable et la Responsabilit\u00e9 sociale des entreprises","url":"https:\/\/indr.lu\/fr\/","logo":{"@type":"ImageObject","inLanguage":"en-US","@id":"https:\/\/indr.lu\/fr\/#\/schema\/logo\/image\/","url":"https:\/\/indr.lu\/wp-content\/uploads\/2021\/04\/indr-logo.svg","contentUrl":"https:\/\/indr.lu\/wp-content\/uploads\/2021\/04\/indr-logo.svg","width":"1024","height":"1024","caption":"INDR"},"image":{"@id":"https:\/\/indr.lu\/fr\/#\/schema\/logo\/image\/"},"sameAs":["https:\/\/www.facebook.com\/INDR.lu","https:\/\/www.linkedin.com\/company\/indr---institut-national-pour-le-d-veloppement-durable-et-la-responsabilit-des-entreprises\/"]}]}},"_links":{"self":[{"href":"https:\/\/indr.lu\/en\/wp-json\/wp\/v2\/event\/12943","targetHints":{"allow":["GET"]}}],"collection":[{"href":"https:\/\/indr.lu\/en\/wp-json\/wp\/v2\/event"}],"about":[{"href":"https:\/\/indr.lu\/en\/wp-json\/wp\/v2\/types\/event"}],"wp:featuredmedia":[{"embeddable":true,"href":"https:\/\/indr.lu\/en\/wp-json\/wp\/v2\/media\/12944"}],"wp:attachment":[{"href":"https:\/\/indr.lu\/en\/wp-json\/wp\/v2\/media?parent=12943"}],"wp:term":[{"taxonomy":"events_categories","embeddable":true,"href":"https:\/\/indr.lu\/en\/wp-json\/wp\/v2\/events_categories?post=12943"}],"curies":[{"name":"wp","href":"https:\/\/api.w.org\/{rel}","templated":true}]}}