{"id":4308,"date":"2016-03-24T11:03:39","date_gmt":"2016-03-24T10:03:39","guid":{"rendered":"http:\/\/indr.lu\/?p=4308"},"modified":"2021-06-04T13:57:34","modified_gmt":"2021-06-04T13:57:34","slug":"forum-de-la-securite-et-de-la-sante-au-travail-objectif-vision-zero-2016","status":"publish","type":"event","link":"https:\/\/indr.lu\/en\/event\/forum-de-la-securite-et-de-la-sante-au-travail-objectif-vision-zero-2016\/","title":{"rendered":"Forum de la s\u00e9curit\u00e9 et de la sant\u00e9 au travail 2016"},"content":{"rendered":"[vc_row type=&#8221;in_container&#8221; full_screen_row_position=&#8221;middle&#8221; column_margin=&#8221;default&#8221; column_direction=&#8221;default&#8221; column_direction_tablet=&#8221;default&#8221; column_direction_phone=&#8221;default&#8221; scene_position=&#8221;center&#8221; text_color=&#8221;dark&#8221; text_align=&#8221;left&#8221; row_border_radius=&#8221;none&#8221; row_border_radius_applies=&#8221;bg&#8221; overlay_strength=&#8221;0.3&#8243; gradient_direction=&#8221;left_to_right&#8221; shape_divider_position=&#8221;bottom&#8221; bg_image_animation=&#8221;none&#8221;][vc_column column_padding=&#8221;no-extra-padding&#8221; column_padding_tablet=&#8221;inherit&#8221; column_padding_phone=&#8221;inherit&#8221; column_padding_position=&#8221;all&#8221; column_element_spacing=&#8221;default&#8221; background_color_opacity=&#8221;1&#8243; background_hover_color_opacity=&#8221;1&#8243; column_shadow=&#8221;none&#8221; column_border_radius=&#8221;none&#8221; column_link_target=&#8221;_self&#8221; gradient_direction=&#8221;left_to_right&#8221; overlay_strength=&#8221;0.3&#8243; width=&#8221;1\/1&#8243; tablet_width_inherit=&#8221;default&#8221; tablet_text_alignment=&#8221;default&#8221; phone_text_alignment=&#8221;default&#8221; bg_image_animation=&#8221;none&#8221; border_type=&#8221;simple&#8221; column_border_width=&#8221;none&#8221; column_border_style=&#8221;solid&#8221;][vc_column_text]La 10<sup>\u00e8me<\/sup> \u00e9dition du Forum de la s\u00e9curit\u00e9 et de la sant\u00e9 au travail marque une nouvelle \u00e9tape dans la volont\u00e9 solidaire des acteurs nationaux \u00e0 faire progresser la s\u00e9curit\u00e9 et la sant\u00e9 au travail au Luxembourg. Lors de la s\u00e9ance acad\u00e9mique pour laquelle les organisateurs ont eu l\u2019honneur d\u2019accueillir Leurs Altesses Royales le Grand-Duc H\u00e9ritier et la Grande-Duchesse H\u00e9riti\u00e8re, les acteurs nationaux impliqu\u00e9s ont annonc\u00e9 une nouvelle action nationale pour promouvoir la s\u00e9curit\u00e9 et la sant\u00e9 au travail bas\u00e9e sur la \u00ab\u00a0VISION ZERO\u00a0\u00bb.<\/p>\n<p><b>Signature de la Charte nationale \u00ab\u00a0VISION ZERO\u00a0\u00bb<\/b><\/p>\n<p>Pour marquer le pas et pour sortir de l&#8217;\u00e9tat de stagnation des accidents du travail depuis les derni\u00e8res ann\u00e9es, les acteurs nationaux ont ce 24 mars sign\u00e9 une Charte nationale \u00ab\u00a0VISION ZERO\u00a0\u00bb pour redynamiser la s\u00e9curit\u00e9 et la sant\u00e9 au travail, laquelle se d\u00e9cline en trois objectifs pour la p\u00e9riode 2016 \u00e0 2022 :<\/p>\n<ul>\n<li>prise de conscience des d\u00e9cideurs, des d\u00e9l\u00e9gu\u00e9s \u00e0 la s\u00e9curit\u00e9, plus g\u00e9n\u00e9ralement de tous les salari\u00e9s et de tous les autres acteurs impliqu\u00e9s des avantages qu\u2019offre une approche syst\u00e9mique voire int\u00e9gr\u00e9e de la s\u00e9curit\u00e9 et de la sant\u00e9 au travail,<\/li>\n<li>diminution de 20% du taux de fr\u00e9quence national<sup>[1]<\/sup>, tous secteurs confondus, des accidents li\u00e9s au travail par rapport \u00e0 2014 (taux de fr\u00e9quence de 5,37%), en dirigeant un effort particulier aux secteurs \u00e0 risques les plus \u00e9lev\u00e9s,<\/li>\n<li>\u00e0 moyen et long terme, l\u2019objectif de la \u00ab\u00a0VISION ZERO\u00a0\u00bb demeure la diminution continue du nombre des accidents graves et mortels, c\u2019est-\u00e0-dire <b>z\u00e9ro mort, z\u00e9ro bless\u00e9 grave<\/b><sup>[2]<\/sup>.<\/li>\n<\/ul>\n<p><b>La VISION ZERO<\/b><\/p>\n<p>La \u00ab\u00a0VISION ZERO\u00a0\u00bb est une strat\u00e9gie de pr\u00e9vention en s\u00e9curit\u00e9 et sant\u00e9 au travail qui a trouv\u00e9 un consensus au niveau mondial de l&#8217;Association internationale de la S\u00e9curit\u00e9 sociale (ISSA). Helmut Ehnes, Secr\u00e9taire g\u00e9n\u00e9ral, ISSA Mining, a pr\u00e9sent\u00e9 les tenants et aboutissants de cette vision, qui en r\u00e9sum\u00e9 se d\u00e9cline en <b>4 principes<\/b> :<\/p>\n<ul>\n<li>la vie est un bien non n\u00e9gociable,<\/li>\n<li>l&#8217;homme est faillible,<\/li>\n<li>l&#8217;homme a des limites de tol\u00e9rance,<\/li>\n<li>chacun a droit \u00e0 un lieu de travail sain et s\u00e9curis\u00e9<\/li>\n<\/ul>\n<p>et en <b>7 r\u00e8gles d&#8217;or<\/b> :<\/p>\n<ul>\n<li>faire preuve de leadership et d&#8217;exemplarit\u00e9 en mati\u00e8re de s\u00e9curit\u00e9 et de sant\u00e9 au travail,<\/li>\n<li>analyser de mani\u00e8re syst\u00e9matique tous les risques et dangers,<\/li>\n<li>mettre en place un programme d&#8217;am\u00e9lioration continue dot\u00e9 d&#8217;objectifs mesurables,<\/li>\n<li>veiller \u00e0 une organisation syst\u00e9mique des aspects touchant \u00e0 la s\u00e9curit\u00e9 et \u00e0 la sant\u00e9 au travail en insistant sur la clart\u00e9 des consignes,<\/li>\n<li>utiliser exclusivement une technologie garante de s\u00e9curit\u00e9 et de sant\u00e9,<\/li>\n<li>veiller \u00e0 la qualification et au d\u00e9veloppement des comp\u00e9tences des salari\u00e9s,<\/li>\n<li>investir dans la participation active et la responsabilisation des salari\u00e9s.<\/li>\n<\/ul>\n<p>\u00ab\u00a0VISION ZERO\u00a0\u00bb ne signifie pas que le risque au travail est nul, mais qu\u2019il faut r\u00e9duire au maximum les sources potentielles de risque.<\/p>\n<p>En signant la charte nationale VISION ZERO, <b>les partenaires nationaux s&#8217;engagent<\/b> \u00e0<\/p>\n<ul>\n<li>mettre en \u0153uvre des plans d\u2019actions individuels qui tiennent compte des 4 principes et des 7 r\u00e8gles d&#8217;or de la VISION ZERO et \u00e0<\/li>\n<li>coordonner leurs actions et renforcer leurs synergies pour promouvoir les objectifs de la Charte nationale, sensibiliser les entreprises et les salari\u00e9s et faciliter l&#8217;acc\u00e8s aux bonnes pratiques.<\/li>\n<\/ul>\n<p>Les signataires de la charte nationale VISION ZERO sont : le Minist\u00e8re de la S\u00e9curit\u00e9 sociale, le Minist\u00e8re du Travail, de l&#8217;Emploi et de l&#8217;Economie sociale et solidaire, le Minist\u00e8re de la Sant\u00e9, le Minist\u00e8re du D\u00e9veloppement durable et des Infrastructures, le Minist\u00e8re de la Fonction publique et de la R\u00e9forme administrative, le Minist\u00e8re de l&#8217;Int\u00e9rieur, les syndicats nationaux CGFP, LCGB et OGBL ainsi que les initiateurs de la charte, l&#8217;Association d&#8217;assurance accident, l&#8217;UEL et l&#8217;INDR.<\/p>\n<p>Dans son mot d&#8217;accueil \u00e0 l&#8217;assembl\u00e9e, Michel Wurth, Pr\u00e9sident de l&#8217;UEL et de l&#8217;INDR, a lanc\u00e9 un message fort, \u00ab Lorsqu&#8217;il s&#8217;agit de prot\u00e9ger les salari\u00e9s en termes de s\u00e9curit\u00e9 et de sant\u00e9, Il n&#8217;y a pas de compromis possible ! \u00bb. Et Claude Seywert, Pr\u00e9sident de l&#8217;Association d&#8217;assurance accident, d&#8217;ajouter: \u00ab La VISION ZERO donne un objectif clair, agissons ensemble pour y parvenir ! \u00bb<\/p>\n<p><a href=\"https:\/\/web.archive.org\/web\/20160331125653\/http:\/\/www.visionzero.lu\/\" target=\"_blank\" rel=\"noopener noreferrer\">www.visionzero.lu<\/a><\/p>\n<p>(1) nombre d&#8217;accidents reconnus * 100 \/ nombre de travailleurs-unit\u00e9.<\/p>\n<p>(2) les accidents graves \u00e9tant d\u00e9finis comme accidents ayant entra\u00een\u00e9 une incapacit\u00e9 partielle permanente d\u2019au moins 10%.<\/p>\n[\/vc_column_text][\/vc_column][\/vc_row]\n","protected":false},"featured_media":9360,"template":"","events_categories":[115],"class_list":{"0":"post-4308","1":"event","2":"type-event","3":"status-publish","4":"has-post-thumbnail","6":"events_categories-conferences"},"acf":[],"yoast_head":"<!-- This site is optimized with the Yoast SEO plugin v27.5 - https:\/\/yoast.com\/product\/yoast-seo-wordpress\/ -->\n<title>Forum de la s\u00e9curit\u00e9 et de la sant\u00e9 au travail 2016 - INDR<\/title>\n<meta name=\"robots\" content=\"index, follow, max-snippet:-1, max-image-preview:large, max-video-preview:-1\" \/>\n<link rel=\"canonical\" href=\"https:\/\/indr.lu\/fr\/event\/forum-de-la-securite-et-de-la-sante-au-travail-objectif-vision-zero-2016\/\" \/>\n<meta property=\"og:locale\" content=\"en_US\" \/>\n<meta property=\"og:type\" content=\"article\" \/>\n<meta property=\"og:title\" content=\"Forum de la s\u00e9curit\u00e9 et de la sant\u00e9 au travail 2016 - INDR\" \/>\n<meta property=\"og:description\" content=\"La 10\u00e8me\u00a0\u00e9dition du Forum de la s\u00e9curit\u00e9 et de la sant\u00e9 au travail marque une nouvelle \u00e9tape dans la volont\u00e9 solidaire des acteurs nationaux \u00e0 faire progresser la s\u00e9curit\u00e9 et la sant\u00e9 au travail au Luxembourg.\u00a0\" \/>\n<meta property=\"og:url\" content=\"https:\/\/indr.lu\/fr\/event\/forum-de-la-securite-et-de-la-sante-au-travail-objectif-vision-zero-2016\/\" \/>\n<meta property=\"og:site_name\" content=\"INDR\" \/>\n<meta property=\"article:publisher\" content=\"https:\/\/www.facebook.com\/INDR.lu\" \/>\n<meta property=\"article:modified_time\" content=\"2021-06-04T13:57:34+00:00\" \/>\n<meta property=\"og:image\" content=\"https:\/\/indr.lu\/wp-content\/uploads\/2016\/03\/VisionZero_large.jpg\" \/>\n\t<meta property=\"og:image:width\" content=\"300\" \/>\n\t<meta property=\"og:image:height\" content=\"201\" \/>\n\t<meta property=\"og:image:type\" content=\"image\/jpeg\" \/>\n<meta name=\"twitter:card\" content=\"summary_large_image\" \/>\n<meta name=\"twitter:label1\" content=\"Est. reading time\" \/>\n\t<meta name=\"twitter:data1\" content=\"4 minutes\" \/>\n<script type=\"application\/ld+json\" class=\"yoast-schema-graph\">{\"@context\":\"https:\\\/\\\/schema.org\",\"@graph\":[{\"@type\":\"WebPage\",\"@id\":\"https:\\\/\\\/indr.lu\\\/fr\\\/event\\\/forum-de-la-securite-et-de-la-sante-au-travail-objectif-vision-zero-2016\\\/\",\"url\":\"https:\\\/\\\/indr.lu\\\/fr\\\/event\\\/forum-de-la-securite-et-de-la-sante-au-travail-objectif-vision-zero-2016\\\/\",\"name\":\"Forum de la s\u00e9curit\u00e9 et de la sant\u00e9 au travail 2016 - INDR\",\"isPartOf\":{\"@id\":\"https:\\\/\\\/indr.lu\\\/fr\\\/#website\"},\"primaryImageOfPage\":{\"@id\":\"https:\\\/\\\/indr.lu\\\/fr\\\/event\\\/forum-de-la-securite-et-de-la-sante-au-travail-objectif-vision-zero-2016\\\/#primaryimage\"},\"image\":{\"@id\":\"https:\\\/\\\/indr.lu\\\/fr\\\/event\\\/forum-de-la-securite-et-de-la-sante-au-travail-objectif-vision-zero-2016\\\/#primaryimage\"},\"thumbnailUrl\":\"https:\\\/\\\/indr.lu\\\/wp-content\\\/uploads\\\/2016\\\/03\\\/VisionZero_large.jpg\",\"datePublished\":\"2016-03-24T10:03:39+00:00\",\"dateModified\":\"2021-06-04T13:57:34+00:00\",\"breadcrumb\":{\"@id\":\"https:\\\/\\\/indr.lu\\\/fr\\\/event\\\/forum-de-la-securite-et-de-la-sante-au-travail-objectif-vision-zero-2016\\\/#breadcrumb\"},\"inLanguage\":\"en-US\",\"potentialAction\":[{\"@type\":\"ReadAction\",\"target\":[\"https:\\\/\\\/indr.lu\\\/fr\\\/event\\\/forum-de-la-securite-et-de-la-sante-au-travail-objectif-vision-zero-2016\\\/\"]}]},{\"@type\":\"ImageObject\",\"inLanguage\":\"en-US\",\"@id\":\"https:\\\/\\\/indr.lu\\\/fr\\\/event\\\/forum-de-la-securite-et-de-la-sante-au-travail-objectif-vision-zero-2016\\\/#primaryimage\",\"url\":\"https:\\\/\\\/indr.lu\\\/wp-content\\\/uploads\\\/2016\\\/03\\\/VisionZero_large.jpg\",\"contentUrl\":\"https:\\\/\\\/indr.lu\\\/wp-content\\\/uploads\\\/2016\\\/03\\\/VisionZero_large.jpg\",\"width\":300,\"height\":201},{\"@type\":\"BreadcrumbList\",\"@id\":\"https:\\\/\\\/indr.lu\\\/fr\\\/event\\\/forum-de-la-securite-et-de-la-sante-au-travail-objectif-vision-zero-2016\\\/#breadcrumb\",\"itemListElement\":[{\"@type\":\"ListItem\",\"position\":1,\"name\":\"Home\",\"item\":\"https:\\\/\\\/indr.lu\\\/fr\\\/\"},{\"@type\":\"ListItem\",\"position\":2,\"name\":\"Forum de la s\u00e9curit\u00e9 et de la sant\u00e9 au travail 2016\"}]},{\"@type\":\"WebSite\",\"@id\":\"https:\\\/\\\/indr.lu\\\/fr\\\/#website\",\"url\":\"https:\\\/\\\/indr.lu\\\/fr\\\/\",\"name\":\"INDR\",\"description\":\"Institut National pour le D\u00e9veloppement durable et la Responsabilit\u00e9 sociale des entreprises\",\"publisher\":{\"@id\":\"https:\\\/\\\/indr.lu\\\/fr\\\/#organization\"},\"potentialAction\":[{\"@type\":\"SearchAction\",\"target\":{\"@type\":\"EntryPoint\",\"urlTemplate\":\"https:\\\/\\\/indr.lu\\\/fr\\\/?s={search_term_string}\"},\"query-input\":{\"@type\":\"PropertyValueSpecification\",\"valueRequired\":true,\"valueName\":\"search_term_string\"}}],\"inLanguage\":\"en-US\"},{\"@type\":\"Organization\",\"@id\":\"https:\\\/\\\/indr.lu\\\/fr\\\/#organization\",\"name\":\"INDR\",\"alternateName\":\"L\u2019Institut National pour le D\u00e9veloppement durable et la Responsabilit\u00e9 sociale des entreprises\",\"url\":\"https:\\\/\\\/indr.lu\\\/fr\\\/\",\"logo\":{\"@type\":\"ImageObject\",\"inLanguage\":\"en-US\",\"@id\":\"https:\\\/\\\/indr.lu\\\/fr\\\/#\\\/schema\\\/logo\\\/image\\\/\",\"url\":\"https:\\\/\\\/indr.lu\\\/wp-content\\\/uploads\\\/2021\\\/04\\\/indr-logo.svg\",\"contentUrl\":\"https:\\\/\\\/indr.lu\\\/wp-content\\\/uploads\\\/2021\\\/04\\\/indr-logo.svg\",\"width\":\"1024\",\"height\":\"1024\",\"caption\":\"INDR\"},\"image\":{\"@id\":\"https:\\\/\\\/indr.lu\\\/fr\\\/#\\\/schema\\\/logo\\\/image\\\/\"},\"sameAs\":[\"https:\\\/\\\/www.facebook.com\\\/INDR.lu\",\"https:\\\/\\\/www.linkedin.com\\\/company\\\/indr---institut-national-pour-le-d-veloppement-durable-et-la-responsabilit-des-entreprises\\\/\"]}]}<\/script>\n<!-- \/ Yoast SEO plugin. -->","yoast_head_json":{"title":"Forum de la s\u00e9curit\u00e9 et de la sant\u00e9 au travail 2016 - INDR","robots":{"index":"index","follow":"follow","max-snippet":"max-snippet:-1","max-image-preview":"max-image-preview:large","max-video-preview":"max-video-preview:-1"},"canonical":"https:\/\/indr.lu\/fr\/event\/forum-de-la-securite-et-de-la-sante-au-travail-objectif-vision-zero-2016\/","og_locale":"en_US","og_type":"article","og_title":"Forum de la s\u00e9curit\u00e9 et de la sant\u00e9 au travail 2016 - INDR","og_description":"La 10\u00e8me\u00a0\u00e9dition du Forum de la s\u00e9curit\u00e9 et de la sant\u00e9 au travail marque une nouvelle \u00e9tape dans la volont\u00e9 solidaire des acteurs nationaux \u00e0 faire progresser la s\u00e9curit\u00e9 et la sant\u00e9 au travail au Luxembourg.\u00a0","og_url":"https:\/\/indr.lu\/fr\/event\/forum-de-la-securite-et-de-la-sante-au-travail-objectif-vision-zero-2016\/","og_site_name":"INDR","article_publisher":"https:\/\/www.facebook.com\/INDR.lu","article_modified_time":"2021-06-04T13:57:34+00:00","og_image":[{"width":300,"height":201,"url":"https:\/\/indr.lu\/wp-content\/uploads\/2016\/03\/VisionZero_large.jpg","type":"image\/jpeg"}],"twitter_card":"summary_large_image","twitter_misc":{"Est. reading time":"4 minutes"},"schema":{"@context":"https:\/\/schema.org","@graph":[{"@type":"WebPage","@id":"https:\/\/indr.lu\/fr\/event\/forum-de-la-securite-et-de-la-sante-au-travail-objectif-vision-zero-2016\/","url":"https:\/\/indr.lu\/fr\/event\/forum-de-la-securite-et-de-la-sante-au-travail-objectif-vision-zero-2016\/","name":"Forum de la s\u00e9curit\u00e9 et de la sant\u00e9 au travail 2016 - INDR","isPartOf":{"@id":"https:\/\/indr.lu\/fr\/#website"},"primaryImageOfPage":{"@id":"https:\/\/indr.lu\/fr\/event\/forum-de-la-securite-et-de-la-sante-au-travail-objectif-vision-zero-2016\/#primaryimage"},"image":{"@id":"https:\/\/indr.lu\/fr\/event\/forum-de-la-securite-et-de-la-sante-au-travail-objectif-vision-zero-2016\/#primaryimage"},"thumbnailUrl":"https:\/\/indr.lu\/wp-content\/uploads\/2016\/03\/VisionZero_large.jpg","datePublished":"2016-03-24T10:03:39+00:00","dateModified":"2021-06-04T13:57:34+00:00","breadcrumb":{"@id":"https:\/\/indr.lu\/fr\/event\/forum-de-la-securite-et-de-la-sante-au-travail-objectif-vision-zero-2016\/#breadcrumb"},"inLanguage":"en-US","potentialAction":[{"@type":"ReadAction","target":["https:\/\/indr.lu\/fr\/event\/forum-de-la-securite-et-de-la-sante-au-travail-objectif-vision-zero-2016\/"]}]},{"@type":"ImageObject","inLanguage":"en-US","@id":"https:\/\/indr.lu\/fr\/event\/forum-de-la-securite-et-de-la-sante-au-travail-objectif-vision-zero-2016\/#primaryimage","url":"https:\/\/indr.lu\/wp-content\/uploads\/2016\/03\/VisionZero_large.jpg","contentUrl":"https:\/\/indr.lu\/wp-content\/uploads\/2016\/03\/VisionZero_large.jpg","width":300,"height":201},{"@type":"BreadcrumbList","@id":"https:\/\/indr.lu\/fr\/event\/forum-de-la-securite-et-de-la-sante-au-travail-objectif-vision-zero-2016\/#breadcrumb","itemListElement":[{"@type":"ListItem","position":1,"name":"Home","item":"https:\/\/indr.lu\/fr\/"},{"@type":"ListItem","position":2,"name":"Forum de la s\u00e9curit\u00e9 et de la sant\u00e9 au travail 2016"}]},{"@type":"WebSite","@id":"https:\/\/indr.lu\/fr\/#website","url":"https:\/\/indr.lu\/fr\/","name":"INDR","description":"Institut National pour le D\u00e9veloppement durable et la Responsabilit\u00e9 sociale des entreprises","publisher":{"@id":"https:\/\/indr.lu\/fr\/#organization"},"potentialAction":[{"@type":"SearchAction","target":{"@type":"EntryPoint","urlTemplate":"https:\/\/indr.lu\/fr\/?s={search_term_string}"},"query-input":{"@type":"PropertyValueSpecification","valueRequired":true,"valueName":"search_term_string"}}],"inLanguage":"en-US"},{"@type":"Organization","@id":"https:\/\/indr.lu\/fr\/#organization","name":"INDR","alternateName":"L\u2019Institut National pour le D\u00e9veloppement durable et la Responsabilit\u00e9 sociale des entreprises","url":"https:\/\/indr.lu\/fr\/","logo":{"@type":"ImageObject","inLanguage":"en-US","@id":"https:\/\/indr.lu\/fr\/#\/schema\/logo\/image\/","url":"https:\/\/indr.lu\/wp-content\/uploads\/2021\/04\/indr-logo.svg","contentUrl":"https:\/\/indr.lu\/wp-content\/uploads\/2021\/04\/indr-logo.svg","width":"1024","height":"1024","caption":"INDR"},"image":{"@id":"https:\/\/indr.lu\/fr\/#\/schema\/logo\/image\/"},"sameAs":["https:\/\/www.facebook.com\/INDR.lu","https:\/\/www.linkedin.com\/company\/indr---institut-national-pour-le-d-veloppement-durable-et-la-responsabilit-des-entreprises\/"]}]}},"_links":{"self":[{"href":"https:\/\/indr.lu\/en\/wp-json\/wp\/v2\/event\/4308","targetHints":{"allow":["GET"]}}],"collection":[{"href":"https:\/\/indr.lu\/en\/wp-json\/wp\/v2\/event"}],"about":[{"href":"https:\/\/indr.lu\/en\/wp-json\/wp\/v2\/types\/event"}],"wp:featuredmedia":[{"embeddable":true,"href":"https:\/\/indr.lu\/en\/wp-json\/wp\/v2\/media\/9360"}],"wp:attachment":[{"href":"https:\/\/indr.lu\/en\/wp-json\/wp\/v2\/media?parent=4308"}],"wp:term":[{"taxonomy":"events_categories","embeddable":true,"href":"https:\/\/indr.lu\/en\/wp-json\/wp\/v2\/events_categories?post=4308"}],"curies":[{"name":"wp","href":"https:\/\/api.w.org\/{rel}","templated":true}]}}