{"id":4608,"date":"2018-04-19T15:26:05","date_gmt":"2018-04-19T13:26:05","guid":{"rendered":"http:\/\/indr.lu\/?p=4608"},"modified":"2021-06-04T14:05:40","modified_gmt":"2021-06-04T14:05:40","slug":"12e-forum-de-la-securite-et-de-la-sante-au-travail","status":"publish","type":"event","link":"https:\/\/indr.lu\/en\/event\/12e-forum-de-la-securite-et-de-la-sante-au-travail\/","title":{"rendered":"12e Forum de la s\u00e9curit\u00e9 et de la sant\u00e9 au travail"},"content":{"rendered":"[vc_row type=&#8221;in_container&#8221; full_screen_row_position=&#8221;middle&#8221; column_margin=&#8221;default&#8221; column_direction=&#8221;default&#8221; column_direction_tablet=&#8221;default&#8221; column_direction_phone=&#8221;default&#8221; scene_position=&#8221;center&#8221; text_color=&#8221;dark&#8221; text_align=&#8221;left&#8221; row_border_radius=&#8221;none&#8221; row_border_radius_applies=&#8221;bg&#8221; overlay_strength=&#8221;0.3&#8243; gradient_direction=&#8221;left_to_right&#8221; shape_divider_position=&#8221;bottom&#8221; bg_image_animation=&#8221;none&#8221;][vc_column column_padding=&#8221;no-extra-padding&#8221; column_padding_tablet=&#8221;inherit&#8221; column_padding_phone=&#8221;inherit&#8221; column_padding_position=&#8221;all&#8221; column_element_spacing=&#8221;default&#8221; background_color_opacity=&#8221;1&#8243; background_hover_color_opacity=&#8221;1&#8243; column_shadow=&#8221;none&#8221; column_border_radius=&#8221;none&#8221; column_link_target=&#8221;_self&#8221; gradient_direction=&#8221;left_to_right&#8221; overlay_strength=&#8221;0.3&#8243; width=&#8221;1\/1&#8243; tablet_width_inherit=&#8221;default&#8221; tablet_text_alignment=&#8221;default&#8221; phone_text_alignment=&#8221;default&#8221; bg_image_animation=&#8221;none&#8221; border_type=&#8221;simple&#8221; column_border_width=&#8221;none&#8221; column_border_style=&#8221;solid&#8221;][vc_column_text]<img decoding=\"async\" src=\"http:\/\/indr.lu\/wp-content\/uploads\/2018\/04\/001-1024x684-1.jpg\" sizes=\"(max-width: 800px) 100vw, 800px\" srcset=\"https:\/\/indr.lu\/wp-content\/uploads\/2018\/04\/001-1024x684-1.jpg 1024w, https:\/\/indr.lu\/wp-content\/uploads\/2018\/04\/001-1024x684-1-300x200.jpg 300w, https:\/\/indr.lu\/wp-content\/uploads\/2018\/04\/001-1024x684-1-768x513.jpg 768w\" alt=\"\" width=\"800\" height=\"534\" \/><\/p>\n<p>La 12e e\u0301dition du Forum de la se\u0301curite\u0301 et de la sante\u0301 au travail s\u2019est tenue le 19 avril a\u0300 LUXEXPO THE BOX, s\u2019inscrivant dans la VISION ZERO, strate\u0301gie nationale de pre\u0301vention des accidents du travail, des accidents de trajet et des maladies professionnelles. Le Forum a e\u0301te\u0301 un grand succe\u0300s comptant 1300 visiteurs sur la journe\u0301e, dirigeants d\u2019entreprises, responsables se\u0301curite\u0301-sante\u0301 et experts. A chaque e\u0301dition, le format biannuel de cette plateforme unique d\u2019e\u0301changes prend de l\u2019ampleur. Plus de 100 exposants luxembourgeois et e\u0301trangers y ont participe\u0301 et une quinzaine de workshops ont e\u0301te\u0301 organise\u0301s autour de the\u0301matiques de se\u0301curite\u0301, de sante\u0301 et de bien-e\u0302tre en entreprise. L\u2019originalite\u0301 du Forum a certes e\u0301te\u0301 le grand stand de la VISION ZERO sur lequel les te\u0301moins de la campagne e\u0301taient pre\u0301sents pour sensibiliser les visiteurs.<\/p>\n<p>Le Forum a e\u0301galement servi de plateforme pour la remise du Prix national se\u0301curite\u0301-sante\u0301 au travail 2018, lequel a re\u0301compense\u0301 5 entreprises laure\u0301ates : VTKL, TRALUX Constructions, Pe\u0301tillances, CHL et Secolux. Le Prix a e\u0301te\u0301 de\u0301cerne\u0301 par la Ministre de la Sante\u0301, le Ministre de la Se\u0301curite\u0301 sociale et le Ministre du Travail, de l\u2019Emploi et de l\u2019Economie sociale et solidaire. Par ce prix, les partenaires nationaux valorisent des mesures ou produits particulie\u0300rement innovants dans le domaine de l\u2019ame\u0301lioration de la se\u0301curite\u0301, de la sante\u0301 et du bien-e\u0302tre au travail. Les projets prime\u0301s peuvent e\u0302tre consulte\u0301s en vide\u0301o et parmi eux, le coup de c\u0153ur du public peut e\u0302tre vote\u0301 sur www.visionzero.lu jusqu\u2019au 31 mai 2018. Le laure\u0301at du prix du public sera annonce\u0301 de\u0301but juin.<\/p>\n<p>Les Ministres ont re\u0301affirme\u0301 leur engagement commun a\u0300 encourager les entreprises a\u0300 ame\u0301liorer la se\u0301curite\u0301, la sante\u0301 et le bien-e\u0302tre au travail. En signant la Charte nationale VISION ZERO lors de la 10e e\u0301dition du Forum le 24 mars 2016, les acteurs nationaux avaient d\u2019ailleurs de\u0301clare\u0301 leur responsabilite\u0301 partage\u0301e dans la promotion de la se\u0301curite\u0301 et de la sante\u0301 au travail, y compris la pre\u0301vention des accidents de trajet et des maladies professionnelles. Les the\u0300mes forts de la VISION ZERO sont le leadership, la responsabilisation, la formation et la sensibilisation. Une centaine d\u2019entreprises se sont de\u0301ja\u0300 engage\u0301es dans la VISION ZERO, plan d\u2019action a\u0300 l\u2019appui.<\/p>\n<p>Tom Oberweis, Vice-Pre\u0301sident de l\u2019UEL et de l\u2019INDR, a souligne\u0301 lors de la se\u0301ance d\u2019ouverture la ne\u0301cessite\u0301 du rassemblement des efforts au niveau national : \u00ab La lutte contre les accidents du travail a besoin d\u2019une gouvernance unifie\u0301e. La VISION ZERO et le Forum d\u2019aujourd\u2019hui sont des symboles forts d\u2019une telle union nationale dans l\u2019effort. \u00bb<\/p>\n<div class=\"lyte-wrapper fourthree\" style=\"width:420px;max-width:100%;margin:5px;\"><div class=\"lyMe\" id=\"WYL_yPizkyBlbYA\"><div id=\"lyte_yPizkyBlbYA\" data-src=\"https:\/\/indr.lu\/wp-content\/plugins\/wp-youtube-lyte\/lyteCache.php?origThumbUrl=%2F%2Fi.ytimg.com%2Fvi%2FyPizkyBlbYA%2Fhqdefault.jpg\" class=\"pL\"><div class=\"tC\"><div class=\"tT\"><\/div><\/div><div class=\"play\"><\/div><div class=\"ctrl\"><div class=\"Lctrl\"><\/div><div class=\"Rctrl\"><\/div><\/div><\/div><noscript><a href=\"https:\/\/youtu.be\/yPizkyBlbYA\" rel=\"nofollow\"><img decoding=\"async\" src=\"https:\/\/indr.lu\/wp-content\/plugins\/wp-youtube-lyte\/lyteCache.php?origThumbUrl=https%3A%2F%2Fi.ytimg.com%2Fvi%2FyPizkyBlbYA%2F0.jpg\" alt=\"YouTube video thumbnail\" width=\"420\" height=\"295\" \/><br \/>Watch this video on YouTube<\/a><\/noscript><\/div><\/div><div class=\"lL\" style=\"max-width:100%;width:420px;margin:5px;\"><\/div>\n","protected":false},"featured_media":9380,"template":"","events_categories":[115],"class_list":{"0":"post-4608","1":"event","2":"type-event","3":"status-publish","4":"has-post-thumbnail","6":"events_categories-conferences"},"acf":[],"yoast_head":"<!-- This site is optimized with the Yoast SEO plugin v27.5 - https:\/\/yoast.com\/product\/yoast-seo-wordpress\/ -->\n<title>12e Forum de la s\u00e9curit\u00e9 et de la sant\u00e9 au travail - INDR<\/title>\n<meta name=\"robots\" content=\"index, follow, max-snippet:-1, max-image-preview:large, max-video-preview:-1\" \/>\n<link rel=\"canonical\" href=\"https:\/\/indr.lu\/fr\/event\/12e-forum-de-la-securite-et-de-la-sante-au-travail\/\" \/>\n<meta property=\"og:locale\" content=\"en_US\" \/>\n<meta property=\"og:type\" content=\"article\" \/>\n<meta property=\"og:title\" content=\"12e Forum de la s\u00e9curit\u00e9 et de la sant\u00e9 au travail - INDR\" \/>\n<meta property=\"og:description\" content=\"La 12e \u00e9dition du Forum de la s\u00e9curit\u00e9 et de la sant\u00e9 au travail s\u2019est tenue le 19 avril \u00e0 LUXEXPO THE BOX, s\u2019inscrivant dans la VISION ZERO, strat\u00e9gie nationale de pr\u00e9vention des accidents du travail, des accidents de trajet et des maladies professionnelles.\" \/>\n<meta property=\"og:url\" content=\"https:\/\/indr.lu\/fr\/event\/12e-forum-de-la-securite-et-de-la-sante-au-travail\/\" \/>\n<meta property=\"og:site_name\" content=\"INDR\" \/>\n<meta property=\"article:publisher\" content=\"https:\/\/www.facebook.com\/INDR.lu\" \/>\n<meta property=\"article:modified_time\" content=\"2021-06-04T14:05:40+00:00\" \/>\n<meta property=\"og:image\" content=\"https:\/\/indr.lu\/wp-content\/uploads\/2018\/04\/001-1024x684-1.jpg\" \/>\n\t<meta property=\"og:image:width\" content=\"1024\" \/>\n\t<meta property=\"og:image:height\" content=\"684\" \/>\n\t<meta property=\"og:image:type\" content=\"image\/jpeg\" \/>\n<meta name=\"twitter:card\" content=\"summary_large_image\" \/>\n<meta name=\"twitter:label1\" content=\"Est. reading time\" \/>\n\t<meta name=\"twitter:data1\" content=\"3 minutes\" \/>\n<script type=\"application\/ld+json\" class=\"yoast-schema-graph\">{\"@context\":\"https:\\\/\\\/schema.org\",\"@graph\":[{\"@type\":\"WebPage\",\"@id\":\"https:\\\/\\\/indr.lu\\\/fr\\\/event\\\/12e-forum-de-la-securite-et-de-la-sante-au-travail\\\/\",\"url\":\"https:\\\/\\\/indr.lu\\\/fr\\\/event\\\/12e-forum-de-la-securite-et-de-la-sante-au-travail\\\/\",\"name\":\"12e Forum de la s\u00e9curit\u00e9 et de la sant\u00e9 au travail - INDR\",\"isPartOf\":{\"@id\":\"https:\\\/\\\/indr.lu\\\/fr\\\/#website\"},\"primaryImageOfPage\":{\"@id\":\"https:\\\/\\\/indr.lu\\\/fr\\\/event\\\/12e-forum-de-la-securite-et-de-la-sante-au-travail\\\/#primaryimage\"},\"image\":{\"@id\":\"https:\\\/\\\/indr.lu\\\/fr\\\/event\\\/12e-forum-de-la-securite-et-de-la-sante-au-travail\\\/#primaryimage\"},\"thumbnailUrl\":\"https:\\\/\\\/indr.lu\\\/wp-content\\\/uploads\\\/2018\\\/04\\\/001-1024x684-1.jpg\",\"datePublished\":\"2018-04-19T13:26:05+00:00\",\"dateModified\":\"2021-06-04T14:05:40+00:00\",\"breadcrumb\":{\"@id\":\"https:\\\/\\\/indr.lu\\\/fr\\\/event\\\/12e-forum-de-la-securite-et-de-la-sante-au-travail\\\/#breadcrumb\"},\"inLanguage\":\"en-US\",\"potentialAction\":[{\"@type\":\"ReadAction\",\"target\":[\"https:\\\/\\\/indr.lu\\\/fr\\\/event\\\/12e-forum-de-la-securite-et-de-la-sante-au-travail\\\/\"]}]},{\"@type\":\"ImageObject\",\"inLanguage\":\"en-US\",\"@id\":\"https:\\\/\\\/indr.lu\\\/fr\\\/event\\\/12e-forum-de-la-securite-et-de-la-sante-au-travail\\\/#primaryimage\",\"url\":\"https:\\\/\\\/indr.lu\\\/wp-content\\\/uploads\\\/2018\\\/04\\\/001-1024x684-1.jpg\",\"contentUrl\":\"https:\\\/\\\/indr.lu\\\/wp-content\\\/uploads\\\/2018\\\/04\\\/001-1024x684-1.jpg\",\"width\":1024,\"height\":684},{\"@type\":\"BreadcrumbList\",\"@id\":\"https:\\\/\\\/indr.lu\\\/fr\\\/event\\\/12e-forum-de-la-securite-et-de-la-sante-au-travail\\\/#breadcrumb\",\"itemListElement\":[{\"@type\":\"ListItem\",\"position\":1,\"name\":\"Home\",\"item\":\"https:\\\/\\\/indr.lu\\\/fr\\\/\"},{\"@type\":\"ListItem\",\"position\":2,\"name\":\"12e Forum de la s\u00e9curit\u00e9 et de la sant\u00e9 au travail\"}]},{\"@type\":\"WebSite\",\"@id\":\"https:\\\/\\\/indr.lu\\\/fr\\\/#website\",\"url\":\"https:\\\/\\\/indr.lu\\\/fr\\\/\",\"name\":\"INDR\",\"description\":\"Institut National pour le D\u00e9veloppement durable et la Responsabilit\u00e9 sociale des entreprises\",\"publisher\":{\"@id\":\"https:\\\/\\\/indr.lu\\\/fr\\\/#organization\"},\"potentialAction\":[{\"@type\":\"SearchAction\",\"target\":{\"@type\":\"EntryPoint\",\"urlTemplate\":\"https:\\\/\\\/indr.lu\\\/fr\\\/?s={search_term_string}\"},\"query-input\":{\"@type\":\"PropertyValueSpecification\",\"valueRequired\":true,\"valueName\":\"search_term_string\"}}],\"inLanguage\":\"en-US\"},{\"@type\":\"Organization\",\"@id\":\"https:\\\/\\\/indr.lu\\\/fr\\\/#organization\",\"name\":\"INDR\",\"alternateName\":\"L\u2019Institut National pour le D\u00e9veloppement durable et la Responsabilit\u00e9 sociale des entreprises\",\"url\":\"https:\\\/\\\/indr.lu\\\/fr\\\/\",\"logo\":{\"@type\":\"ImageObject\",\"inLanguage\":\"en-US\",\"@id\":\"https:\\\/\\\/indr.lu\\\/fr\\\/#\\\/schema\\\/logo\\\/image\\\/\",\"url\":\"https:\\\/\\\/indr.lu\\\/wp-content\\\/uploads\\\/2021\\\/04\\\/indr-logo.svg\",\"contentUrl\":\"https:\\\/\\\/indr.lu\\\/wp-content\\\/uploads\\\/2021\\\/04\\\/indr-logo.svg\",\"width\":\"1024\",\"height\":\"1024\",\"caption\":\"INDR\"},\"image\":{\"@id\":\"https:\\\/\\\/indr.lu\\\/fr\\\/#\\\/schema\\\/logo\\\/image\\\/\"},\"sameAs\":[\"https:\\\/\\\/www.facebook.com\\\/INDR.lu\",\"https:\\\/\\\/www.linkedin.com\\\/company\\\/indr---institut-national-pour-le-d-veloppement-durable-et-la-responsabilit-des-entreprises\\\/\"]}]}<\/script>\n<!-- \/ Yoast SEO plugin. -->","yoast_head_json":{"title":"12e Forum de la s\u00e9curit\u00e9 et de la sant\u00e9 au travail - INDR","robots":{"index":"index","follow":"follow","max-snippet":"max-snippet:-1","max-image-preview":"max-image-preview:large","max-video-preview":"max-video-preview:-1"},"canonical":"https:\/\/indr.lu\/fr\/event\/12e-forum-de-la-securite-et-de-la-sante-au-travail\/","og_locale":"en_US","og_type":"article","og_title":"12e Forum de la s\u00e9curit\u00e9 et de la sant\u00e9 au travail - INDR","og_description":"La 12e \u00e9dition du Forum de la s\u00e9curit\u00e9 et de la sant\u00e9 au travail s\u2019est tenue le 19 avril \u00e0 LUXEXPO THE BOX, s\u2019inscrivant dans la VISION ZERO, strat\u00e9gie nationale de pr\u00e9vention des accidents du travail, des accidents de trajet et des maladies professionnelles.","og_url":"https:\/\/indr.lu\/fr\/event\/12e-forum-de-la-securite-et-de-la-sante-au-travail\/","og_site_name":"INDR","article_publisher":"https:\/\/www.facebook.com\/INDR.lu","article_modified_time":"2021-06-04T14:05:40+00:00","og_image":[{"width":1024,"height":684,"url":"https:\/\/indr.lu\/wp-content\/uploads\/2018\/04\/001-1024x684-1.jpg","type":"image\/jpeg"}],"twitter_card":"summary_large_image","twitter_misc":{"Est. reading time":"3 minutes"},"schema":{"@context":"https:\/\/schema.org","@graph":[{"@type":"WebPage","@id":"https:\/\/indr.lu\/fr\/event\/12e-forum-de-la-securite-et-de-la-sante-au-travail\/","url":"https:\/\/indr.lu\/fr\/event\/12e-forum-de-la-securite-et-de-la-sante-au-travail\/","name":"12e Forum de la s\u00e9curit\u00e9 et de la sant\u00e9 au travail - INDR","isPartOf":{"@id":"https:\/\/indr.lu\/fr\/#website"},"primaryImageOfPage":{"@id":"https:\/\/indr.lu\/fr\/event\/12e-forum-de-la-securite-et-de-la-sante-au-travail\/#primaryimage"},"image":{"@id":"https:\/\/indr.lu\/fr\/event\/12e-forum-de-la-securite-et-de-la-sante-au-travail\/#primaryimage"},"thumbnailUrl":"https:\/\/indr.lu\/wp-content\/uploads\/2018\/04\/001-1024x684-1.jpg","datePublished":"2018-04-19T13:26:05+00:00","dateModified":"2021-06-04T14:05:40+00:00","breadcrumb":{"@id":"https:\/\/indr.lu\/fr\/event\/12e-forum-de-la-securite-et-de-la-sante-au-travail\/#breadcrumb"},"inLanguage":"en-US","potentialAction":[{"@type":"ReadAction","target":["https:\/\/indr.lu\/fr\/event\/12e-forum-de-la-securite-et-de-la-sante-au-travail\/"]}]},{"@type":"ImageObject","inLanguage":"en-US","@id":"https:\/\/indr.lu\/fr\/event\/12e-forum-de-la-securite-et-de-la-sante-au-travail\/#primaryimage","url":"https:\/\/indr.lu\/wp-content\/uploads\/2018\/04\/001-1024x684-1.jpg","contentUrl":"https:\/\/indr.lu\/wp-content\/uploads\/2018\/04\/001-1024x684-1.jpg","width":1024,"height":684},{"@type":"BreadcrumbList","@id":"https:\/\/indr.lu\/fr\/event\/12e-forum-de-la-securite-et-de-la-sante-au-travail\/#breadcrumb","itemListElement":[{"@type":"ListItem","position":1,"name":"Home","item":"https:\/\/indr.lu\/fr\/"},{"@type":"ListItem","position":2,"name":"12e Forum de la s\u00e9curit\u00e9 et de la sant\u00e9 au travail"}]},{"@type":"WebSite","@id":"https:\/\/indr.lu\/fr\/#website","url":"https:\/\/indr.lu\/fr\/","name":"INDR","description":"Institut National pour le D\u00e9veloppement durable et la Responsabilit\u00e9 sociale des entreprises","publisher":{"@id":"https:\/\/indr.lu\/fr\/#organization"},"potentialAction":[{"@type":"SearchAction","target":{"@type":"EntryPoint","urlTemplate":"https:\/\/indr.lu\/fr\/?s={search_term_string}"},"query-input":{"@type":"PropertyValueSpecification","valueRequired":true,"valueName":"search_term_string"}}],"inLanguage":"en-US"},{"@type":"Organization","@id":"https:\/\/indr.lu\/fr\/#organization","name":"INDR","alternateName":"L\u2019Institut National pour le D\u00e9veloppement durable et la Responsabilit\u00e9 sociale des entreprises","url":"https:\/\/indr.lu\/fr\/","logo":{"@type":"ImageObject","inLanguage":"en-US","@id":"https:\/\/indr.lu\/fr\/#\/schema\/logo\/image\/","url":"https:\/\/indr.lu\/wp-content\/uploads\/2021\/04\/indr-logo.svg","contentUrl":"https:\/\/indr.lu\/wp-content\/uploads\/2021\/04\/indr-logo.svg","width":"1024","height":"1024","caption":"INDR"},"image":{"@id":"https:\/\/indr.lu\/fr\/#\/schema\/logo\/image\/"},"sameAs":["https:\/\/www.facebook.com\/INDR.lu","https:\/\/www.linkedin.com\/company\/indr---institut-national-pour-le-d-veloppement-durable-et-la-responsabilit-des-entreprises\/"]}]}},"_links":{"self":[{"href":"https:\/\/indr.lu\/en\/wp-json\/wp\/v2\/event\/4608","targetHints":{"allow":["GET"]}}],"collection":[{"href":"https:\/\/indr.lu\/en\/wp-json\/wp\/v2\/event"}],"about":[{"href":"https:\/\/indr.lu\/en\/wp-json\/wp\/v2\/types\/event"}],"wp:featuredmedia":[{"embeddable":true,"href":"https:\/\/indr.lu\/en\/wp-json\/wp\/v2\/media\/9380"}],"wp:attachment":[{"href":"https:\/\/indr.lu\/en\/wp-json\/wp\/v2\/media?parent=4608"}],"wp:term":[{"taxonomy":"events_categories","embeddable":true,"href":"https:\/\/indr.lu\/en\/wp-json\/wp\/v2\/events_categories?post=4608"}],"curies":[{"name":"wp","href":"https:\/\/api.w.org\/{rel}","templated":true}]}}