{"id":1939,"date":"2019-12-04T18:33:02","date_gmt":"2019-12-04T17:33:02","guid":{"rendered":"https:\/\/indr.lu\/?p=1939"},"modified":"2021-06-04T14:41:18","modified_gmt":"2021-06-04T14:41:18","slug":"entrepreneurs-parlons-deurope","status":"publish","type":"event","link":"https:\/\/indr.lu\/fr\/event\/entrepreneurs-parlons-deurope\/","title":{"rendered":"Entrepreneurs, parlons d\u2019Europe"},"content":{"rendered":"[vc_row type=&#8221;in_container&#8221; full_screen_row_position=&#8221;middle&#8221; column_margin=&#8221;default&#8221; column_direction=&#8221;default&#8221; column_direction_tablet=&#8221;default&#8221; column_direction_phone=&#8221;default&#8221; scene_position=&#8221;center&#8221; text_color=&#8221;dark&#8221; text_align=&#8221;left&#8221; row_border_radius=&#8221;none&#8221; row_border_radius_applies=&#8221;bg&#8221; overlay_strength=&#8221;0.3&#8243; gradient_direction=&#8221;left_to_right&#8221; shape_divider_position=&#8221;bottom&#8221; bg_image_animation=&#8221;none&#8221;][vc_column column_padding=&#8221;no-extra-padding&#8221; column_padding_tablet=&#8221;inherit&#8221; column_padding_phone=&#8221;inherit&#8221; column_padding_position=&#8221;all&#8221; column_element_spacing=&#8221;default&#8221; background_color_opacity=&#8221;1&#8243; background_hover_color_opacity=&#8221;1&#8243; column_shadow=&#8221;none&#8221; column_border_radius=&#8221;none&#8221; column_link_target=&#8221;_self&#8221; gradient_direction=&#8221;left_to_right&#8221; overlay_strength=&#8221;0.3&#8243; width=&#8221;1\/1&#8243; tablet_width_inherit=&#8221;default&#8221; tablet_text_alignment=&#8221;default&#8221; phone_text_alignment=&#8221;default&#8221; bg_image_animation=&#8221;none&#8221; border_type=&#8221;simple&#8221; column_border_width=&#8221;none&#8221; column_border_style=&#8221;solid&#8221;][vc_column_text]<strong>Entrepreneurs, parlons d\u2019Europe\u00a0<\/strong><strong>\u00a0<\/strong><strong>\u00ab\u00a0Comment g\u00e9rer vos obligations relatives aux substances chimiques<\/strong><strong>\u00a0dans le cadre de votre activit\u00e9 commerciale, industrielle et artisanale\u00a0\u00bb.<\/strong><strong>Date\u00a0: Mercredi, 4 d\u00e9cembre 2019 de 10h30 \u00e0 11h45<\/strong>\u00a0<strong>Lieu\u00a0: Chambre de Commerce du Luxembourg<\/strong><\/p>\n<p><strong>I N V I T A T I O N<\/strong><\/p>\n<p>L\u2019Entreprise Europe Network-Luxembourg de la Chambre de Commerce et de la Chambre des M\u00e9tiers du Luxembourg ainsi que le Helpdesk REACH&amp;CLP Luxembourg du LIST \u2013 Luxembourg Institute for Science &amp; Technology, en collaboration avec la Repr\u00e9sentation de la Commission europ\u00e9enne au Luxembourg, ont le plaisir de vous inviter \u00e0 assister \u00e0 la s\u00e9ance d\u2019information<br \/>\nEntrepreneurs, parlons d\u2019Europe :<br \/>\n\u00ab Comment g\u00e9rer vos obligations relatives aux substances chimiques<br \/>\ndans le cadre de votre activit\u00e9 commerciale, industrielle et artisanale \u00bb.<\/p>\n<p>Date : Mercredi, 4 d\u00e9cembre 2019 de 10h30 \u00e0 11h45<br \/>\nLieu : Chambre de Commerce du Luxembourg<br \/>\n7, rue Alcide de Gasperi, L-2981 Luxembourg<\/p>\n<p>Le r\u00e8glement europ\u00e9en REACH concernant l\u2018enregistrement, l\u2018\u00e9valuation, l\u2018autorisation et les restrictions des substances chimiques dans l\u2018Union europ\u00e9enne attribue plus de responsabilit\u00e9s aux entreprises pour la ma\u00eetrise des risques des diff\u00e9rents produits chimiques.<\/p>\n<p>Lors de cette session informative, le Helpdesk REACH&amp;CLP Luxembourg vous informera sur les obligations qui en ressortent pour les entreprises luxembourgeoises et sur les outils mis en place pour vous soutenir dans le respect de vos obligations l\u00e9gales. Cet \u00e9v\u00e9nement sera particuli\u00e8rement destin\u00e9 aux chefs d\u2019entreprise qui fabriquent ou mettent sur le march\u00e9 des articles tels que des meubles, des textiles, des bijoux, des outillages, des produits c\u00e9ramiques etc.<\/p>\n<p>Vous \u00eates concern\u00e9s par REACH si vous \u00eates en contact avec des produits chimiques dans le cadre de votre activit\u00e9, c\u2019est-\u00e0-dire si vous fabriquez, importez, stockez, mettez sur le march\u00e9 ou utilisez ces derniers. Cela concerne, en principe, toutes les entreprises commerciales, industrielles et artisanales, notamment l\u2019industrie du b\u00e2timent, les menuiseries, les ateliers de peinture et de vernissage, les services de nettoyage, les nettoyages chimiques, les ateliers, etc.<\/p>\n<p>Les pr\u00e9sentations se feront en langue fran\u00e7aise (sans traduction).<\/p>\n<p>Lien d\u2019invitation :\u00a0<a href=\"https:\/\/een-events.com\/session-epe2\/Home\/Page\/281\" target=\"_blank\" rel=\"noopener noreferrer\">https:\/\/een-events.com\/session-epe2\/Home\/Page\/281<\/a><br \/>\nSi vous souhaitez vous inscrire, veuillez remplir le formulaire en ligne :\u00a0<a href=\"https:\/\/een-events.com\/session-epe2\/Registration\/Company.\" target=\"_blank\" rel=\"noopener noreferrer\">https:\/\/een-events.com\/session-epe2\/Registration\/Company.<\/a>[\/vc_column_text][\/vc_column][\/vc_row]\n","protected":false},"featured_media":8961,"template":"","events_categories":[115],"class_list":{"0":"post-1939","1":"event","2":"type-event","3":"status-publish","4":"has-post-thumbnail","6":"events_categories-conferences"},"acf":[],"yoast_head":"<!-- This site is optimized with the Yoast SEO plugin v27.5 - https:\/\/yoast.com\/product\/yoast-seo-wordpress\/ -->\n<title>Entrepreneurs, parlons d\u2019Europe - INDR<\/title>\n<meta name=\"robots\" content=\"index, follow, max-snippet:-1, max-image-preview:large, max-video-preview:-1\" \/>\n<link rel=\"canonical\" href=\"https:\/\/indr.lu\/fr\/event\/entrepreneurs-parlons-deurope\/\" \/>\n<meta property=\"og:locale\" content=\"fr_FR\" \/>\n<meta property=\"og:type\" content=\"article\" \/>\n<meta property=\"og:title\" content=\"Entrepreneurs, parlons d\u2019Europe - INDR\" \/>\n<meta property=\"og:description\" content=\"Entrepreneurs, parlons d\u2019Europe \u00ab Comment g\u00e9rer vos obligations relatives aux substances chimiques dans le cadre de votre activit\u00e9 commerciale, industrielle et artisanale \u00bb.\" \/>\n<meta property=\"og:url\" content=\"https:\/\/indr.lu\/fr\/event\/entrepreneurs-parlons-deurope\/\" \/>\n<meta property=\"og:site_name\" content=\"INDR\" \/>\n<meta property=\"article:publisher\" content=\"https:\/\/www.facebook.com\/INDR.lu\" \/>\n<meta property=\"article:modified_time\" content=\"2021-06-04T14:41:18+00:00\" \/>\n<meta property=\"og:image\" content=\"https:\/\/indr.lu\/wp-content\/uploads\/2019\/12\/logo-Parlons-dEurope.png\" \/>\n\t<meta property=\"og:image:width\" content=\"613\" \/>\n\t<meta property=\"og:image:height\" content=\"311\" \/>\n\t<meta property=\"og:image:type\" content=\"image\/png\" \/>\n<meta name=\"twitter:card\" content=\"summary_large_image\" \/>\n<meta name=\"twitter:label1\" content=\"Dur\u00e9e de lecture estim\u00e9e\" \/>\n\t<meta name=\"twitter:data1\" content=\"3 minutes\" \/>\n<script type=\"application\/ld+json\" class=\"yoast-schema-graph\">{\"@context\":\"https:\\\/\\\/schema.org\",\"@graph\":[{\"@type\":\"WebPage\",\"@id\":\"https:\\\/\\\/indr.lu\\\/fr\\\/event\\\/entrepreneurs-parlons-deurope\\\/\",\"url\":\"https:\\\/\\\/indr.lu\\\/fr\\\/event\\\/entrepreneurs-parlons-deurope\\\/\",\"name\":\"Entrepreneurs, parlons d\u2019Europe - INDR\",\"isPartOf\":{\"@id\":\"https:\\\/\\\/indr.lu\\\/fr\\\/#website\"},\"primaryImageOfPage\":{\"@id\":\"https:\\\/\\\/indr.lu\\\/fr\\\/event\\\/entrepreneurs-parlons-deurope\\\/#primaryimage\"},\"image\":{\"@id\":\"https:\\\/\\\/indr.lu\\\/fr\\\/event\\\/entrepreneurs-parlons-deurope\\\/#primaryimage\"},\"thumbnailUrl\":\"https:\\\/\\\/indr.lu\\\/wp-content\\\/uploads\\\/2019\\\/12\\\/logo-Parlons-dEurope.png\",\"datePublished\":\"2019-12-04T17:33:02+00:00\",\"dateModified\":\"2021-06-04T14:41:18+00:00\",\"breadcrumb\":{\"@id\":\"https:\\\/\\\/indr.lu\\\/fr\\\/event\\\/entrepreneurs-parlons-deurope\\\/#breadcrumb\"},\"inLanguage\":\"fr-FR\",\"potentialAction\":[{\"@type\":\"ReadAction\",\"target\":[\"https:\\\/\\\/indr.lu\\\/fr\\\/event\\\/entrepreneurs-parlons-deurope\\\/\"]}]},{\"@type\":\"ImageObject\",\"inLanguage\":\"fr-FR\",\"@id\":\"https:\\\/\\\/indr.lu\\\/fr\\\/event\\\/entrepreneurs-parlons-deurope\\\/#primaryimage\",\"url\":\"https:\\\/\\\/indr.lu\\\/wp-content\\\/uploads\\\/2019\\\/12\\\/logo-Parlons-dEurope.png\",\"contentUrl\":\"https:\\\/\\\/indr.lu\\\/wp-content\\\/uploads\\\/2019\\\/12\\\/logo-Parlons-dEurope.png\",\"width\":613,\"height\":311},{\"@type\":\"BreadcrumbList\",\"@id\":\"https:\\\/\\\/indr.lu\\\/fr\\\/event\\\/entrepreneurs-parlons-deurope\\\/#breadcrumb\",\"itemListElement\":[{\"@type\":\"ListItem\",\"position\":1,\"name\":\"Home\",\"item\":\"https:\\\/\\\/indr.lu\\\/fr\\\/\"},{\"@type\":\"ListItem\",\"position\":2,\"name\":\"Entrepreneurs, parlons d\u2019Europe\"}]},{\"@type\":\"WebSite\",\"@id\":\"https:\\\/\\\/indr.lu\\\/fr\\\/#website\",\"url\":\"https:\\\/\\\/indr.lu\\\/fr\\\/\",\"name\":\"INDR\",\"description\":\"Institut national pour le d\u00e9veloppement durable et la RSE\",\"publisher\":{\"@id\":\"https:\\\/\\\/indr.lu\\\/fr\\\/#organization\"},\"potentialAction\":[{\"@type\":\"SearchAction\",\"target\":{\"@type\":\"EntryPoint\",\"urlTemplate\":\"https:\\\/\\\/indr.lu\\\/fr\\\/?s={search_term_string}\"},\"query-input\":{\"@type\":\"PropertyValueSpecification\",\"valueRequired\":true,\"valueName\":\"search_term_string\"}}],\"inLanguage\":\"fr-FR\"},{\"@type\":\"Organization\",\"@id\":\"https:\\\/\\\/indr.lu\\\/fr\\\/#organization\",\"name\":\"INDR\",\"alternateName\":\"L\u2019Institut National pour le D\u00e9veloppement durable et la Responsabilit\u00e9 sociale des entreprises\",\"url\":\"https:\\\/\\\/indr.lu\\\/fr\\\/\",\"logo\":{\"@type\":\"ImageObject\",\"inLanguage\":\"fr-FR\",\"@id\":\"https:\\\/\\\/indr.lu\\\/fr\\\/#\\\/schema\\\/logo\\\/image\\\/\",\"url\":\"https:\\\/\\\/indr.lu\\\/wp-content\\\/uploads\\\/2021\\\/04\\\/indr-logo.svg\",\"contentUrl\":\"https:\\\/\\\/indr.lu\\\/wp-content\\\/uploads\\\/2021\\\/04\\\/indr-logo.svg\",\"width\":\"1024\",\"height\":\"1024\",\"caption\":\"INDR\"},\"image\":{\"@id\":\"https:\\\/\\\/indr.lu\\\/fr\\\/#\\\/schema\\\/logo\\\/image\\\/\"},\"sameAs\":[\"https:\\\/\\\/www.facebook.com\\\/INDR.lu\",\"https:\\\/\\\/www.linkedin.com\\\/company\\\/indr---institut-national-pour-le-d-veloppement-durable-et-la-responsabilit-des-entreprises\\\/\"]}]}<\/script>\n<!-- \/ Yoast SEO plugin. -->","yoast_head_json":{"title":"Entrepreneurs, parlons d\u2019Europe - INDR","robots":{"index":"index","follow":"follow","max-snippet":"max-snippet:-1","max-image-preview":"max-image-preview:large","max-video-preview":"max-video-preview:-1"},"canonical":"https:\/\/indr.lu\/fr\/event\/entrepreneurs-parlons-deurope\/","og_locale":"fr_FR","og_type":"article","og_title":"Entrepreneurs, parlons d\u2019Europe - INDR","og_description":"Entrepreneurs, parlons d\u2019Europe \u00ab Comment g\u00e9rer vos obligations relatives aux substances chimiques dans le cadre de votre activit\u00e9 commerciale, industrielle et artisanale \u00bb.","og_url":"https:\/\/indr.lu\/fr\/event\/entrepreneurs-parlons-deurope\/","og_site_name":"INDR","article_publisher":"https:\/\/www.facebook.com\/INDR.lu","article_modified_time":"2021-06-04T14:41:18+00:00","og_image":[{"width":613,"height":311,"url":"https:\/\/indr.lu\/wp-content\/uploads\/2019\/12\/logo-Parlons-dEurope.png","type":"image\/png"}],"twitter_card":"summary_large_image","twitter_misc":{"Dur\u00e9e de lecture estim\u00e9e":"3 minutes"},"schema":{"@context":"https:\/\/schema.org","@graph":[{"@type":"WebPage","@id":"https:\/\/indr.lu\/fr\/event\/entrepreneurs-parlons-deurope\/","url":"https:\/\/indr.lu\/fr\/event\/entrepreneurs-parlons-deurope\/","name":"Entrepreneurs, parlons d\u2019Europe - INDR","isPartOf":{"@id":"https:\/\/indr.lu\/fr\/#website"},"primaryImageOfPage":{"@id":"https:\/\/indr.lu\/fr\/event\/entrepreneurs-parlons-deurope\/#primaryimage"},"image":{"@id":"https:\/\/indr.lu\/fr\/event\/entrepreneurs-parlons-deurope\/#primaryimage"},"thumbnailUrl":"https:\/\/indr.lu\/wp-content\/uploads\/2019\/12\/logo-Parlons-dEurope.png","datePublished":"2019-12-04T17:33:02+00:00","dateModified":"2021-06-04T14:41:18+00:00","breadcrumb":{"@id":"https:\/\/indr.lu\/fr\/event\/entrepreneurs-parlons-deurope\/#breadcrumb"},"inLanguage":"fr-FR","potentialAction":[{"@type":"ReadAction","target":["https:\/\/indr.lu\/fr\/event\/entrepreneurs-parlons-deurope\/"]}]},{"@type":"ImageObject","inLanguage":"fr-FR","@id":"https:\/\/indr.lu\/fr\/event\/entrepreneurs-parlons-deurope\/#primaryimage","url":"https:\/\/indr.lu\/wp-content\/uploads\/2019\/12\/logo-Parlons-dEurope.png","contentUrl":"https:\/\/indr.lu\/wp-content\/uploads\/2019\/12\/logo-Parlons-dEurope.png","width":613,"height":311},{"@type":"BreadcrumbList","@id":"https:\/\/indr.lu\/fr\/event\/entrepreneurs-parlons-deurope\/#breadcrumb","itemListElement":[{"@type":"ListItem","position":1,"name":"Home","item":"https:\/\/indr.lu\/fr\/"},{"@type":"ListItem","position":2,"name":"Entrepreneurs, parlons d\u2019Europe"}]},{"@type":"WebSite","@id":"https:\/\/indr.lu\/fr\/#website","url":"https:\/\/indr.lu\/fr\/","name":"INDR","description":"Institut national pour le d\u00e9veloppement durable et la RSE","publisher":{"@id":"https:\/\/indr.lu\/fr\/#organization"},"potentialAction":[{"@type":"SearchAction","target":{"@type":"EntryPoint","urlTemplate":"https:\/\/indr.lu\/fr\/?s={search_term_string}"},"query-input":{"@type":"PropertyValueSpecification","valueRequired":true,"valueName":"search_term_string"}}],"inLanguage":"fr-FR"},{"@type":"Organization","@id":"https:\/\/indr.lu\/fr\/#organization","name":"INDR","alternateName":"L\u2019Institut National pour le D\u00e9veloppement durable et la Responsabilit\u00e9 sociale des entreprises","url":"https:\/\/indr.lu\/fr\/","logo":{"@type":"ImageObject","inLanguage":"fr-FR","@id":"https:\/\/indr.lu\/fr\/#\/schema\/logo\/image\/","url":"https:\/\/indr.lu\/wp-content\/uploads\/2021\/04\/indr-logo.svg","contentUrl":"https:\/\/indr.lu\/wp-content\/uploads\/2021\/04\/indr-logo.svg","width":"1024","height":"1024","caption":"INDR"},"image":{"@id":"https:\/\/indr.lu\/fr\/#\/schema\/logo\/image\/"},"sameAs":["https:\/\/www.facebook.com\/INDR.lu","https:\/\/www.linkedin.com\/company\/indr---institut-national-pour-le-d-veloppement-durable-et-la-responsabilit-des-entreprises\/"]}]}},"_links":{"self":[{"href":"https:\/\/indr.lu\/fr\/wp-json\/wp\/v2\/event\/1939","targetHints":{"allow":["GET"]}}],"collection":[{"href":"https:\/\/indr.lu\/fr\/wp-json\/wp\/v2\/event"}],"about":[{"href":"https:\/\/indr.lu\/fr\/wp-json\/wp\/v2\/types\/event"}],"wp:featuredmedia":[{"embeddable":true,"href":"https:\/\/indr.lu\/fr\/wp-json\/wp\/v2\/media\/8961"}],"wp:attachment":[{"href":"https:\/\/indr.lu\/fr\/wp-json\/wp\/v2\/media?parent=1939"}],"wp:term":[{"taxonomy":"events_categories","embeddable":true,"href":"https:\/\/indr.lu\/fr\/wp-json\/wp\/v2\/events_categories?post=1939"}],"curies":[{"name":"wp","href":"https:\/\/api.w.org\/{rel}","templated":true}]}}