{"id":1944,"date":"2019-11-15T18:37:44","date_gmt":"2019-11-15T17:37:44","guid":{"rendered":"https:\/\/indr.lu\/?p=1944"},"modified":"2021-06-04T14:39:38","modified_gmt":"2021-06-04T14:39:38","slug":"prix-luxembourgeois-de-la-qualite-et-de-lexcellence","status":"publish","type":"event","link":"https:\/\/indr.lu\/fr\/event\/prix-luxembourgeois-de-la-qualite-et-de-lexcellence\/","title":{"rendered":"Prix Luxembourgeois de la Qualit\u00e9 et de l\u2018Excellence"},"content":{"rendered":"[vc_row type=&#8221;in_container&#8221; full_screen_row_position=&#8221;middle&#8221; column_margin=&#8221;default&#8221; column_direction=&#8221;default&#8221; column_direction_tablet=&#8221;default&#8221; column_direction_phone=&#8221;default&#8221; scene_position=&#8221;center&#8221; text_color=&#8221;dark&#8221; text_align=&#8221;left&#8221; row_border_radius=&#8221;none&#8221; row_border_radius_applies=&#8221;bg&#8221; overlay_strength=&#8221;0.3&#8243; gradient_direction=&#8221;left_to_right&#8221; shape_divider_position=&#8221;bottom&#8221; bg_image_animation=&#8221;none&#8221;][vc_column column_padding=&#8221;no-extra-padding&#8221; column_padding_tablet=&#8221;inherit&#8221; column_padding_phone=&#8221;inherit&#8221; column_padding_position=&#8221;all&#8221; column_element_spacing=&#8221;default&#8221; background_color_opacity=&#8221;1&#8243; background_hover_color_opacity=&#8221;1&#8243; column_shadow=&#8221;none&#8221; column_border_radius=&#8221;none&#8221; column_link_target=&#8221;_self&#8221; gradient_direction=&#8221;left_to_right&#8221; overlay_strength=&#8221;0.3&#8243; width=&#8221;1\/1&#8243; tablet_width_inherit=&#8221;default&#8221; tablet_text_alignment=&#8221;default&#8221; phone_text_alignment=&#8221;default&#8221; bg_image_animation=&#8221;none&#8221; border_type=&#8221;simple&#8221; column_border_width=&#8221;none&#8221; column_border_style=&#8221;solid&#8221;][vc_column_text]<img decoding=\"async\" src=\"https:\/\/indr.lu\/wp-content\/uploads\/2019\/11\/plqe-2019-gala.jpg\" sizes=\"(max-width: 1280px) 100vw, 1280px\" srcset=\"https:\/\/indr.lu\/wp-content\/uploads\/2019\/11\/plqe-2019-gala.jpg 1280w, https:\/\/indr.lu\/wp-content\/uploads\/2019\/11\/plqe-2019-gala-300x211.jpg 300w, https:\/\/indr.lu\/wp-content\/uploads\/2019\/11\/plqe-2019-gala-768x541.jpg 768w, https:\/\/indr.lu\/wp-content\/uploads\/2019\/11\/plqe-2019-gala-1024x722.jpg 1024w\" alt=\"\" width=\"1280\" height=\"902\" \/><\/p>\n<p>Le Minist\u00e8re de l\u2019Economie et le Mouvement Luxembourgeois pour la Qualit\u00e9 et l\u2018Excellence Asbl, ont l\u2018honneur de vous inviter \u00e0 la remise du Prix Luxembourgeois de la Qualit\u00e9 et de l\u2018Excellence<\/p>\n<p>qui se d\u00e9roulera :<br \/>\nle 15 novembre 2019 \u00e0 18h00<br \/>\n\u00e0 la Chambre des M\u00e9tiers<\/p>\n<p>(2 circuit de la Foire Internationale &#8211; L-1347 Luxembourg-Kirchberg)<\/p>\n<p>La c\u00e9r\u00e9monie sera suivie par un cocktail d\u00eenatoire et un espace networking<\/p>\n<p><a href=\"https:\/\/www.mlqe.lu\/inscription-plqe-gala\" target=\"_blank\" rel=\"nofollow noopener noreferrer\">Les places sont limit\u00e9es, inscrivez-vous vite !<\/a><\/p>\n[\/vc_column_text][\/vc_column][\/vc_row]\n","protected":false},"featured_media":8962,"template":"","events_categories":[115],"class_list":{"0":"post-1944","1":"event","2":"type-event","3":"status-publish","4":"has-post-thumbnail","6":"events_categories-conferences"},"acf":[],"yoast_head":"<!-- This site is optimized with the Yoast SEO plugin v27.5 - https:\/\/yoast.com\/product\/yoast-seo-wordpress\/ -->\n<title>Prix Luxembourgeois de la Qualit\u00e9 et de l\u2018Excellence - INDR<\/title>\n<meta name=\"robots\" content=\"index, follow, max-snippet:-1, max-image-preview:large, max-video-preview:-1\" \/>\n<link rel=\"canonical\" href=\"https:\/\/indr.lu\/fr\/event\/prix-luxembourgeois-de-la-qualite-et-de-lexcellence\/\" \/>\n<meta property=\"og:locale\" content=\"fr_FR\" \/>\n<meta property=\"og:type\" content=\"article\" \/>\n<meta property=\"og:title\" content=\"Prix Luxembourgeois de la Qualit\u00e9 et de l\u2018Excellence - INDR\" \/>\n<meta property=\"og:description\" content=\"Le Minist\u00e8re de l\u2019Economie et le Mouvement Luxembourgeois pour la Qualit\u00e9 et l\u2018Excellence Asbl, ont l\u2018honneur de vous inviter \u00e0 la remise du Prix Luxembourgeois de la Qualit\u00e9 et de l\u2018Excellence\" \/>\n<meta property=\"og:url\" content=\"https:\/\/indr.lu\/fr\/event\/prix-luxembourgeois-de-la-qualite-et-de-lexcellence\/\" \/>\n<meta property=\"og:site_name\" content=\"INDR\" \/>\n<meta property=\"article:publisher\" content=\"https:\/\/www.facebook.com\/INDR.lu\" \/>\n<meta property=\"article:modified_time\" content=\"2021-06-04T14:39:38+00:00\" \/>\n<meta property=\"og:image\" content=\"https:\/\/indr.lu\/wp-content\/uploads\/2019\/11\/plqe-2019-gala.jpg\" \/>\n\t<meta property=\"og:image:width\" content=\"1280\" \/>\n\t<meta property=\"og:image:height\" content=\"902\" \/>\n\t<meta property=\"og:image:type\" content=\"image\/jpeg\" \/>\n<meta name=\"twitter:card\" content=\"summary_large_image\" \/>\n<meta name=\"twitter:label1\" content=\"Dur\u00e9e de lecture estim\u00e9e\" \/>\n\t<meta name=\"twitter:data1\" content=\"1 minute\" \/>\n<script type=\"application\/ld+json\" class=\"yoast-schema-graph\">{\"@context\":\"https:\\\/\\\/schema.org\",\"@graph\":[{\"@type\":\"WebPage\",\"@id\":\"https:\\\/\\\/indr.lu\\\/fr\\\/event\\\/prix-luxembourgeois-de-la-qualite-et-de-lexcellence\\\/\",\"url\":\"https:\\\/\\\/indr.lu\\\/fr\\\/event\\\/prix-luxembourgeois-de-la-qualite-et-de-lexcellence\\\/\",\"name\":\"Prix Luxembourgeois de la Qualit\u00e9 et de l\u2018Excellence - INDR\",\"isPartOf\":{\"@id\":\"https:\\\/\\\/indr.lu\\\/fr\\\/#website\"},\"primaryImageOfPage\":{\"@id\":\"https:\\\/\\\/indr.lu\\\/fr\\\/event\\\/prix-luxembourgeois-de-la-qualite-et-de-lexcellence\\\/#primaryimage\"},\"image\":{\"@id\":\"https:\\\/\\\/indr.lu\\\/fr\\\/event\\\/prix-luxembourgeois-de-la-qualite-et-de-lexcellence\\\/#primaryimage\"},\"thumbnailUrl\":\"https:\\\/\\\/indr.lu\\\/wp-content\\\/uploads\\\/2019\\\/11\\\/plqe-2019-gala.jpg\",\"datePublished\":\"2019-11-15T17:37:44+00:00\",\"dateModified\":\"2021-06-04T14:39:38+00:00\",\"breadcrumb\":{\"@id\":\"https:\\\/\\\/indr.lu\\\/fr\\\/event\\\/prix-luxembourgeois-de-la-qualite-et-de-lexcellence\\\/#breadcrumb\"},\"inLanguage\":\"fr-FR\",\"potentialAction\":[{\"@type\":\"ReadAction\",\"target\":[\"https:\\\/\\\/indr.lu\\\/fr\\\/event\\\/prix-luxembourgeois-de-la-qualite-et-de-lexcellence\\\/\"]}]},{\"@type\":\"ImageObject\",\"inLanguage\":\"fr-FR\",\"@id\":\"https:\\\/\\\/indr.lu\\\/fr\\\/event\\\/prix-luxembourgeois-de-la-qualite-et-de-lexcellence\\\/#primaryimage\",\"url\":\"https:\\\/\\\/indr.lu\\\/wp-content\\\/uploads\\\/2019\\\/11\\\/plqe-2019-gala.jpg\",\"contentUrl\":\"https:\\\/\\\/indr.lu\\\/wp-content\\\/uploads\\\/2019\\\/11\\\/plqe-2019-gala.jpg\",\"width\":1280,\"height\":902},{\"@type\":\"BreadcrumbList\",\"@id\":\"https:\\\/\\\/indr.lu\\\/fr\\\/event\\\/prix-luxembourgeois-de-la-qualite-et-de-lexcellence\\\/#breadcrumb\",\"itemListElement\":[{\"@type\":\"ListItem\",\"position\":1,\"name\":\"Home\",\"item\":\"https:\\\/\\\/indr.lu\\\/fr\\\/\"},{\"@type\":\"ListItem\",\"position\":2,\"name\":\"Prix Luxembourgeois de la Qualit\u00e9 et de l\u2018Excellence\"}]},{\"@type\":\"WebSite\",\"@id\":\"https:\\\/\\\/indr.lu\\\/fr\\\/#website\",\"url\":\"https:\\\/\\\/indr.lu\\\/fr\\\/\",\"name\":\"INDR\",\"description\":\"Institut national pour le d\u00e9veloppement durable et la RSE\",\"publisher\":{\"@id\":\"https:\\\/\\\/indr.lu\\\/fr\\\/#organization\"},\"potentialAction\":[{\"@type\":\"SearchAction\",\"target\":{\"@type\":\"EntryPoint\",\"urlTemplate\":\"https:\\\/\\\/indr.lu\\\/fr\\\/?s={search_term_string}\"},\"query-input\":{\"@type\":\"PropertyValueSpecification\",\"valueRequired\":true,\"valueName\":\"search_term_string\"}}],\"inLanguage\":\"fr-FR\"},{\"@type\":\"Organization\",\"@id\":\"https:\\\/\\\/indr.lu\\\/fr\\\/#organization\",\"name\":\"INDR\",\"alternateName\":\"L\u2019Institut National pour le D\u00e9veloppement durable et la Responsabilit\u00e9 sociale des entreprises\",\"url\":\"https:\\\/\\\/indr.lu\\\/fr\\\/\",\"logo\":{\"@type\":\"ImageObject\",\"inLanguage\":\"fr-FR\",\"@id\":\"https:\\\/\\\/indr.lu\\\/fr\\\/#\\\/schema\\\/logo\\\/image\\\/\",\"url\":\"https:\\\/\\\/indr.lu\\\/wp-content\\\/uploads\\\/2021\\\/04\\\/indr-logo.svg\",\"contentUrl\":\"https:\\\/\\\/indr.lu\\\/wp-content\\\/uploads\\\/2021\\\/04\\\/indr-logo.svg\",\"width\":\"1024\",\"height\":\"1024\",\"caption\":\"INDR\"},\"image\":{\"@id\":\"https:\\\/\\\/indr.lu\\\/fr\\\/#\\\/schema\\\/logo\\\/image\\\/\"},\"sameAs\":[\"https:\\\/\\\/www.facebook.com\\\/INDR.lu\",\"https:\\\/\\\/www.linkedin.com\\\/company\\\/indr---institut-national-pour-le-d-veloppement-durable-et-la-responsabilit-des-entreprises\\\/\"]}]}<\/script>\n<!-- \/ Yoast SEO plugin. -->","yoast_head_json":{"title":"Prix Luxembourgeois de la Qualit\u00e9 et de l\u2018Excellence - INDR","robots":{"index":"index","follow":"follow","max-snippet":"max-snippet:-1","max-image-preview":"max-image-preview:large","max-video-preview":"max-video-preview:-1"},"canonical":"https:\/\/indr.lu\/fr\/event\/prix-luxembourgeois-de-la-qualite-et-de-lexcellence\/","og_locale":"fr_FR","og_type":"article","og_title":"Prix Luxembourgeois de la Qualit\u00e9 et de l\u2018Excellence - INDR","og_description":"Le Minist\u00e8re de l\u2019Economie et le Mouvement Luxembourgeois pour la Qualit\u00e9 et l\u2018Excellence Asbl, ont l\u2018honneur de vous inviter \u00e0 la remise du Prix Luxembourgeois de la Qualit\u00e9 et de l\u2018Excellence","og_url":"https:\/\/indr.lu\/fr\/event\/prix-luxembourgeois-de-la-qualite-et-de-lexcellence\/","og_site_name":"INDR","article_publisher":"https:\/\/www.facebook.com\/INDR.lu","article_modified_time":"2021-06-04T14:39:38+00:00","og_image":[{"width":1280,"height":902,"url":"https:\/\/indr.lu\/wp-content\/uploads\/2019\/11\/plqe-2019-gala.jpg","type":"image\/jpeg"}],"twitter_card":"summary_large_image","twitter_misc":{"Dur\u00e9e de lecture estim\u00e9e":"1 minute"},"schema":{"@context":"https:\/\/schema.org","@graph":[{"@type":"WebPage","@id":"https:\/\/indr.lu\/fr\/event\/prix-luxembourgeois-de-la-qualite-et-de-lexcellence\/","url":"https:\/\/indr.lu\/fr\/event\/prix-luxembourgeois-de-la-qualite-et-de-lexcellence\/","name":"Prix Luxembourgeois de la Qualit\u00e9 et de l\u2018Excellence - INDR","isPartOf":{"@id":"https:\/\/indr.lu\/fr\/#website"},"primaryImageOfPage":{"@id":"https:\/\/indr.lu\/fr\/event\/prix-luxembourgeois-de-la-qualite-et-de-lexcellence\/#primaryimage"},"image":{"@id":"https:\/\/indr.lu\/fr\/event\/prix-luxembourgeois-de-la-qualite-et-de-lexcellence\/#primaryimage"},"thumbnailUrl":"https:\/\/indr.lu\/wp-content\/uploads\/2019\/11\/plqe-2019-gala.jpg","datePublished":"2019-11-15T17:37:44+00:00","dateModified":"2021-06-04T14:39:38+00:00","breadcrumb":{"@id":"https:\/\/indr.lu\/fr\/event\/prix-luxembourgeois-de-la-qualite-et-de-lexcellence\/#breadcrumb"},"inLanguage":"fr-FR","potentialAction":[{"@type":"ReadAction","target":["https:\/\/indr.lu\/fr\/event\/prix-luxembourgeois-de-la-qualite-et-de-lexcellence\/"]}]},{"@type":"ImageObject","inLanguage":"fr-FR","@id":"https:\/\/indr.lu\/fr\/event\/prix-luxembourgeois-de-la-qualite-et-de-lexcellence\/#primaryimage","url":"https:\/\/indr.lu\/wp-content\/uploads\/2019\/11\/plqe-2019-gala.jpg","contentUrl":"https:\/\/indr.lu\/wp-content\/uploads\/2019\/11\/plqe-2019-gala.jpg","width":1280,"height":902},{"@type":"BreadcrumbList","@id":"https:\/\/indr.lu\/fr\/event\/prix-luxembourgeois-de-la-qualite-et-de-lexcellence\/#breadcrumb","itemListElement":[{"@type":"ListItem","position":1,"name":"Home","item":"https:\/\/indr.lu\/fr\/"},{"@type":"ListItem","position":2,"name":"Prix Luxembourgeois de la Qualit\u00e9 et de l\u2018Excellence"}]},{"@type":"WebSite","@id":"https:\/\/indr.lu\/fr\/#website","url":"https:\/\/indr.lu\/fr\/","name":"INDR","description":"Institut national pour le d\u00e9veloppement durable et la RSE","publisher":{"@id":"https:\/\/indr.lu\/fr\/#organization"},"potentialAction":[{"@type":"SearchAction","target":{"@type":"EntryPoint","urlTemplate":"https:\/\/indr.lu\/fr\/?s={search_term_string}"},"query-input":{"@type":"PropertyValueSpecification","valueRequired":true,"valueName":"search_term_string"}}],"inLanguage":"fr-FR"},{"@type":"Organization","@id":"https:\/\/indr.lu\/fr\/#organization","name":"INDR","alternateName":"L\u2019Institut National pour le D\u00e9veloppement durable et la Responsabilit\u00e9 sociale des entreprises","url":"https:\/\/indr.lu\/fr\/","logo":{"@type":"ImageObject","inLanguage":"fr-FR","@id":"https:\/\/indr.lu\/fr\/#\/schema\/logo\/image\/","url":"https:\/\/indr.lu\/wp-content\/uploads\/2021\/04\/indr-logo.svg","contentUrl":"https:\/\/indr.lu\/wp-content\/uploads\/2021\/04\/indr-logo.svg","width":"1024","height":"1024","caption":"INDR"},"image":{"@id":"https:\/\/indr.lu\/fr\/#\/schema\/logo\/image\/"},"sameAs":["https:\/\/www.facebook.com\/INDR.lu","https:\/\/www.linkedin.com\/company\/indr---institut-national-pour-le-d-veloppement-durable-et-la-responsabilit-des-entreprises\/"]}]}},"_links":{"self":[{"href":"https:\/\/indr.lu\/fr\/wp-json\/wp\/v2\/event\/1944","targetHints":{"allow":["GET"]}}],"collection":[{"href":"https:\/\/indr.lu\/fr\/wp-json\/wp\/v2\/event"}],"about":[{"href":"https:\/\/indr.lu\/fr\/wp-json\/wp\/v2\/types\/event"}],"wp:featuredmedia":[{"embeddable":true,"href":"https:\/\/indr.lu\/fr\/wp-json\/wp\/v2\/media\/8962"}],"wp:attachment":[{"href":"https:\/\/indr.lu\/fr\/wp-json\/wp\/v2\/media?parent=1944"}],"wp:term":[{"taxonomy":"events_categories","embeddable":true,"href":"https:\/\/indr.lu\/fr\/wp-json\/wp\/v2\/events_categories?post=1944"}],"curies":[{"name":"wp","href":"https:\/\/api.w.org\/{rel}","templated":true}]}}