{"id":1949,"date":"2019-11-14T18:40:54","date_gmt":"2019-11-14T17:40:54","guid":{"rendered":"https:\/\/indr.lu\/?p=1949"},"modified":"2021-06-04T14:37:50","modified_gmt":"2021-06-04T14:37:50","slug":"metiers-de-lalimentation-comment-reduire-lusage-de-produits-en-plastique","status":"publish","type":"event","link":"https:\/\/indr.lu\/fr\/event\/metiers-de-lalimentation-comment-reduire-lusage-de-produits-en-plastique\/","title":{"rendered":"M\u00e9tiers de l\u2019alimentation : comment r\u00e9duire l\u2019usage de produits en plastique ?"},"content":{"rendered":"<p>[vc_row type=&#8221;in_container&#8221; full_screen_row_position=&#8221;middle&#8221; column_margin=&#8221;default&#8221; column_direction=&#8221;default&#8221; column_direction_tablet=&#8221;default&#8221; column_direction_phone=&#8221;default&#8221; scene_position=&#8221;center&#8221; text_color=&#8221;dark&#8221; text_align=&#8221;left&#8221; row_border_radius=&#8221;none&#8221; row_border_radius_applies=&#8221;bg&#8221; overlay_strength=&#8221;0.3&#8243; gradient_direction=&#8221;left_to_right&#8221; shape_divider_position=&#8221;bottom&#8221; bg_image_animation=&#8221;none&#8221;][vc_column column_padding=&#8221;no-extra-padding&#8221; column_padding_tablet=&#8221;inherit&#8221; column_padding_phone=&#8221;inherit&#8221; column_padding_position=&#8221;all&#8221; column_element_spacing=&#8221;default&#8221; background_color_opacity=&#8221;1&#8243; background_hover_color_opacity=&#8221;1&#8243; column_shadow=&#8221;none&#8221; column_border_radius=&#8221;none&#8221; column_link_target=&#8221;_self&#8221; gradient_direction=&#8221;left_to_right&#8221; overlay_strength=&#8221;0.3&#8243; width=&#8221;1\/1&#8243; tablet_width_inherit=&#8221;default&#8221; tablet_text_alignment=&#8221;default&#8221; phone_text_alignment=&#8221;default&#8221; bg_image_animation=&#8221;none&#8221; border_type=&#8221;simple&#8221; column_border_width=&#8221;none&#8221; column_border_style=&#8221;solid&#8221;][vc_column_text]Le Luxembourg Institute of Science and Technology (LIST) et la Chambre des M\u00e9tiers organisent, dans le cadre du cycle Betriber&amp;Emwelt, un lunch meeting sur la directive relative aux plastiques \u00e0 usage unique pour le secteur de la restauration. Ce lunch meeting se d\u00e9roulera le 14 novembre de 12 h \u00e0 14 h dans les locaux de la Chambre des M\u00e9tiers \u00e0 Luxembourg-Kirchberg.<\/p>\n<p>La directive du 5 juin 2019 relative \u00e0 la r\u00e9duction de l\u2019incidence de certains produits en plastique sur l\u2019environnement vise, notamment, \u00e0 supprimer une dizaine de produits en plastique \u00e0 usage unique, comme par exemple les couverts, les assiettes, les pailles, les gobelets. Cette directive sera transpos\u00e9e au Luxembourg. Pour pr\u00e9parer l\u2019avant projet de loi sur les d\u00e9chets, le Minist\u00e8re de l\u2019Environnement, du Climat et du D\u00e9veloppement Durable a mis en \u0153uvre la campagne \u00ab Null Offall L\u00ebtzebuerg \u00bb. Dans le cadre de votre m\u00e9tier de restaurateur, vous serez amen\u00e9 \u00e0 r\u00e9duire, \u00e0 l\u2019avenir, l\u2019usage de produits de produits en plastique dans votre activit\u00e9. Alors, participez \u00e0 cet \u00e9v\u00e8nement et posez vos questions aux soci\u00e9t\u00e9s ayant d\u00e9j\u00e0 mis en place des bonnes pratiques et des solutions concr\u00e8tes.<\/p>\n<p>Objectifs<br \/>\nL\u2019objectif de la session d\u2019information est de vous proposer des solutions pour r\u00e9duire l\u2019usage de produits en plastique dans votre activit\u00e9.<\/p>\n<p>Public cible<br \/>\nCet \u00e9v\u00e8nement s\u2019adresse en particulier aux restaurateurs.<\/p>\n<p><strong>Programme<\/strong><\/p>\n<p><strong>12h00<\/strong><br \/>\nAccueil et \u00ab sandwich-lunch \u00bb<\/p>\n<p><strong>12h15<\/strong><br \/>\nMot de bienvenue<br \/>\nAnne Majerus, Conseill\u00e8re technique et \u00e9conomique, Chambre des m\u00e9tiers<\/p>\n<p><strong>12h20<\/strong><br \/>\nContexte r\u00e9glementaire : Directive du 5 juin 2019 relative \u00e0 la r\u00e9duction de l\u2019incidence de certains produits en plastique sur l\u2019environnement, strat\u00e9gie \u00ab Null Ofall L\u00ebtzebuerg \u00bb<br \/>\nAdministration de l\u2019Environnement (AEV)<\/p>\n<p><strong>12h35<\/strong><br \/>\nSolutions pour r\u00e9duire l\u2019utilisation de produits en plastique dans le secteur de la restauration<\/p>\n<ul>\n<li>Projet IMS \u00ab Zero Single use Plastic \u00bb<\/li>\n<li>Retour d\u2019exp\u00e9riences<\/li>\n<\/ul>\n<p>Nancy Thomas, Directrice, &amp; Ana\u00efs Michel, Project Manager Assistant \u2013 Waste Reduction Management, IMS \u2013 Inspiring More Sustainability<\/p>\n<p><strong>12h55<\/strong><br \/>\nRetour d\u2019exp\u00e9rience de Sodexo sur l\u2019utilisation de l\u2019Ecobox<br \/>\nLaurence Graff, Directrice Marketing et Communication, Sodexo<\/p>\n<p><strong>13h10<\/strong><br \/>\nBonnes pratiques de Sodexo sur la r\u00e9duction de l\u2019usage des plastiques<br \/>\nLaurence Graff, Directrice Marketing et Communication, Sodexo<\/p>\n<p><strong>13h25<\/strong><br \/>\nQuestions &amp; R\u00e9ponses<\/p>\n<p><strong>13h40<\/strong><br \/>\nMot de cl\u00f4ture<br \/>\nAnne Majerus, Conseill\u00e8re technique et \u00e9conomique, Chambre des m\u00e9tiers<\/p>\n<p><strong>13h45<\/strong><br \/>\nFin<\/p>\n<p>Information compl\u00e9mentaire<br \/>\nCet \u00e9v\u00e8nement s\u2019inscrit dans le cadre du cycle \u00abBetriber &amp; Emwelt\u00bb o\u00f9 le d\u00e9partement \u00abEnvironmental Research and Innovation\u00bb (ERIN) du \u00abLuxembourg Institute of Science and Technology\u00bb (LIST), conjointement avec l\u2019Administration de l\u2019Environnement (AEV), propose aux entreprises et aux structures publiques luxembourgeoises, une s\u00e9rie de sessions d\u2019information sur des th\u00e9matiques li\u00e9es \u00e0 l\u2019environnement.<\/p>\n<p>Lien d\u2019inscription :\u00a0<a href=\"https:\/\/www.betriber-emwelt.lu\/fr\/evenements\/evenement-detail\/betriberemwelt-lunch-meeting-metiers-de-la-restauration-comment-reduire-lusage-de-produits-en\/\" target=\"_blank\" rel=\"nofollow noopener noreferrer\">https:\/\/www.betriber-emwelt.lu\/fr\/evenements\/evenement-detail\/betriberemwelt-lunch-meeting-metiers-de-la-restauration-comment-reduire-lusage-de-produits-en\/<\/a><\/p>\n<p>[\/vc_column_text][\/vc_column][\/vc_row]<\/p>\n<div class=\"nectar-social fixed\" data-position=\"\" data-rm-love=\"1\" data-color-override=\"override\"><a href=\"#\"><span class=\"screen-reader-text\">Share<\/span><i class=\"icon-default-style steadysets-icon-share\"><\/i><\/a><div class=\"nectar-social-inner\"><a class='linkedin-share nectar-sharing' href='#' title='Share this'> <i class='fa fa-linkedin'><\/i> <span class='social-text'>Share<\/span> <\/a><\/div><\/div>","protected":false},"featured_media":8963,"template":"","events_categories":[115],"class_list":["post-1949","event","type-event","status-publish","has-post-thumbnail","hentry","events_categories-conferences"],"acf":[],"yoast_head":"<!-- This site is optimized with the Yoast SEO plugin v27.4 - https:\/\/yoast.com\/product\/yoast-seo-wordpress\/ -->\n<title>M\u00e9tiers de l\u2019alimentation : comment r\u00e9duire l\u2019usage de produits en plastique ? - INDR<\/title>\n<meta name=\"robots\" content=\"index, follow, max-snippet:-1, max-image-preview:large, max-video-preview:-1\" \/>\n<link rel=\"canonical\" href=\"https:\/\/indr.lu\/fr\/event\/metiers-de-lalimentation-comment-reduire-lusage-de-produits-en-plastique\/\" \/>\n<meta property=\"og:locale\" content=\"fr_FR\" \/>\n<meta property=\"og:type\" content=\"article\" \/>\n<meta property=\"og:title\" content=\"M\u00e9tiers de l\u2019alimentation : comment r\u00e9duire l\u2019usage de produits en plastique ? - INDR\" \/>\n<meta property=\"og:description\" content=\"Le Luxembourg Institute of Science and Technology (LIST) et la Chambre des M\u00e9tiers organisent, dans le cadre du cycle Betriber&amp;Emwelt\" \/>\n<meta property=\"og:url\" content=\"https:\/\/indr.lu\/fr\/event\/metiers-de-lalimentation-comment-reduire-lusage-de-produits-en-plastique\/\" \/>\n<meta property=\"og:site_name\" content=\"INDR\" \/>\n<meta property=\"article:publisher\" content=\"https:\/\/www.facebook.com\/INDR.lu\" \/>\n<meta property=\"article:modified_time\" content=\"2021-06-04T14:37:50+00:00\" \/>\n<meta property=\"og:image\" content=\"https:\/\/indr.lu\/wp-content\/uploads\/2019\/11\/LogoB_E-resized.jpg\" \/>\n\t<meta property=\"og:image:width\" content=\"474\" \/>\n\t<meta property=\"og:image:height\" content=\"356\" \/>\n\t<meta property=\"og:image:type\" content=\"image\/jpeg\" \/>\n<meta name=\"twitter:card\" content=\"summary_large_image\" \/>\n<meta name=\"twitter:label1\" content=\"Dur\u00e9e de lecture estim\u00e9e\" \/>\n\t<meta name=\"twitter:data1\" content=\"3 minutes\" \/>\n<script type=\"application\/ld+json\" class=\"yoast-schema-graph\">{\"@context\":\"https:\\\/\\\/schema.org\",\"@graph\":[{\"@type\":\"WebPage\",\"@id\":\"https:\\\/\\\/indr.lu\\\/fr\\\/event\\\/metiers-de-lalimentation-comment-reduire-lusage-de-produits-en-plastique\\\/\",\"url\":\"https:\\\/\\\/indr.lu\\\/fr\\\/event\\\/metiers-de-lalimentation-comment-reduire-lusage-de-produits-en-plastique\\\/\",\"name\":\"M\u00e9tiers de l\u2019alimentation : comment r\u00e9duire l\u2019usage de produits en plastique ? - INDR\",\"isPartOf\":{\"@id\":\"https:\\\/\\\/indr.lu\\\/fr\\\/#website\"},\"primaryImageOfPage\":{\"@id\":\"https:\\\/\\\/indr.lu\\\/fr\\\/event\\\/metiers-de-lalimentation-comment-reduire-lusage-de-produits-en-plastique\\\/#primaryimage\"},\"image\":{\"@id\":\"https:\\\/\\\/indr.lu\\\/fr\\\/event\\\/metiers-de-lalimentation-comment-reduire-lusage-de-produits-en-plastique\\\/#primaryimage\"},\"thumbnailUrl\":\"https:\\\/\\\/indr.lu\\\/wp-content\\\/uploads\\\/2019\\\/11\\\/LogoB_E-resized.jpg\",\"datePublished\":\"2019-11-14T17:40:54+00:00\",\"dateModified\":\"2021-06-04T14:37:50+00:00\",\"breadcrumb\":{\"@id\":\"https:\\\/\\\/indr.lu\\\/fr\\\/event\\\/metiers-de-lalimentation-comment-reduire-lusage-de-produits-en-plastique\\\/#breadcrumb\"},\"inLanguage\":\"fr-FR\",\"potentialAction\":[{\"@type\":\"ReadAction\",\"target\":[\"https:\\\/\\\/indr.lu\\\/fr\\\/event\\\/metiers-de-lalimentation-comment-reduire-lusage-de-produits-en-plastique\\\/\"]}]},{\"@type\":\"ImageObject\",\"inLanguage\":\"fr-FR\",\"@id\":\"https:\\\/\\\/indr.lu\\\/fr\\\/event\\\/metiers-de-lalimentation-comment-reduire-lusage-de-produits-en-plastique\\\/#primaryimage\",\"url\":\"https:\\\/\\\/indr.lu\\\/wp-content\\\/uploads\\\/2019\\\/11\\\/LogoB_E-resized.jpg\",\"contentUrl\":\"https:\\\/\\\/indr.lu\\\/wp-content\\\/uploads\\\/2019\\\/11\\\/LogoB_E-resized.jpg\",\"width\":474,\"height\":356},{\"@type\":\"BreadcrumbList\",\"@id\":\"https:\\\/\\\/indr.lu\\\/fr\\\/event\\\/metiers-de-lalimentation-comment-reduire-lusage-de-produits-en-plastique\\\/#breadcrumb\",\"itemListElement\":[{\"@type\":\"ListItem\",\"position\":1,\"name\":\"Home\",\"item\":\"https:\\\/\\\/indr.lu\\\/fr\\\/\"},{\"@type\":\"ListItem\",\"position\":2,\"name\":\"M\u00e9tiers de l\u2019alimentation : comment r\u00e9duire l\u2019usage de produits en plastique ?\"}]},{\"@type\":\"WebSite\",\"@id\":\"https:\\\/\\\/indr.lu\\\/fr\\\/#website\",\"url\":\"https:\\\/\\\/indr.lu\\\/fr\\\/\",\"name\":\"INDR\",\"description\":\"Institut national pour le d\u00e9veloppement durable et la RSE\",\"publisher\":{\"@id\":\"https:\\\/\\\/indr.lu\\\/fr\\\/#organization\"},\"potentialAction\":[{\"@type\":\"SearchAction\",\"target\":{\"@type\":\"EntryPoint\",\"urlTemplate\":\"https:\\\/\\\/indr.lu\\\/fr\\\/?s={search_term_string}\"},\"query-input\":{\"@type\":\"PropertyValueSpecification\",\"valueRequired\":true,\"valueName\":\"search_term_string\"}}],\"inLanguage\":\"fr-FR\"},{\"@type\":\"Organization\",\"@id\":\"https:\\\/\\\/indr.lu\\\/fr\\\/#organization\",\"name\":\"INDR\",\"alternateName\":\"L\u2019Institut National pour le D\u00e9veloppement durable et la Responsabilit\u00e9 sociale des entreprises\",\"url\":\"https:\\\/\\\/indr.lu\\\/fr\\\/\",\"logo\":{\"@type\":\"ImageObject\",\"inLanguage\":\"fr-FR\",\"@id\":\"https:\\\/\\\/indr.lu\\\/fr\\\/#\\\/schema\\\/logo\\\/image\\\/\",\"url\":\"https:\\\/\\\/indr.lu\\\/wp-content\\\/uploads\\\/2021\\\/04\\\/indr-logo.svg\",\"contentUrl\":\"https:\\\/\\\/indr.lu\\\/wp-content\\\/uploads\\\/2021\\\/04\\\/indr-logo.svg\",\"width\":\"1024\",\"height\":\"1024\",\"caption\":\"INDR\"},\"image\":{\"@id\":\"https:\\\/\\\/indr.lu\\\/fr\\\/#\\\/schema\\\/logo\\\/image\\\/\"},\"sameAs\":[\"https:\\\/\\\/www.facebook.com\\\/INDR.lu\",\"https:\\\/\\\/www.linkedin.com\\\/company\\\/indr---institut-national-pour-le-d-veloppement-durable-et-la-responsabilit-des-entreprises\\\/\"]}]}<\/script>\n<!-- \/ Yoast SEO plugin. -->","yoast_head_json":{"title":"M\u00e9tiers de l\u2019alimentation : comment r\u00e9duire l\u2019usage de produits en plastique ? - INDR","robots":{"index":"index","follow":"follow","max-snippet":"max-snippet:-1","max-image-preview":"max-image-preview:large","max-video-preview":"max-video-preview:-1"},"canonical":"https:\/\/indr.lu\/fr\/event\/metiers-de-lalimentation-comment-reduire-lusage-de-produits-en-plastique\/","og_locale":"fr_FR","og_type":"article","og_title":"M\u00e9tiers de l\u2019alimentation : comment r\u00e9duire l\u2019usage de produits en plastique ? - INDR","og_description":"Le Luxembourg Institute of Science and Technology (LIST) et la Chambre des M\u00e9tiers organisent, dans le cadre du cycle Betriber&Emwelt","og_url":"https:\/\/indr.lu\/fr\/event\/metiers-de-lalimentation-comment-reduire-lusage-de-produits-en-plastique\/","og_site_name":"INDR","article_publisher":"https:\/\/www.facebook.com\/INDR.lu","article_modified_time":"2021-06-04T14:37:50+00:00","og_image":[{"width":474,"height":356,"url":"https:\/\/indr.lu\/wp-content\/uploads\/2019\/11\/LogoB_E-resized.jpg","type":"image\/jpeg"}],"twitter_card":"summary_large_image","twitter_misc":{"Dur\u00e9e de lecture estim\u00e9e":"3 minutes"},"schema":{"@context":"https:\/\/schema.org","@graph":[{"@type":"WebPage","@id":"https:\/\/indr.lu\/fr\/event\/metiers-de-lalimentation-comment-reduire-lusage-de-produits-en-plastique\/","url":"https:\/\/indr.lu\/fr\/event\/metiers-de-lalimentation-comment-reduire-lusage-de-produits-en-plastique\/","name":"M\u00e9tiers de l\u2019alimentation : comment r\u00e9duire l\u2019usage de produits en plastique ? - INDR","isPartOf":{"@id":"https:\/\/indr.lu\/fr\/#website"},"primaryImageOfPage":{"@id":"https:\/\/indr.lu\/fr\/event\/metiers-de-lalimentation-comment-reduire-lusage-de-produits-en-plastique\/#primaryimage"},"image":{"@id":"https:\/\/indr.lu\/fr\/event\/metiers-de-lalimentation-comment-reduire-lusage-de-produits-en-plastique\/#primaryimage"},"thumbnailUrl":"https:\/\/indr.lu\/wp-content\/uploads\/2019\/11\/LogoB_E-resized.jpg","datePublished":"2019-11-14T17:40:54+00:00","dateModified":"2021-06-04T14:37:50+00:00","breadcrumb":{"@id":"https:\/\/indr.lu\/fr\/event\/metiers-de-lalimentation-comment-reduire-lusage-de-produits-en-plastique\/#breadcrumb"},"inLanguage":"fr-FR","potentialAction":[{"@type":"ReadAction","target":["https:\/\/indr.lu\/fr\/event\/metiers-de-lalimentation-comment-reduire-lusage-de-produits-en-plastique\/"]}]},{"@type":"ImageObject","inLanguage":"fr-FR","@id":"https:\/\/indr.lu\/fr\/event\/metiers-de-lalimentation-comment-reduire-lusage-de-produits-en-plastique\/#primaryimage","url":"https:\/\/indr.lu\/wp-content\/uploads\/2019\/11\/LogoB_E-resized.jpg","contentUrl":"https:\/\/indr.lu\/wp-content\/uploads\/2019\/11\/LogoB_E-resized.jpg","width":474,"height":356},{"@type":"BreadcrumbList","@id":"https:\/\/indr.lu\/fr\/event\/metiers-de-lalimentation-comment-reduire-lusage-de-produits-en-plastique\/#breadcrumb","itemListElement":[{"@type":"ListItem","position":1,"name":"Home","item":"https:\/\/indr.lu\/fr\/"},{"@type":"ListItem","position":2,"name":"M\u00e9tiers de l\u2019alimentation : comment r\u00e9duire l\u2019usage de produits en plastique ?"}]},{"@type":"WebSite","@id":"https:\/\/indr.lu\/fr\/#website","url":"https:\/\/indr.lu\/fr\/","name":"INDR","description":"Institut national pour le d\u00e9veloppement durable et la RSE","publisher":{"@id":"https:\/\/indr.lu\/fr\/#organization"},"potentialAction":[{"@type":"SearchAction","target":{"@type":"EntryPoint","urlTemplate":"https:\/\/indr.lu\/fr\/?s={search_term_string}"},"query-input":{"@type":"PropertyValueSpecification","valueRequired":true,"valueName":"search_term_string"}}],"inLanguage":"fr-FR"},{"@type":"Organization","@id":"https:\/\/indr.lu\/fr\/#organization","name":"INDR","alternateName":"L\u2019Institut National pour le D\u00e9veloppement durable et la Responsabilit\u00e9 sociale des entreprises","url":"https:\/\/indr.lu\/fr\/","logo":{"@type":"ImageObject","inLanguage":"fr-FR","@id":"https:\/\/indr.lu\/fr\/#\/schema\/logo\/image\/","url":"https:\/\/indr.lu\/wp-content\/uploads\/2021\/04\/indr-logo.svg","contentUrl":"https:\/\/indr.lu\/wp-content\/uploads\/2021\/04\/indr-logo.svg","width":"1024","height":"1024","caption":"INDR"},"image":{"@id":"https:\/\/indr.lu\/fr\/#\/schema\/logo\/image\/"},"sameAs":["https:\/\/www.facebook.com\/INDR.lu","https:\/\/www.linkedin.com\/company\/indr---institut-national-pour-le-d-veloppement-durable-et-la-responsabilit-des-entreprises\/"]}]}},"_links":{"self":[{"href":"https:\/\/indr.lu\/fr\/wp-json\/wp\/v2\/event\/1949","targetHints":{"allow":["GET"]}}],"collection":[{"href":"https:\/\/indr.lu\/fr\/wp-json\/wp\/v2\/event"}],"about":[{"href":"https:\/\/indr.lu\/fr\/wp-json\/wp\/v2\/types\/event"}],"wp:featuredmedia":[{"embeddable":true,"href":"https:\/\/indr.lu\/fr\/wp-json\/wp\/v2\/media\/8963"}],"wp:attachment":[{"href":"https:\/\/indr.lu\/fr\/wp-json\/wp\/v2\/media?parent=1949"}],"wp:term":[{"taxonomy":"events_categories","embeddable":true,"href":"https:\/\/indr.lu\/fr\/wp-json\/wp\/v2\/events_categories?post=1949"}],"curies":[{"name":"wp","href":"https:\/\/api.w.org\/{rel}","templated":true}]}}