{"id":2060,"date":"2019-09-11T06:28:25","date_gmt":"2019-09-11T04:28:25","guid":{"rendered":"https:\/\/indr.lu\/?p=2060"},"modified":"2021-06-09T09:11:22","modified_gmt":"2021-06-09T09:11:22","slug":"fiscalite-intelligente-catalyseur-pour-leconomie-circulaire-inclusive","status":"publish","type":"event","link":"https:\/\/indr.lu\/fr\/event\/fiscalite-intelligente-catalyseur-pour-leconomie-circulaire-inclusive\/","title":{"rendered":"Fiscalit\u00e9 intelligente : catalyseur pour l\u2019\u00e9conomie circulaire inclusive"},"content":{"rendered":"[vc_row type=&#8221;in_container&#8221; full_screen_row_position=&#8221;middle&#8221; column_margin=&#8221;default&#8221; column_direction=&#8221;default&#8221; column_direction_tablet=&#8221;default&#8221; column_direction_phone=&#8221;default&#8221; scene_position=&#8221;center&#8221; text_color=&#8221;dark&#8221; text_align=&#8221;left&#8221; row_border_radius=&#8221;none&#8221; row_border_radius_applies=&#8221;bg&#8221; overlay_strength=&#8221;0.3&#8243; gradient_direction=&#8221;left_to_right&#8221; shape_divider_position=&#8221;bottom&#8221; bg_image_animation=&#8221;none&#8221;][vc_column column_padding=&#8221;no-extra-padding&#8221; column_padding_tablet=&#8221;inherit&#8221; column_padding_phone=&#8221;inherit&#8221; column_padding_position=&#8221;all&#8221; column_element_spacing=&#8221;default&#8221; background_color_opacity=&#8221;1&#8243; background_hover_color_opacity=&#8221;1&#8243; column_shadow=&#8221;none&#8221; column_border_radius=&#8221;none&#8221; column_link_target=&#8221;_self&#8221; gradient_direction=&#8221;left_to_right&#8221; overlay_strength=&#8221;0.3&#8243; width=&#8221;1\/1&#8243; tablet_width_inherit=&#8221;default&#8221; tablet_text_alignment=&#8221;default&#8221; phone_text_alignment=&#8221;default&#8221; bg_image_animation=&#8221;none&#8221; border_type=&#8221;simple&#8221; column_border_width=&#8221;none&#8221; column_border_style=&#8221;solid&#8221;][vc_column_text]<b>Les fondements des syst\u00e8mes fiscaux modernes ont \u00e9t\u00e9 pos\u00e9s avant la mondialisation et la consommation de masse, avant l&#8217;\u00e9mergence de la crise climatique et des risques d&#8217;approvisionnement en eau, et avant la digitalisation, l&#8217;automatisation et la robotisation. Compte tenu de l&#8217;\u00e9volution rapide du monde d&#8217;aujourd&#8217;hui, les syst\u00e8mes fiscaux devront s&#8217;adapter. Afin d&#8217;\u00e9laborer un r\u00e9gime fiscal adapt\u00e9 au 21e si\u00e8cle, il est n\u00e9cessaire de repenser ce que les gouvernements devraient taxer et comment les recettes sont utilis\u00e9es.<\/b><\/p>\n<p>Le Luxembourg se veut un chef de file dans la r\u00e9alisation d&#8217;une \u00e9conomie circulaire neutre en carbone. Comment aligner la politique budg\u00e9taire sur ces objectifs ? Et quel est le r\u00f4le de l&#8217;imp\u00f4t dans l\u2019analyse de rentabilisation d\u2019un projet circulaire?<\/p>\n<p>Le &#8220;Nohaltegkeetsrot&#8221; et l\u2019asbl INFINO invitent \u00e0 un s\u00e9minaire avec Femke Groothuis d&#8217;Ex&#8217;Tax, au cours duquel seront pr\u00e9sent\u00e9s les r\u00e9sultats de plusieurs \u00e9tudes sur le potentiel de la r\u00e9forme fiscale en tant que facilitateur de l&#8217;\u00e9conomie circulaire et des ODD de l\u2019Agenda 2030 des Nations Unies.<br \/>\nLes participants seront initi\u00e9s aux outils d\u00e9velopp\u00e9s par Ex&#8217;tax pour analyser la conception et les impacts des instruments fiscaux qui d\u00e9placent la charge fiscale du travail (travail) vers l&#8217;utilisation des ressources naturelles (comme l&#8217;eau, les combustibles fossiles et les \u00e9missions de carbone).<\/p>\n<p>Femke Groothuis est co-fondatrice et pr\u00e9sidente de The Ex&#8217;tax Project (www.ex-tax.com), un groupe de r\u00e9flexion ax\u00e9 sur les innovations fiscales visant \u00e0 stimuler les ODD et l&#8217;\u00e9conomie circulaire. La fondation travaille avec des experts et des chefs d&#8217;entreprise pour mieux comprendre la dynamique d&#8217;un transfert fiscal de la main-d&#8217;\u0153uvre \u00e0 l&#8217;utilisation des ressources naturelles et \u00e0 la pollution.<\/p>\n<p>Ex&#8217;tax a, entre autres, publi\u00e9 des \u00e9tudes sur la r\u00e9forme fiscale aux Pays-Bas, en Finlande et dans l&#8217;Union europ\u00e9enne. R\u00e9cemment, Groothuis a \u00e9crit un document pour l&#8217;ACCA (l&#8217;Association mondiale des comptables agr\u00e9\u00e9s): \u00abL&#8217;imp\u00f4t comme une force pour le bien: r\u00e9\u00e9quilibrer nos syst\u00e8mes fiscaux pour soutenir une \u00e9conomie mondiale adapt\u00e9e \u00e0 l&#8217;avenir\u00bb. Groothuis est analyste, conseiller, publiciste et orateur. Entre 1999 et 2009, elle a \u00e9t\u00e9 Investment Manager chez Ex&#8217;tent Green Venture Capital, un fonds d&#8217;investissement n\u00e9erlandais.<\/p>\n<p>Documents:<br \/>\n<a href=\"https:\/\/indr.lu\/wp-content\/uploads\/2019\/08\/Invitation-en-langue-franaise.pdf\">Invitation<\/a><\/p>\n[\/vc_column_text][\/vc_column][\/vc_row]\n","protected":false},"featured_media":8979,"template":"","events_categories":[115],"class_list":{"0":"post-2060","1":"event","2":"type-event","3":"status-publish","4":"has-post-thumbnail","6":"events_categories-conferences"},"acf":[],"yoast_head":"<!-- This site is optimized with the Yoast SEO plugin v27.4 - https:\/\/yoast.com\/product\/yoast-seo-wordpress\/ -->\n<title>Fiscalit\u00e9 intelligente : catalyseur pour l\u2019\u00e9conomie circulaire inclusive - INDR<\/title>\n<meta name=\"robots\" content=\"index, follow, max-snippet:-1, max-image-preview:large, max-video-preview:-1\" \/>\n<link rel=\"canonical\" href=\"https:\/\/indr.lu\/fr\/event\/fiscalite-intelligente-catalyseur-pour-leconomie-circulaire-inclusive\/\" \/>\n<meta property=\"og:locale\" content=\"fr_FR\" \/>\n<meta property=\"og:type\" content=\"article\" \/>\n<meta property=\"og:title\" content=\"Fiscalit\u00e9 intelligente : catalyseur pour l\u2019\u00e9conomie circulaire inclusive - INDR\" \/>\n<meta property=\"og:description\" content=\"Les fondements des syst\u00e8mes fiscaux modernes ont \u00e9t\u00e9 pos\u00e9s avant la mondialisation et la consommation de masse\" \/>\n<meta property=\"og:url\" content=\"https:\/\/indr.lu\/fr\/event\/fiscalite-intelligente-catalyseur-pour-leconomie-circulaire-inclusive\/\" \/>\n<meta property=\"og:site_name\" content=\"INDR\" \/>\n<meta property=\"article:publisher\" content=\"https:\/\/www.facebook.com\/INDR.lu\" \/>\n<meta property=\"article:modified_time\" content=\"2021-06-09T09:11:22+00:00\" \/>\n<meta property=\"og:image\" content=\"https:\/\/indr.lu\/wp-content\/uploads\/2019\/09\/CSDD-1.png\" \/>\n\t<meta property=\"og:image:width\" content=\"1200\" \/>\n\t<meta property=\"og:image:height\" content=\"627\" \/>\n\t<meta property=\"og:image:type\" content=\"image\/png\" \/>\n<meta name=\"twitter:card\" content=\"summary_large_image\" \/>\n<meta name=\"twitter:label1\" content=\"Dur\u00e9e de lecture estim\u00e9e\" \/>\n\t<meta name=\"twitter:data1\" content=\"3 minutes\" \/>\n<script type=\"application\/ld+json\" class=\"yoast-schema-graph\">{\"@context\":\"https:\\\/\\\/schema.org\",\"@graph\":[{\"@type\":\"WebPage\",\"@id\":\"https:\\\/\\\/indr.lu\\\/fr\\\/event\\\/fiscalite-intelligente-catalyseur-pour-leconomie-circulaire-inclusive\\\/\",\"url\":\"https:\\\/\\\/indr.lu\\\/fr\\\/event\\\/fiscalite-intelligente-catalyseur-pour-leconomie-circulaire-inclusive\\\/\",\"name\":\"Fiscalit\u00e9 intelligente : catalyseur pour l\u2019\u00e9conomie circulaire inclusive - INDR\",\"isPartOf\":{\"@id\":\"https:\\\/\\\/indr.lu\\\/fr\\\/#website\"},\"primaryImageOfPage\":{\"@id\":\"https:\\\/\\\/indr.lu\\\/fr\\\/event\\\/fiscalite-intelligente-catalyseur-pour-leconomie-circulaire-inclusive\\\/#primaryimage\"},\"image\":{\"@id\":\"https:\\\/\\\/indr.lu\\\/fr\\\/event\\\/fiscalite-intelligente-catalyseur-pour-leconomie-circulaire-inclusive\\\/#primaryimage\"},\"thumbnailUrl\":\"https:\\\/\\\/indr.lu\\\/wp-content\\\/uploads\\\/2019\\\/09\\\/CSDD-1.png\",\"datePublished\":\"2019-09-11T04:28:25+00:00\",\"dateModified\":\"2021-06-09T09:11:22+00:00\",\"breadcrumb\":{\"@id\":\"https:\\\/\\\/indr.lu\\\/fr\\\/event\\\/fiscalite-intelligente-catalyseur-pour-leconomie-circulaire-inclusive\\\/#breadcrumb\"},\"inLanguage\":\"fr-FR\",\"potentialAction\":[{\"@type\":\"ReadAction\",\"target\":[\"https:\\\/\\\/indr.lu\\\/fr\\\/event\\\/fiscalite-intelligente-catalyseur-pour-leconomie-circulaire-inclusive\\\/\"]}]},{\"@type\":\"ImageObject\",\"inLanguage\":\"fr-FR\",\"@id\":\"https:\\\/\\\/indr.lu\\\/fr\\\/event\\\/fiscalite-intelligente-catalyseur-pour-leconomie-circulaire-inclusive\\\/#primaryimage\",\"url\":\"https:\\\/\\\/indr.lu\\\/wp-content\\\/uploads\\\/2019\\\/09\\\/CSDD-1.png\",\"contentUrl\":\"https:\\\/\\\/indr.lu\\\/wp-content\\\/uploads\\\/2019\\\/09\\\/CSDD-1.png\",\"width\":1200,\"height\":627},{\"@type\":\"BreadcrumbList\",\"@id\":\"https:\\\/\\\/indr.lu\\\/fr\\\/event\\\/fiscalite-intelligente-catalyseur-pour-leconomie-circulaire-inclusive\\\/#breadcrumb\",\"itemListElement\":[{\"@type\":\"ListItem\",\"position\":1,\"name\":\"Home\",\"item\":\"https:\\\/\\\/indr.lu\\\/fr\\\/\"},{\"@type\":\"ListItem\",\"position\":2,\"name\":\"Fiscalit\u00e9 intelligente : catalyseur pour l\u2019\u00e9conomie circulaire inclusive\"}]},{\"@type\":\"WebSite\",\"@id\":\"https:\\\/\\\/indr.lu\\\/fr\\\/#website\",\"url\":\"https:\\\/\\\/indr.lu\\\/fr\\\/\",\"name\":\"INDR\",\"description\":\"Institut national pour le d\u00e9veloppement durable et la RSE\",\"publisher\":{\"@id\":\"https:\\\/\\\/indr.lu\\\/fr\\\/#organization\"},\"potentialAction\":[{\"@type\":\"SearchAction\",\"target\":{\"@type\":\"EntryPoint\",\"urlTemplate\":\"https:\\\/\\\/indr.lu\\\/fr\\\/?s={search_term_string}\"},\"query-input\":{\"@type\":\"PropertyValueSpecification\",\"valueRequired\":true,\"valueName\":\"search_term_string\"}}],\"inLanguage\":\"fr-FR\"},{\"@type\":\"Organization\",\"@id\":\"https:\\\/\\\/indr.lu\\\/fr\\\/#organization\",\"name\":\"INDR\",\"alternateName\":\"L\u2019Institut National pour le D\u00e9veloppement durable et la Responsabilit\u00e9 sociale des entreprises\",\"url\":\"https:\\\/\\\/indr.lu\\\/fr\\\/\",\"logo\":{\"@type\":\"ImageObject\",\"inLanguage\":\"fr-FR\",\"@id\":\"https:\\\/\\\/indr.lu\\\/fr\\\/#\\\/schema\\\/logo\\\/image\\\/\",\"url\":\"https:\\\/\\\/indr.lu\\\/wp-content\\\/uploads\\\/2021\\\/04\\\/indr-logo.svg\",\"contentUrl\":\"https:\\\/\\\/indr.lu\\\/wp-content\\\/uploads\\\/2021\\\/04\\\/indr-logo.svg\",\"width\":\"1024\",\"height\":\"1024\",\"caption\":\"INDR\"},\"image\":{\"@id\":\"https:\\\/\\\/indr.lu\\\/fr\\\/#\\\/schema\\\/logo\\\/image\\\/\"},\"sameAs\":[\"https:\\\/\\\/www.facebook.com\\\/INDR.lu\",\"https:\\\/\\\/www.linkedin.com\\\/company\\\/indr---institut-national-pour-le-d-veloppement-durable-et-la-responsabilit-des-entreprises\\\/\"]}]}<\/script>\n<!-- \/ Yoast SEO plugin. -->","yoast_head_json":{"title":"Fiscalit\u00e9 intelligente : catalyseur pour l\u2019\u00e9conomie circulaire inclusive - INDR","robots":{"index":"index","follow":"follow","max-snippet":"max-snippet:-1","max-image-preview":"max-image-preview:large","max-video-preview":"max-video-preview:-1"},"canonical":"https:\/\/indr.lu\/fr\/event\/fiscalite-intelligente-catalyseur-pour-leconomie-circulaire-inclusive\/","og_locale":"fr_FR","og_type":"article","og_title":"Fiscalit\u00e9 intelligente : catalyseur pour l\u2019\u00e9conomie circulaire inclusive - INDR","og_description":"Les fondements des syst\u00e8mes fiscaux modernes ont \u00e9t\u00e9 pos\u00e9s avant la mondialisation et la consommation de masse","og_url":"https:\/\/indr.lu\/fr\/event\/fiscalite-intelligente-catalyseur-pour-leconomie-circulaire-inclusive\/","og_site_name":"INDR","article_publisher":"https:\/\/www.facebook.com\/INDR.lu","article_modified_time":"2021-06-09T09:11:22+00:00","og_image":[{"width":1200,"height":627,"url":"https:\/\/indr.lu\/wp-content\/uploads\/2019\/09\/CSDD-1.png","type":"image\/png"}],"twitter_card":"summary_large_image","twitter_misc":{"Dur\u00e9e de lecture estim\u00e9e":"3 minutes"},"schema":{"@context":"https:\/\/schema.org","@graph":[{"@type":"WebPage","@id":"https:\/\/indr.lu\/fr\/event\/fiscalite-intelligente-catalyseur-pour-leconomie-circulaire-inclusive\/","url":"https:\/\/indr.lu\/fr\/event\/fiscalite-intelligente-catalyseur-pour-leconomie-circulaire-inclusive\/","name":"Fiscalit\u00e9 intelligente : catalyseur pour l\u2019\u00e9conomie circulaire inclusive - INDR","isPartOf":{"@id":"https:\/\/indr.lu\/fr\/#website"},"primaryImageOfPage":{"@id":"https:\/\/indr.lu\/fr\/event\/fiscalite-intelligente-catalyseur-pour-leconomie-circulaire-inclusive\/#primaryimage"},"image":{"@id":"https:\/\/indr.lu\/fr\/event\/fiscalite-intelligente-catalyseur-pour-leconomie-circulaire-inclusive\/#primaryimage"},"thumbnailUrl":"https:\/\/indr.lu\/wp-content\/uploads\/2019\/09\/CSDD-1.png","datePublished":"2019-09-11T04:28:25+00:00","dateModified":"2021-06-09T09:11:22+00:00","breadcrumb":{"@id":"https:\/\/indr.lu\/fr\/event\/fiscalite-intelligente-catalyseur-pour-leconomie-circulaire-inclusive\/#breadcrumb"},"inLanguage":"fr-FR","potentialAction":[{"@type":"ReadAction","target":["https:\/\/indr.lu\/fr\/event\/fiscalite-intelligente-catalyseur-pour-leconomie-circulaire-inclusive\/"]}]},{"@type":"ImageObject","inLanguage":"fr-FR","@id":"https:\/\/indr.lu\/fr\/event\/fiscalite-intelligente-catalyseur-pour-leconomie-circulaire-inclusive\/#primaryimage","url":"https:\/\/indr.lu\/wp-content\/uploads\/2019\/09\/CSDD-1.png","contentUrl":"https:\/\/indr.lu\/wp-content\/uploads\/2019\/09\/CSDD-1.png","width":1200,"height":627},{"@type":"BreadcrumbList","@id":"https:\/\/indr.lu\/fr\/event\/fiscalite-intelligente-catalyseur-pour-leconomie-circulaire-inclusive\/#breadcrumb","itemListElement":[{"@type":"ListItem","position":1,"name":"Home","item":"https:\/\/indr.lu\/fr\/"},{"@type":"ListItem","position":2,"name":"Fiscalit\u00e9 intelligente : catalyseur pour l\u2019\u00e9conomie circulaire inclusive"}]},{"@type":"WebSite","@id":"https:\/\/indr.lu\/fr\/#website","url":"https:\/\/indr.lu\/fr\/","name":"INDR","description":"Institut national pour le d\u00e9veloppement durable et la RSE","publisher":{"@id":"https:\/\/indr.lu\/fr\/#organization"},"potentialAction":[{"@type":"SearchAction","target":{"@type":"EntryPoint","urlTemplate":"https:\/\/indr.lu\/fr\/?s={search_term_string}"},"query-input":{"@type":"PropertyValueSpecification","valueRequired":true,"valueName":"search_term_string"}}],"inLanguage":"fr-FR"},{"@type":"Organization","@id":"https:\/\/indr.lu\/fr\/#organization","name":"INDR","alternateName":"L\u2019Institut National pour le D\u00e9veloppement durable et la Responsabilit\u00e9 sociale des entreprises","url":"https:\/\/indr.lu\/fr\/","logo":{"@type":"ImageObject","inLanguage":"fr-FR","@id":"https:\/\/indr.lu\/fr\/#\/schema\/logo\/image\/","url":"https:\/\/indr.lu\/wp-content\/uploads\/2021\/04\/indr-logo.svg","contentUrl":"https:\/\/indr.lu\/wp-content\/uploads\/2021\/04\/indr-logo.svg","width":"1024","height":"1024","caption":"INDR"},"image":{"@id":"https:\/\/indr.lu\/fr\/#\/schema\/logo\/image\/"},"sameAs":["https:\/\/www.facebook.com\/INDR.lu","https:\/\/www.linkedin.com\/company\/indr---institut-national-pour-le-d-veloppement-durable-et-la-responsabilit-des-entreprises\/"]}]}},"_links":{"self":[{"href":"https:\/\/indr.lu\/fr\/wp-json\/wp\/v2\/event\/2060","targetHints":{"allow":["GET"]}}],"collection":[{"href":"https:\/\/indr.lu\/fr\/wp-json\/wp\/v2\/event"}],"about":[{"href":"https:\/\/indr.lu\/fr\/wp-json\/wp\/v2\/types\/event"}],"wp:featuredmedia":[{"embeddable":true,"href":"https:\/\/indr.lu\/fr\/wp-json\/wp\/v2\/media\/8979"}],"wp:attachment":[{"href":"https:\/\/indr.lu\/fr\/wp-json\/wp\/v2\/media?parent=2060"}],"wp:term":[{"taxonomy":"events_categories","embeddable":true,"href":"https:\/\/indr.lu\/fr\/wp-json\/wp\/v2\/events_categories?post=2060"}],"curies":[{"name":"wp","href":"https:\/\/api.w.org\/{rel}","templated":true}]}}