{"id":2067,"date":"2019-06-27T06:34:17","date_gmt":"2019-06-27T04:34:17","guid":{"rendered":"https:\/\/indr.lu\/?p=2067"},"modified":"2021-06-04T14:19:11","modified_gmt":"2021-06-04T14:19:11","slug":"ameliorer-vos-performances-environnementales-avec-le-systeme-de-management-environnemental-emas-bonnes-pratiques-et-visite-dentreprises","status":"publish","type":"event","link":"https:\/\/indr.lu\/fr\/event\/ameliorer-vos-performances-environnementales-avec-le-systeme-de-management-environnemental-emas-bonnes-pratiques-et-visite-dentreprises\/","title":{"rendered":"Am\u00e9liorer vos performances environnementales avec le syst\u00e8me de management environnemental EMAS \u2013 Bonnes pratiques et visite d\u2019entreprises"},"content":{"rendered":"[vc_row type=&#8221;in_container&#8221; full_screen_row_position=&#8221;middle&#8221; column_margin=&#8221;default&#8221; column_direction=&#8221;default&#8221; column_direction_tablet=&#8221;default&#8221; column_direction_phone=&#8221;default&#8221; scene_position=&#8221;center&#8221; text_color=&#8221;dark&#8221; text_align=&#8221;left&#8221; row_border_radius=&#8221;none&#8221; row_border_radius_applies=&#8221;bg&#8221; overlay_strength=&#8221;0.3&#8243; gradient_direction=&#8221;left_to_right&#8221; shape_divider_position=&#8221;bottom&#8221; bg_image_animation=&#8221;none&#8221;][vc_column column_padding=&#8221;no-extra-padding&#8221; column_padding_tablet=&#8221;inherit&#8221; column_padding_phone=&#8221;inherit&#8221; column_padding_position=&#8221;all&#8221; column_element_spacing=&#8221;default&#8221; background_color_opacity=&#8221;1&#8243; background_hover_color_opacity=&#8221;1&#8243; column_shadow=&#8221;none&#8221; column_border_radius=&#8221;none&#8221; column_link_target=&#8221;_self&#8221; gradient_direction=&#8221;left_to_right&#8221; overlay_strength=&#8221;0.3&#8243; width=&#8221;1\/1&#8243; tablet_width_inherit=&#8221;default&#8221; tablet_text_alignment=&#8221;default&#8221; phone_text_alignment=&#8221;default&#8221; bg_image_animation=&#8221;none&#8221; border_type=&#8221;simple&#8221; column_border_width=&#8221;none&#8221; column_border_style=&#8221;solid&#8221;][vc_column_text]<img decoding=\"async\" src=\"https:\/\/indr.lu\/wp-content\/uploads\/2019\/06\/17_B_E_Banner_1247x450_V4_HOME1.jpg\" sizes=\"(max-width: 1247px) 100vw, 1247px\" srcset=\"https:\/\/indr.lu\/wp-content\/uploads\/2019\/06\/17_B_E_Banner_1247x450_V4_HOME1.jpg 1247w, https:\/\/indr.lu\/wp-content\/uploads\/2019\/06\/17_B_E_Banner_1247x450_V4_HOME1-300x108.jpg 300w, https:\/\/indr.lu\/wp-content\/uploads\/2019\/06\/17_B_E_Banner_1247x450_V4_HOME1-768x277.jpg 768w, https:\/\/indr.lu\/wp-content\/uploads\/2019\/06\/17_B_E_Banner_1247x450_V4_HOME1-1024x370.jpg 1024w\" alt=\"\" width=\"1247\" height=\"450\" \/><\/p>\n<h4>Dans le cadre du cycle \u00ab Betriber&amp;Emwelt \u00bb, le Luxembourg Institute of Science and Technology (LIST), en collaboration avec Entreprise Europe Network Luxembourg (EEN), proposent aux entreprises luxembourgeoises une s\u00e9ance d&#8217;information suivie de visites d&#8217;entreprises, le 27 juin 2019.<\/h4>\n<p>Vous \u00eates une entreprise petite, moyenne ou plus grande.<br \/>\nVous envisagez de franchir le pas en vous engageant dans une d\u00e9marche environnementale, mais vous h\u00e9sitez encore\u2026<br \/>\nOu vous \u00eates d\u00e9j\u00e0 engag\u00e9 dans une d\u00e9marche mais vous souhaitez aller plus loin.<br \/>\nVous souhaitez am\u00e9liorer la performance environnementale de votre entreprise, son image de marque, ma\u00eetriser et r\u00e9duire les co\u00fbts environnementaux, vous diff\u00e9rencier de vos concurrents.<br \/>\nAlors, participez \u00e0 cet \u00e9v\u00e8nement et posez vos questions aux soci\u00e9t\u00e9s ayant d\u00e9j\u00e0 mis en place un syst\u00e8me de management environnemental.<\/p>\n<p>La mise en \u0153uvre d\u2019un syst\u00e8me de management environnemental (SME) permet de structurer, dans une logique d\u2019am\u00e9lioration continue, la gestion globale des impacts environnementaux d\u2019une entreprise, en consid\u00e9rant principalement son site d\u2019implantation et les activit\u00e9s locales qu\u2019elle y d\u00e9veloppe. Le management environnemental peut se concr\u00e9tiser par une certification ISO 14001 et\/ou un enregistrement EMAS (Eco-Management and Audit Scheme).<\/p>\n<h4>Objectifs<\/h4>\n<p>L\u2019objectif est de sensibiliser les entreprises aux syst\u00e8mes de management environnemental. L\u2019accent sera surtout mis sur le partage de retours d\u2019exp\u00e9riences d\u2019entreprises luxembourgeoises ayant mis en place des bonnes pratiques en la mati\u00e8re \u00e0 travers un t\u00e9moignage et une visite de la soci\u00e9t\u00e9.<\/p>\n<h4>Public cible<\/h4>\n<p>Cet \u00e9v\u00e8nement s\u2019adresse aux dirigeants, responsables Qualit\u00e9 \u2013S\u00e9curit\u00e9 \u2013 Environnement (QSE) en entreprise industrielle et artisanale, consultants et tout public int\u00e9ress\u00e9 par cette th\u00e9matique.<\/p>\n<p><a href=\"https:\/\/www.een-events.com\/emas2019-1\/Registration\/Company\" target=\"_blank\" rel=\"noopener noreferrer\">S&#8217;inscrire<\/a><\/p>\n<h4>Programme<\/h4>\n<table align=\"left\">\n<thead>\n<tr>\n<th colspan=\"3\" scope=\"col\">PARTIE 1 &#8211; S\u00e9ance d&#8217;information<\/th>\n<\/tr>\n<\/thead>\n<tbody>\n<tr>\n<td>10h30<\/td>\n<td colspan=\"2\" rowspan=\"1\"><em><strong>Accueil<\/strong><\/em><\/td>\n<\/tr>\n<tr>\n<td>11h00<\/td>\n<td><strong>Mot de bienvenue<\/strong>\u00a0Marc Wagener, Directeur des Affaires Economiques, Chambre de Commerce du Grand-Duch\u00e9 de Luxembourg Pr. Lucien Hoffmann, Directeur du d\u00e9partement Environmental Research and Innovation, Luxembourg Institute of Science and Technology (LIST)<\/td>\n<\/tr>\n<tr>\n<td>11h10<\/td>\n<td><strong>Introduction et situation d&#8217;EMAS au Luxembourg<\/strong>\u00a0Caroline Fedrigo, Ing\u00e9nieur S\u00e9nior, Luxembourg Institute of Science and Technology (LIST)<\/td>\n<\/tr>\n<tr>\n<td>11h25<\/td>\n<td><strong>Retour d\u2019exp\u00e9rience de la SuperDrecksK\u00ebscht\u00ae<\/strong><strong>\u00a0<\/strong>\u00a0Thomas Hoffmann, Charg\u00e9 environnement &amp; RSE, SuperDrecksK\u00ebscht\u00ae<\/td>\n<\/tr>\n<tr>\n<td>11h45<\/td>\n<td><strong>Retour d\u2019exp\u00e9rience de la Banque Europ\u00e9enne d\u2019Investissement (BEI)<\/strong>\u00a0Gurvand Gaucher, Banque Europ\u00e9enne d\u2019Investissement (BEI)<\/td>\n<\/tr>\n<tr>\n<td>12h05<\/td>\n<td><strong>Session Questions &amp; r\u00e9ponses<\/strong><\/td>\n<\/tr>\n<tr>\n<td>12h15<\/td>\n<td><strong>Conclusion<\/strong>\u00a0Sabrina Sagramola, G\u00e9rant et Coordinateur National de l\u2019Enterprise Europe Network-Luxembourg, Chambre de Commerce du Luxembourg<\/td>\n<\/tr>\n<tr>\n<td>12h20<\/td>\n<td><em><strong>Fin de la premi\u00e8re partie<\/strong><\/em><\/td>\n<\/tr>\n<tr>\n<td colspan=\"2\" rowspan=\"1\"><strong>12h30 \u00e0 13h30 &#8211; Networking lunch<\/strong><\/td>\n<\/tr>\n<\/tbody>\n<\/table>\n<table align=\"left\">\n<thead>\n<tr>\n<th colspan=\"3\" scope=\"col\">PARTIE 2 &#8211;\u00a0<strong>Visite de la SuperDrecksK\u00ebscht\u00ae\u00a0(SDK) ou de la Banque Europ\u00e9enne d\u2019Investissement (BEI)<\/strong><\/th>\n<\/tr>\n<\/thead>\n<tbody>\n<tr>\n<td colspan=\"3\"><strong>Visite de la\u00a0<\/strong><strong>SuperDrecksK\u00ebscht\u00ae<\/strong><strong>\u00a0(<\/strong><strong>SDK)<\/strong><\/td>\n<\/tr>\n<tr>\n<td>13h30<\/td>\n<td><strong>Trajet aller en bus vers Colmar Berg<\/strong><\/td>\n<\/tr>\n<tr>\n<td>14h00<\/td>\n<td><strong>Visite de la SDK<\/strong><\/td>\n<\/tr>\n<tr>\n<td>15h00<\/td>\n<td><strong>Temps de retour en bus vers Luxembourg-Kirchberg<\/strong><\/td>\n<\/tr>\n<tr>\n<td>15h30<\/td>\n<td><em><strong>Fin<\/strong><\/em><\/td>\n<\/tr>\n<tr>\n<td colspan=\"2\" rowspan=\"1\"><strong>Visite de la\u00a0<\/strong><strong>Banque Europ\u00e9enne d\u2019Investissement (BEI)<\/strong><\/td>\n<\/tr>\n<tr>\n<td>13h30<\/td>\n<td><strong>Trajet aller<\/strong><\/td>\n<\/tr>\n<tr>\n<td>13h45<\/td>\n<td><strong>Visite de la BEI<\/strong><\/td>\n<\/tr>\n<tr>\n<td>15h05<\/td>\n<td><strong>Trajet retour<\/strong><\/td>\n<\/tr>\n<tr>\n<td>15h20<\/td>\n<td><em><strong>Fin<\/strong><\/em><\/td>\n<\/tr>\n<\/tbody>\n<\/table>\n<footer id=\"Footer\">\u00a0<\/footer>\n<p>\u00a0[\/vc_column_text][\/vc_column][\/vc_row]\n","protected":false},"featured_media":8981,"template":"","events_categories":[115],"class_list":{"0":"post-2067","1":"event","2":"type-event","3":"status-publish","4":"has-post-thumbnail","6":"events_categories-conferences"},"acf":[],"yoast_head":"<!-- This site is optimized with the Yoast SEO plugin v27.5 - https:\/\/yoast.com\/product\/yoast-seo-wordpress\/ -->\n<title>Am\u00e9liorer vos performances environnementales avec le syst\u00e8me de management environnemental EMAS \u2013 Bonnes pratiques et visite d\u2019entreprises - INDR<\/title>\n<meta name=\"robots\" content=\"index, follow, max-snippet:-1, max-image-preview:large, max-video-preview:-1\" \/>\n<link rel=\"canonical\" href=\"https:\/\/indr.lu\/fr\/event\/ameliorer-vos-performances-environnementales-avec-le-systeme-de-management-environnemental-emas-bonnes-pratiques-et-visite-dentreprises\/\" \/>\n<meta property=\"og:locale\" content=\"fr_FR\" \/>\n<meta property=\"og:type\" content=\"article\" \/>\n<meta property=\"og:title\" content=\"Am\u00e9liorer vos performances environnementales avec le syst\u00e8me de management environnemental EMAS \u2013 Bonnes pratiques et visite d\u2019entreprises - INDR\" \/>\n<meta property=\"og:description\" content=\"Dans le cadre du cycle \u00ab Betriber&amp;Emwelt \u00bb, le Luxembourg Institute of Science and Technology (LIST), en collaboration avec Entreprise Europe Network Luxembourg (EEN)\" \/>\n<meta property=\"og:url\" content=\"https:\/\/indr.lu\/fr\/event\/ameliorer-vos-performances-environnementales-avec-le-systeme-de-management-environnemental-emas-bonnes-pratiques-et-visite-dentreprises\/\" \/>\n<meta property=\"og:site_name\" content=\"INDR\" \/>\n<meta property=\"article:publisher\" content=\"https:\/\/www.facebook.com\/INDR.lu\" \/>\n<meta property=\"article:modified_time\" content=\"2021-06-04T14:19:11+00:00\" \/>\n<meta property=\"og:image\" content=\"https:\/\/indr.lu\/wp-content\/uploads\/2019\/06\/17_B_E_Banner_1247x450_V4_HOME1-1.jpg\" \/>\n\t<meta property=\"og:image:width\" content=\"1247\" \/>\n\t<meta property=\"og:image:height\" content=\"450\" \/>\n\t<meta property=\"og:image:type\" content=\"image\/jpeg\" \/>\n<meta name=\"twitter:card\" content=\"summary_large_image\" \/>\n<meta name=\"twitter:label1\" content=\"Dur\u00e9e de lecture estim\u00e9e\" \/>\n\t<meta name=\"twitter:data1\" content=\"3 minutes\" \/>\n<script type=\"application\/ld+json\" class=\"yoast-schema-graph\">{\"@context\":\"https:\\\/\\\/schema.org\",\"@graph\":[{\"@type\":\"WebPage\",\"@id\":\"https:\\\/\\\/indr.lu\\\/fr\\\/event\\\/ameliorer-vos-performances-environnementales-avec-le-systeme-de-management-environnemental-emas-bonnes-pratiques-et-visite-dentreprises\\\/\",\"url\":\"https:\\\/\\\/indr.lu\\\/fr\\\/event\\\/ameliorer-vos-performances-environnementales-avec-le-systeme-de-management-environnemental-emas-bonnes-pratiques-et-visite-dentreprises\\\/\",\"name\":\"Am\u00e9liorer vos performances environnementales avec le syst\u00e8me de management environnemental EMAS \u2013 Bonnes pratiques et visite d\u2019entreprises - INDR\",\"isPartOf\":{\"@id\":\"https:\\\/\\\/indr.lu\\\/fr\\\/#website\"},\"primaryImageOfPage\":{\"@id\":\"https:\\\/\\\/indr.lu\\\/fr\\\/event\\\/ameliorer-vos-performances-environnementales-avec-le-systeme-de-management-environnemental-emas-bonnes-pratiques-et-visite-dentreprises\\\/#primaryimage\"},\"image\":{\"@id\":\"https:\\\/\\\/indr.lu\\\/fr\\\/event\\\/ameliorer-vos-performances-environnementales-avec-le-systeme-de-management-environnemental-emas-bonnes-pratiques-et-visite-dentreprises\\\/#primaryimage\"},\"thumbnailUrl\":\"https:\\\/\\\/indr.lu\\\/wp-content\\\/uploads\\\/2019\\\/06\\\/17_B_E_Banner_1247x450_V4_HOME1-1.jpg\",\"datePublished\":\"2019-06-27T04:34:17+00:00\",\"dateModified\":\"2021-06-04T14:19:11+00:00\",\"breadcrumb\":{\"@id\":\"https:\\\/\\\/indr.lu\\\/fr\\\/event\\\/ameliorer-vos-performances-environnementales-avec-le-systeme-de-management-environnemental-emas-bonnes-pratiques-et-visite-dentreprises\\\/#breadcrumb\"},\"inLanguage\":\"fr-FR\",\"potentialAction\":[{\"@type\":\"ReadAction\",\"target\":[\"https:\\\/\\\/indr.lu\\\/fr\\\/event\\\/ameliorer-vos-performances-environnementales-avec-le-systeme-de-management-environnemental-emas-bonnes-pratiques-et-visite-dentreprises\\\/\"]}]},{\"@type\":\"ImageObject\",\"inLanguage\":\"fr-FR\",\"@id\":\"https:\\\/\\\/indr.lu\\\/fr\\\/event\\\/ameliorer-vos-performances-environnementales-avec-le-systeme-de-management-environnemental-emas-bonnes-pratiques-et-visite-dentreprises\\\/#primaryimage\",\"url\":\"https:\\\/\\\/indr.lu\\\/wp-content\\\/uploads\\\/2019\\\/06\\\/17_B_E_Banner_1247x450_V4_HOME1-1.jpg\",\"contentUrl\":\"https:\\\/\\\/indr.lu\\\/wp-content\\\/uploads\\\/2019\\\/06\\\/17_B_E_Banner_1247x450_V4_HOME1-1.jpg\",\"width\":1247,\"height\":450},{\"@type\":\"BreadcrumbList\",\"@id\":\"https:\\\/\\\/indr.lu\\\/fr\\\/event\\\/ameliorer-vos-performances-environnementales-avec-le-systeme-de-management-environnemental-emas-bonnes-pratiques-et-visite-dentreprises\\\/#breadcrumb\",\"itemListElement\":[{\"@type\":\"ListItem\",\"position\":1,\"name\":\"Home\",\"item\":\"https:\\\/\\\/indr.lu\\\/fr\\\/\"},{\"@type\":\"ListItem\",\"position\":2,\"name\":\"Am\u00e9liorer vos performances environnementales avec le syst\u00e8me de management environnemental EMAS \u2013 Bonnes pratiques et visite d\u2019entreprises\"}]},{\"@type\":\"WebSite\",\"@id\":\"https:\\\/\\\/indr.lu\\\/fr\\\/#website\",\"url\":\"https:\\\/\\\/indr.lu\\\/fr\\\/\",\"name\":\"INDR\",\"description\":\"Institut national pour le d\u00e9veloppement durable et la RSE\",\"publisher\":{\"@id\":\"https:\\\/\\\/indr.lu\\\/fr\\\/#organization\"},\"potentialAction\":[{\"@type\":\"SearchAction\",\"target\":{\"@type\":\"EntryPoint\",\"urlTemplate\":\"https:\\\/\\\/indr.lu\\\/fr\\\/?s={search_term_string}\"},\"query-input\":{\"@type\":\"PropertyValueSpecification\",\"valueRequired\":true,\"valueName\":\"search_term_string\"}}],\"inLanguage\":\"fr-FR\"},{\"@type\":\"Organization\",\"@id\":\"https:\\\/\\\/indr.lu\\\/fr\\\/#organization\",\"name\":\"INDR\",\"alternateName\":\"L\u2019Institut National pour le D\u00e9veloppement durable et la Responsabilit\u00e9 sociale des entreprises\",\"url\":\"https:\\\/\\\/indr.lu\\\/fr\\\/\",\"logo\":{\"@type\":\"ImageObject\",\"inLanguage\":\"fr-FR\",\"@id\":\"https:\\\/\\\/indr.lu\\\/fr\\\/#\\\/schema\\\/logo\\\/image\\\/\",\"url\":\"https:\\\/\\\/indr.lu\\\/wp-content\\\/uploads\\\/2021\\\/04\\\/indr-logo.svg\",\"contentUrl\":\"https:\\\/\\\/indr.lu\\\/wp-content\\\/uploads\\\/2021\\\/04\\\/indr-logo.svg\",\"width\":\"1024\",\"height\":\"1024\",\"caption\":\"INDR\"},\"image\":{\"@id\":\"https:\\\/\\\/indr.lu\\\/fr\\\/#\\\/schema\\\/logo\\\/image\\\/\"},\"sameAs\":[\"https:\\\/\\\/www.facebook.com\\\/INDR.lu\",\"https:\\\/\\\/www.linkedin.com\\\/company\\\/indr---institut-national-pour-le-d-veloppement-durable-et-la-responsabilit-des-entreprises\\\/\"]}]}<\/script>\n<!-- \/ Yoast SEO plugin. -->","yoast_head_json":{"title":"Am\u00e9liorer vos performances environnementales avec le syst\u00e8me de management environnemental EMAS \u2013 Bonnes pratiques et visite d\u2019entreprises - INDR","robots":{"index":"index","follow":"follow","max-snippet":"max-snippet:-1","max-image-preview":"max-image-preview:large","max-video-preview":"max-video-preview:-1"},"canonical":"https:\/\/indr.lu\/fr\/event\/ameliorer-vos-performances-environnementales-avec-le-systeme-de-management-environnemental-emas-bonnes-pratiques-et-visite-dentreprises\/","og_locale":"fr_FR","og_type":"article","og_title":"Am\u00e9liorer vos performances environnementales avec le syst\u00e8me de management environnemental EMAS \u2013 Bonnes pratiques et visite d\u2019entreprises - INDR","og_description":"Dans le cadre du cycle \u00ab Betriber&Emwelt \u00bb, le Luxembourg Institute of Science and Technology (LIST), en collaboration avec Entreprise Europe Network Luxembourg (EEN)","og_url":"https:\/\/indr.lu\/fr\/event\/ameliorer-vos-performances-environnementales-avec-le-systeme-de-management-environnemental-emas-bonnes-pratiques-et-visite-dentreprises\/","og_site_name":"INDR","article_publisher":"https:\/\/www.facebook.com\/INDR.lu","article_modified_time":"2021-06-04T14:19:11+00:00","og_image":[{"width":1247,"height":450,"url":"https:\/\/indr.lu\/wp-content\/uploads\/2019\/06\/17_B_E_Banner_1247x450_V4_HOME1-1.jpg","type":"image\/jpeg"}],"twitter_card":"summary_large_image","twitter_misc":{"Dur\u00e9e de lecture estim\u00e9e":"3 minutes"},"schema":{"@context":"https:\/\/schema.org","@graph":[{"@type":"WebPage","@id":"https:\/\/indr.lu\/fr\/event\/ameliorer-vos-performances-environnementales-avec-le-systeme-de-management-environnemental-emas-bonnes-pratiques-et-visite-dentreprises\/","url":"https:\/\/indr.lu\/fr\/event\/ameliorer-vos-performances-environnementales-avec-le-systeme-de-management-environnemental-emas-bonnes-pratiques-et-visite-dentreprises\/","name":"Am\u00e9liorer vos performances environnementales avec le syst\u00e8me de management environnemental EMAS \u2013 Bonnes pratiques et visite d\u2019entreprises - INDR","isPartOf":{"@id":"https:\/\/indr.lu\/fr\/#website"},"primaryImageOfPage":{"@id":"https:\/\/indr.lu\/fr\/event\/ameliorer-vos-performances-environnementales-avec-le-systeme-de-management-environnemental-emas-bonnes-pratiques-et-visite-dentreprises\/#primaryimage"},"image":{"@id":"https:\/\/indr.lu\/fr\/event\/ameliorer-vos-performances-environnementales-avec-le-systeme-de-management-environnemental-emas-bonnes-pratiques-et-visite-dentreprises\/#primaryimage"},"thumbnailUrl":"https:\/\/indr.lu\/wp-content\/uploads\/2019\/06\/17_B_E_Banner_1247x450_V4_HOME1-1.jpg","datePublished":"2019-06-27T04:34:17+00:00","dateModified":"2021-06-04T14:19:11+00:00","breadcrumb":{"@id":"https:\/\/indr.lu\/fr\/event\/ameliorer-vos-performances-environnementales-avec-le-systeme-de-management-environnemental-emas-bonnes-pratiques-et-visite-dentreprises\/#breadcrumb"},"inLanguage":"fr-FR","potentialAction":[{"@type":"ReadAction","target":["https:\/\/indr.lu\/fr\/event\/ameliorer-vos-performances-environnementales-avec-le-systeme-de-management-environnemental-emas-bonnes-pratiques-et-visite-dentreprises\/"]}]},{"@type":"ImageObject","inLanguage":"fr-FR","@id":"https:\/\/indr.lu\/fr\/event\/ameliorer-vos-performances-environnementales-avec-le-systeme-de-management-environnemental-emas-bonnes-pratiques-et-visite-dentreprises\/#primaryimage","url":"https:\/\/indr.lu\/wp-content\/uploads\/2019\/06\/17_B_E_Banner_1247x450_V4_HOME1-1.jpg","contentUrl":"https:\/\/indr.lu\/wp-content\/uploads\/2019\/06\/17_B_E_Banner_1247x450_V4_HOME1-1.jpg","width":1247,"height":450},{"@type":"BreadcrumbList","@id":"https:\/\/indr.lu\/fr\/event\/ameliorer-vos-performances-environnementales-avec-le-systeme-de-management-environnemental-emas-bonnes-pratiques-et-visite-dentreprises\/#breadcrumb","itemListElement":[{"@type":"ListItem","position":1,"name":"Home","item":"https:\/\/indr.lu\/fr\/"},{"@type":"ListItem","position":2,"name":"Am\u00e9liorer vos performances environnementales avec le syst\u00e8me de management environnemental EMAS \u2013 Bonnes pratiques et visite d\u2019entreprises"}]},{"@type":"WebSite","@id":"https:\/\/indr.lu\/fr\/#website","url":"https:\/\/indr.lu\/fr\/","name":"INDR","description":"Institut national pour le d\u00e9veloppement durable et la RSE","publisher":{"@id":"https:\/\/indr.lu\/fr\/#organization"},"potentialAction":[{"@type":"SearchAction","target":{"@type":"EntryPoint","urlTemplate":"https:\/\/indr.lu\/fr\/?s={search_term_string}"},"query-input":{"@type":"PropertyValueSpecification","valueRequired":true,"valueName":"search_term_string"}}],"inLanguage":"fr-FR"},{"@type":"Organization","@id":"https:\/\/indr.lu\/fr\/#organization","name":"INDR","alternateName":"L\u2019Institut National pour le D\u00e9veloppement durable et la Responsabilit\u00e9 sociale des entreprises","url":"https:\/\/indr.lu\/fr\/","logo":{"@type":"ImageObject","inLanguage":"fr-FR","@id":"https:\/\/indr.lu\/fr\/#\/schema\/logo\/image\/","url":"https:\/\/indr.lu\/wp-content\/uploads\/2021\/04\/indr-logo.svg","contentUrl":"https:\/\/indr.lu\/wp-content\/uploads\/2021\/04\/indr-logo.svg","width":"1024","height":"1024","caption":"INDR"},"image":{"@id":"https:\/\/indr.lu\/fr\/#\/schema\/logo\/image\/"},"sameAs":["https:\/\/www.facebook.com\/INDR.lu","https:\/\/www.linkedin.com\/company\/indr---institut-national-pour-le-d-veloppement-durable-et-la-responsabilit-des-entreprises\/"]}]}},"_links":{"self":[{"href":"https:\/\/indr.lu\/fr\/wp-json\/wp\/v2\/event\/2067","targetHints":{"allow":["GET"]}}],"collection":[{"href":"https:\/\/indr.lu\/fr\/wp-json\/wp\/v2\/event"}],"about":[{"href":"https:\/\/indr.lu\/fr\/wp-json\/wp\/v2\/types\/event"}],"wp:featuredmedia":[{"embeddable":true,"href":"https:\/\/indr.lu\/fr\/wp-json\/wp\/v2\/media\/8981"}],"wp:attachment":[{"href":"https:\/\/indr.lu\/fr\/wp-json\/wp\/v2\/media?parent=2067"}],"wp:term":[{"taxonomy":"events_categories","embeddable":true,"href":"https:\/\/indr.lu\/fr\/wp-json\/wp\/v2\/events_categories?post=2067"}],"curies":[{"name":"wp","href":"https:\/\/api.w.org\/{rel}","templated":true}]}}