{"id":2086,"date":"2019-03-27T06:50:24","date_gmt":"2019-03-27T05:50:24","guid":{"rendered":"https:\/\/indr.lu\/?p=2086"},"modified":"2021-06-04T14:09:36","modified_gmt":"2021-06-04T14:09:36","slug":"forum-de-la-securite-et-sante-au-travai","status":"publish","type":"event","link":"https:\/\/indr.lu\/fr\/event\/forum-de-la-securite-et-sante-au-travai\/","title":{"rendered":"Forum de la s\u00e9curit\u00e9 et sant\u00e9 au travail 2019"},"content":{"rendered":"<p>[vc_row type=&#8221;in_container&#8221; full_screen_row_position=&#8221;middle&#8221; column_margin=&#8221;default&#8221; column_direction=&#8221;default&#8221; column_direction_tablet=&#8221;default&#8221; column_direction_phone=&#8221;default&#8221; scene_position=&#8221;center&#8221; text_color=&#8221;dark&#8221; text_align=&#8221;left&#8221; row_border_radius=&#8221;none&#8221; row_border_radius_applies=&#8221;bg&#8221; overlay_strength=&#8221;0.3&#8243; gradient_direction=&#8221;left_to_right&#8221; shape_divider_position=&#8221;bottom&#8221; bg_image_animation=&#8221;none&#8221;][vc_column column_padding=&#8221;no-extra-padding&#8221; column_padding_tablet=&#8221;inherit&#8221; column_padding_phone=&#8221;inherit&#8221; column_padding_position=&#8221;all&#8221; column_element_spacing=&#8221;default&#8221; background_color_opacity=&#8221;1&#8243; background_hover_color_opacity=&#8221;1&#8243; column_shadow=&#8221;none&#8221; column_border_radius=&#8221;none&#8221; column_link_target=&#8221;_self&#8221; gradient_direction=&#8221;left_to_right&#8221; overlay_strength=&#8221;0.3&#8243; width=&#8221;1\/1&#8243; tablet_width_inherit=&#8221;default&#8221; tablet_text_alignment=&#8221;default&#8221; phone_text_alignment=&#8221;default&#8221; bg_image_animation=&#8221;none&#8221; border_type=&#8221;simple&#8221; column_border_width=&#8221;none&#8221; column_border_style=&#8221;solid&#8221;][vc_column_text]<\/p>\n<h4>Organis\u00e9 dans le cadre de la\u00a0<a href=\"https:\/\/visionzero.lu\/campagne-media\/\">VISION ZERO<\/a>\u00a0et \u00e0 l\u2019occasion de la Journ\u00e9e mondiale de la s\u00e9curit\u00e9 et de la sant\u00e9 au travail, le Forum se tiendra en 2019 sous la forme d\u2019une conf\u00e9rence.<\/h4>\n<p>La conf\u00e9rence d\u2019une demi-journ\u00e9e tournera autour des\u00a0<strong>7 r\u00e8gles d\u2019or de la\u00a0<a href=\"https:\/\/visionzero.lu\/campagne-media\/\">VISION ZERO<\/a><\/strong>\u00a0et renseignera sur les d\u00e9marches, normes et bonnes pratiques en termes de s\u00e9curit\u00e9 et de sant\u00e9 au travail au Luxembourg. Les avanc\u00e9es de la\u00a0<a href=\"https:\/\/visionzero.lu\/campagne-media\/\">VISION ZERO<\/a>\u00a0au niveau national et international y seront \u00e9galement pr\u00e9sent\u00e9es.<\/p>\n<p>La conf\u00e9rence sera agr\u00e9ment\u00e9e de\u00a0<strong>d\u00e9bats et de discussions<\/strong>\u00a0et offrira une plateforme unique aux entreprises souhaitant\u00a0<strong>s\u2019\u00e9changer sur les pratiques<\/strong>\u00a0en mati\u00e8re de gestion de s\u00e9curit\u00e9 et de sant\u00e9 au travail.<\/p>\n<p>Les inscriptions pour le Forum SST 2019 sont cl\u00f4tur\u00e9es car le nombre maximal de places disponibles a \u00e9t\u00e9 atteint. Vous pouvez n\u00e9anmoins envoyer un e-mail \u00e0\u00a0<a href=\"mailto:prevention.aaa@secu.lu?subject=Inscription%20liste%20d%27attente%20Forum\">prevention.aaa@secu.lu<\/a>\u00a0pour vous inscrire sur la liste d\u2019attente.<\/p>\n<p>[\/vc_column_text][\/vc_column][\/vc_row]<\/p>\n<div class=\"nectar-social fixed\" data-position=\"\" data-rm-love=\"1\" data-color-override=\"override\"><a href=\"#\"><span class=\"screen-reader-text\">Share<\/span><i class=\"icon-default-style steadysets-icon-share\"><\/i><\/a><div class=\"nectar-social-inner\"><a class='linkedin-share nectar-sharing' href='#' title='Share this'> <i class='fa fa-linkedin'><\/i> <span class='social-text'>Share<\/span> <\/a><\/div><\/div>","protected":false},"featured_media":8955,"template":"","events_categories":[115],"class_list":["post-2086","event","type-event","status-publish","has-post-thumbnail","hentry","events_categories-conferences"],"acf":[],"yoast_head":"<!-- This site is optimized with the Yoast SEO plugin v27.4 - https:\/\/yoast.com\/product\/yoast-seo-wordpress\/ -->\n<title>Forum de la s\u00e9curit\u00e9 et sant\u00e9 au travail 2019 - INDR<\/title>\n<meta name=\"robots\" content=\"index, follow, max-snippet:-1, max-image-preview:large, max-video-preview:-1\" \/>\n<link rel=\"canonical\" href=\"https:\/\/indr.lu\/fr\/event\/forum-de-la-securite-et-sante-au-travai\/\" \/>\n<meta property=\"og:locale\" content=\"fr_FR\" \/>\n<meta property=\"og:type\" content=\"article\" \/>\n<meta property=\"og:title\" content=\"Forum de la s\u00e9curit\u00e9 et sant\u00e9 au travail 2019 - INDR\" \/>\n<meta property=\"og:description\" content=\"Organis\u00e9 dans le cadre de la\u00a0VISION ZERO\u00a0et \u00e0 l\u2019occasion de la Journ\u00e9e mondiale de la s\u00e9curit\u00e9 et de la sant\u00e9 au travail, le Forum se tiendra en 2019 sous la forme d\u2019une conf\u00e9rence.\" \/>\n<meta property=\"og:url\" content=\"https:\/\/indr.lu\/fr\/event\/forum-de-la-securite-et-sante-au-travai\/\" \/>\n<meta property=\"og:site_name\" content=\"INDR\" \/>\n<meta property=\"article:publisher\" content=\"https:\/\/www.facebook.com\/INDR.lu\" \/>\n<meta property=\"article:modified_time\" content=\"2021-06-04T14:09:36+00:00\" \/>\n<meta property=\"og:image\" content=\"https:\/\/indr.lu\/wp-content\/uploads\/2020\/09\/003.jpg\" \/>\n\t<meta property=\"og:image:width\" content=\"400\" \/>\n\t<meta property=\"og:image:height\" content=\"400\" \/>\n\t<meta property=\"og:image:type\" content=\"image\/jpeg\" \/>\n<meta name=\"twitter:card\" content=\"summary_large_image\" \/>\n<meta name=\"twitter:label1\" content=\"Dur\u00e9e de lecture estim\u00e9e\" \/>\n\t<meta name=\"twitter:data1\" content=\"2 minutes\" \/>\n<script type=\"application\/ld+json\" class=\"yoast-schema-graph\">{\"@context\":\"https:\\\/\\\/schema.org\",\"@graph\":[{\"@type\":\"WebPage\",\"@id\":\"https:\\\/\\\/indr.lu\\\/fr\\\/event\\\/forum-de-la-securite-et-sante-au-travai\\\/\",\"url\":\"https:\\\/\\\/indr.lu\\\/fr\\\/event\\\/forum-de-la-securite-et-sante-au-travai\\\/\",\"name\":\"Forum de la s\u00e9curit\u00e9 et sant\u00e9 au travail 2019 - INDR\",\"isPartOf\":{\"@id\":\"https:\\\/\\\/indr.lu\\\/fr\\\/#website\"},\"primaryImageOfPage\":{\"@id\":\"https:\\\/\\\/indr.lu\\\/fr\\\/event\\\/forum-de-la-securite-et-sante-au-travai\\\/#primaryimage\"},\"image\":{\"@id\":\"https:\\\/\\\/indr.lu\\\/fr\\\/event\\\/forum-de-la-securite-et-sante-au-travai\\\/#primaryimage\"},\"thumbnailUrl\":\"https:\\\/\\\/indr.lu\\\/wp-content\\\/uploads\\\/2020\\\/09\\\/003.jpg\",\"datePublished\":\"2019-03-27T05:50:24+00:00\",\"dateModified\":\"2021-06-04T14:09:36+00:00\",\"breadcrumb\":{\"@id\":\"https:\\\/\\\/indr.lu\\\/fr\\\/event\\\/forum-de-la-securite-et-sante-au-travai\\\/#breadcrumb\"},\"inLanguage\":\"fr-FR\",\"potentialAction\":[{\"@type\":\"ReadAction\",\"target\":[\"https:\\\/\\\/indr.lu\\\/fr\\\/event\\\/forum-de-la-securite-et-sante-au-travai\\\/\"]}]},{\"@type\":\"ImageObject\",\"inLanguage\":\"fr-FR\",\"@id\":\"https:\\\/\\\/indr.lu\\\/fr\\\/event\\\/forum-de-la-securite-et-sante-au-travai\\\/#primaryimage\",\"url\":\"https:\\\/\\\/indr.lu\\\/wp-content\\\/uploads\\\/2020\\\/09\\\/003.jpg\",\"contentUrl\":\"https:\\\/\\\/indr.lu\\\/wp-content\\\/uploads\\\/2020\\\/09\\\/003.jpg\",\"width\":400,\"height\":400},{\"@type\":\"BreadcrumbList\",\"@id\":\"https:\\\/\\\/indr.lu\\\/fr\\\/event\\\/forum-de-la-securite-et-sante-au-travai\\\/#breadcrumb\",\"itemListElement\":[{\"@type\":\"ListItem\",\"position\":1,\"name\":\"Home\",\"item\":\"https:\\\/\\\/indr.lu\\\/fr\\\/\"},{\"@type\":\"ListItem\",\"position\":2,\"name\":\"Forum de la s\u00e9curit\u00e9 et sant\u00e9 au travail 2019\"}]},{\"@type\":\"WebSite\",\"@id\":\"https:\\\/\\\/indr.lu\\\/fr\\\/#website\",\"url\":\"https:\\\/\\\/indr.lu\\\/fr\\\/\",\"name\":\"INDR\",\"description\":\"Institut national pour le d\u00e9veloppement durable et la RSE\",\"publisher\":{\"@id\":\"https:\\\/\\\/indr.lu\\\/fr\\\/#organization\"},\"potentialAction\":[{\"@type\":\"SearchAction\",\"target\":{\"@type\":\"EntryPoint\",\"urlTemplate\":\"https:\\\/\\\/indr.lu\\\/fr\\\/?s={search_term_string}\"},\"query-input\":{\"@type\":\"PropertyValueSpecification\",\"valueRequired\":true,\"valueName\":\"search_term_string\"}}],\"inLanguage\":\"fr-FR\"},{\"@type\":\"Organization\",\"@id\":\"https:\\\/\\\/indr.lu\\\/fr\\\/#organization\",\"name\":\"INDR\",\"alternateName\":\"L\u2019Institut National pour le D\u00e9veloppement durable et la Responsabilit\u00e9 sociale des entreprises\",\"url\":\"https:\\\/\\\/indr.lu\\\/fr\\\/\",\"logo\":{\"@type\":\"ImageObject\",\"inLanguage\":\"fr-FR\",\"@id\":\"https:\\\/\\\/indr.lu\\\/fr\\\/#\\\/schema\\\/logo\\\/image\\\/\",\"url\":\"https:\\\/\\\/indr.lu\\\/wp-content\\\/uploads\\\/2021\\\/04\\\/indr-logo.svg\",\"contentUrl\":\"https:\\\/\\\/indr.lu\\\/wp-content\\\/uploads\\\/2021\\\/04\\\/indr-logo.svg\",\"width\":\"1024\",\"height\":\"1024\",\"caption\":\"INDR\"},\"image\":{\"@id\":\"https:\\\/\\\/indr.lu\\\/fr\\\/#\\\/schema\\\/logo\\\/image\\\/\"},\"sameAs\":[\"https:\\\/\\\/www.facebook.com\\\/INDR.lu\",\"https:\\\/\\\/www.linkedin.com\\\/company\\\/indr---institut-national-pour-le-d-veloppement-durable-et-la-responsabilit-des-entreprises\\\/\"]}]}<\/script>\n<!-- \/ Yoast SEO plugin. -->","yoast_head_json":{"title":"Forum de la s\u00e9curit\u00e9 et sant\u00e9 au travail 2019 - INDR","robots":{"index":"index","follow":"follow","max-snippet":"max-snippet:-1","max-image-preview":"max-image-preview:large","max-video-preview":"max-video-preview:-1"},"canonical":"https:\/\/indr.lu\/fr\/event\/forum-de-la-securite-et-sante-au-travai\/","og_locale":"fr_FR","og_type":"article","og_title":"Forum de la s\u00e9curit\u00e9 et sant\u00e9 au travail 2019 - INDR","og_description":"Organis\u00e9 dans le cadre de la\u00a0VISION ZERO\u00a0et \u00e0 l\u2019occasion de la Journ\u00e9e mondiale de la s\u00e9curit\u00e9 et de la sant\u00e9 au travail, le Forum se tiendra en 2019 sous la forme d\u2019une conf\u00e9rence.","og_url":"https:\/\/indr.lu\/fr\/event\/forum-de-la-securite-et-sante-au-travai\/","og_site_name":"INDR","article_publisher":"https:\/\/www.facebook.com\/INDR.lu","article_modified_time":"2021-06-04T14:09:36+00:00","og_image":[{"width":400,"height":400,"url":"https:\/\/indr.lu\/wp-content\/uploads\/2020\/09\/003.jpg","type":"image\/jpeg"}],"twitter_card":"summary_large_image","twitter_misc":{"Dur\u00e9e de lecture estim\u00e9e":"2 minutes"},"schema":{"@context":"https:\/\/schema.org","@graph":[{"@type":"WebPage","@id":"https:\/\/indr.lu\/fr\/event\/forum-de-la-securite-et-sante-au-travai\/","url":"https:\/\/indr.lu\/fr\/event\/forum-de-la-securite-et-sante-au-travai\/","name":"Forum de la s\u00e9curit\u00e9 et sant\u00e9 au travail 2019 - INDR","isPartOf":{"@id":"https:\/\/indr.lu\/fr\/#website"},"primaryImageOfPage":{"@id":"https:\/\/indr.lu\/fr\/event\/forum-de-la-securite-et-sante-au-travai\/#primaryimage"},"image":{"@id":"https:\/\/indr.lu\/fr\/event\/forum-de-la-securite-et-sante-au-travai\/#primaryimage"},"thumbnailUrl":"https:\/\/indr.lu\/wp-content\/uploads\/2020\/09\/003.jpg","datePublished":"2019-03-27T05:50:24+00:00","dateModified":"2021-06-04T14:09:36+00:00","breadcrumb":{"@id":"https:\/\/indr.lu\/fr\/event\/forum-de-la-securite-et-sante-au-travai\/#breadcrumb"},"inLanguage":"fr-FR","potentialAction":[{"@type":"ReadAction","target":["https:\/\/indr.lu\/fr\/event\/forum-de-la-securite-et-sante-au-travai\/"]}]},{"@type":"ImageObject","inLanguage":"fr-FR","@id":"https:\/\/indr.lu\/fr\/event\/forum-de-la-securite-et-sante-au-travai\/#primaryimage","url":"https:\/\/indr.lu\/wp-content\/uploads\/2020\/09\/003.jpg","contentUrl":"https:\/\/indr.lu\/wp-content\/uploads\/2020\/09\/003.jpg","width":400,"height":400},{"@type":"BreadcrumbList","@id":"https:\/\/indr.lu\/fr\/event\/forum-de-la-securite-et-sante-au-travai\/#breadcrumb","itemListElement":[{"@type":"ListItem","position":1,"name":"Home","item":"https:\/\/indr.lu\/fr\/"},{"@type":"ListItem","position":2,"name":"Forum de la s\u00e9curit\u00e9 et sant\u00e9 au travail 2019"}]},{"@type":"WebSite","@id":"https:\/\/indr.lu\/fr\/#website","url":"https:\/\/indr.lu\/fr\/","name":"INDR","description":"Institut national pour le d\u00e9veloppement durable et la RSE","publisher":{"@id":"https:\/\/indr.lu\/fr\/#organization"},"potentialAction":[{"@type":"SearchAction","target":{"@type":"EntryPoint","urlTemplate":"https:\/\/indr.lu\/fr\/?s={search_term_string}"},"query-input":{"@type":"PropertyValueSpecification","valueRequired":true,"valueName":"search_term_string"}}],"inLanguage":"fr-FR"},{"@type":"Organization","@id":"https:\/\/indr.lu\/fr\/#organization","name":"INDR","alternateName":"L\u2019Institut National pour le D\u00e9veloppement durable et la Responsabilit\u00e9 sociale des entreprises","url":"https:\/\/indr.lu\/fr\/","logo":{"@type":"ImageObject","inLanguage":"fr-FR","@id":"https:\/\/indr.lu\/fr\/#\/schema\/logo\/image\/","url":"https:\/\/indr.lu\/wp-content\/uploads\/2021\/04\/indr-logo.svg","contentUrl":"https:\/\/indr.lu\/wp-content\/uploads\/2021\/04\/indr-logo.svg","width":"1024","height":"1024","caption":"INDR"},"image":{"@id":"https:\/\/indr.lu\/fr\/#\/schema\/logo\/image\/"},"sameAs":["https:\/\/www.facebook.com\/INDR.lu","https:\/\/www.linkedin.com\/company\/indr---institut-national-pour-le-d-veloppement-durable-et-la-responsabilit-des-entreprises\/"]}]}},"_links":{"self":[{"href":"https:\/\/indr.lu\/fr\/wp-json\/wp\/v2\/event\/2086","targetHints":{"allow":["GET"]}}],"collection":[{"href":"https:\/\/indr.lu\/fr\/wp-json\/wp\/v2\/event"}],"about":[{"href":"https:\/\/indr.lu\/fr\/wp-json\/wp\/v2\/types\/event"}],"wp:featuredmedia":[{"embeddable":true,"href":"https:\/\/indr.lu\/fr\/wp-json\/wp\/v2\/media\/8955"}],"wp:attachment":[{"href":"https:\/\/indr.lu\/fr\/wp-json\/wp\/v2\/media?parent=2086"}],"wp:term":[{"taxonomy":"events_categories","embeddable":true,"href":"https:\/\/indr.lu\/fr\/wp-json\/wp\/v2\/events_categories?post=2086"}],"curies":[{"name":"wp","href":"https:\/\/api.w.org\/{rel}","templated":true}]}}