{"id":4614,"date":"2018-03-07T15:48:31","date_gmt":"2018-03-07T14:48:31","guid":{"rendered":"http:\/\/indr.lu\/?p=4614"},"modified":"2021-06-04T14:03:43","modified_gmt":"2021-06-04T14:03:43","slug":"lindr-fete-ses-10-ans","status":"publish","type":"event","link":"https:\/\/indr.lu\/fr\/event\/lindr-fete-ses-10-ans\/","title":{"rendered":"L\u2019INDR f\u00eate ses 10 ans"},"content":{"rendered":"[vc_row type=&#8221;in_container&#8221; full_screen_row_position=&#8221;middle&#8221; column_margin=&#8221;default&#8221; column_direction=&#8221;default&#8221; column_direction_tablet=&#8221;default&#8221; column_direction_phone=&#8221;default&#8221; scene_position=&#8221;center&#8221; text_color=&#8221;dark&#8221; text_align=&#8221;left&#8221; row_border_radius=&#8221;none&#8221; row_border_radius_applies=&#8221;bg&#8221; overlay_strength=&#8221;0.3&#8243; gradient_direction=&#8221;left_to_right&#8221; shape_divider_position=&#8221;bottom&#8221; bg_image_animation=&#8221;none&#8221;][vc_column column_padding=&#8221;no-extra-padding&#8221; column_padding_tablet=&#8221;inherit&#8221; column_padding_phone=&#8221;inherit&#8221; column_padding_position=&#8221;all&#8221; column_element_spacing=&#8221;default&#8221; background_color_opacity=&#8221;1&#8243; background_hover_color_opacity=&#8221;1&#8243; column_shadow=&#8221;none&#8221; column_border_radius=&#8221;none&#8221; column_link_target=&#8221;_self&#8221; gradient_direction=&#8221;left_to_right&#8221; overlay_strength=&#8221;0.3&#8243; width=&#8221;1\/1&#8243; tablet_width_inherit=&#8221;default&#8221; tablet_text_alignment=&#8221;default&#8221; phone_text_alignment=&#8221;default&#8221; bg_image_animation=&#8221;none&#8221; border_type=&#8221;simple&#8221; column_border_width=&#8221;none&#8221; column_border_style=&#8221;solid&#8221;][vc_column_text]<img decoding=\"async\" src=\"http:\/\/indr.lu\/wp-content\/uploads\/2018\/03\/arton8780-d04c9-1024x427.jpg\" sizes=\"(max-width: 800px) 100vw, 800px\" srcset=\"https:\/\/indr.lu\/wp-content\/uploads\/2018\/03\/arton8780-d04c9-1024x427.jpg 1024w, https:\/\/indr.lu\/wp-content\/uploads\/2018\/03\/arton8780-d04c9-300x125.jpg 300w, https:\/\/indr.lu\/wp-content\/uploads\/2018\/03\/arton8780-d04c9-768x320.jpg 768w, https:\/\/indr.lu\/wp-content\/uploads\/2018\/03\/arton8780-d04c9.jpg 1200w\" alt=\"\" width=\"800\" height=\"334\" \/><\/p>\n<p>L\u2019Union des entreprises luxembourgeoises (UEL) a fond\u00e9 l\u2019Institut national pour le d\u00e9veloppement durable et la responsabilit\u00e9 des entreprises (INDR) il y a de cela 10 ans. L\u2019INDR a marqu\u00e9 cet \u00e9v\u00e9nement par une s\u00e9ance acad\u00e9mique le 7 mars 2018 \u00e0 la Chambre de Commerce en pr\u00e9sence du Premier ministre, Monsieur Xavier Bettel.<\/p>\n<p>Dans son mot d\u2019introduction, Michel Wurth, pr\u00e9sident de l\u2019INDR, a rappel\u00e9 le r\u00f4le essentiel des entreprises dans la contribution au d\u00e9veloppement durable, \u00ab\u00a0L\u2019entreprise moderne et responsable est un acteur cl\u00e9 du changement et d\u2019un avenir bien pens\u00e9 dans toute sa complexit\u00e9. Les entreprises ont compris que leur meilleure strat\u00e9gie est de cr\u00e9er de la valeur pour elle tout en pr\u00e9servant la soci\u00e9t\u00e9. Elles sont au c\u0153ur de la transition vers une croissance qualitative. La RSE n\u2019est plus un trade-off, mais la seule strat\u00e9gie gagnante.\u00a0\u00bb<\/p>\n<p><img decoding=\"async\" src=\"https:\/\/www.infogreen.lu\/local\/cache-vignettes\/L672xH504\/indr-700-3-73320.jpg?1603641020\" alt=\"\/\" width=\"672\" height=\"504\" \/><\/p>\n<p>En tant qu\u2019initiative des employeurs, l\u2019INDR repr\u00e9sente l\u2019ensemble des entreprises luxembourgeoises except\u00e9 celles du secteur primaire. \u00c0 l\u2019instar de l\u2019UEL, l\u2019institut est compos\u00e9 des huit organisations patronales dont les deux chambres et les six f\u00e9d\u00e9rations professionnelles. C\u2019est donc naturellement que l\u2019INDR accompagne les entreprises de toutes tailles et de tous secteurs \u00e9conomiques dans leur d\u00e9marche de responsabilisation et donc de contribution au d\u00e9veloppement durable.<\/p>\n<p>Au cours de la derni\u00e8re d\u00e9cennie, l\u2019INDR s\u2019est positionn\u00e9 comme l\u2019acteur de r\u00e9f\u00e9rence national pour la RSE au Luxembourg. Il a d\u00e9velopp\u00e9 des liens et partenariats avec tous les acteurs cl\u00e9s de la RSE. Dans le domaine public, il collabore avec des parties prenantes sp\u00e9cifiques selon les sujets trait\u00e9s\u00a0: plans d\u2019action nationaux concernant la RSE, les droits de l\u2019homme, le d\u00e9veloppement durable ou encore actions promouvant l\u2019\u00e9galit\u00e9. R\u00e9cemment, l\u2019INDR a lanc\u00e9 la premi\u00e8re association des professionnels de la RSE, ProRSE, une plateforme unique d\u2019\u00e9changes entre les personnes de terrain qui feront progresser la RSE.<\/p>\n<p>La RSE est l\u2019outil strat\u00e9gique dont dispose l\u2019entreprise pour s\u2019adapter \u00e0 son contexte \u00e9conomique, social et environnemental, tout en cr\u00e9ant de la valeur partag\u00e9e pour l\u2019entreprise et pour la soci\u00e9t\u00e9 dans laquelle elle \u00e9volue.<\/p>\n<dl>\n<dt><img decoding=\"async\" src=\"https:\/\/www.infogreen.lu\/local\/cache-vignettes\/L250xH346\/indr-700-2-cb7c2.jpg?1603641020\" alt=\"Xavier\" width=\"250\" height=\"346\" \/><\/dt>\n<dt>Xavier Bettel, Premier ministre<\/dt>\n<\/dl>\n<p>Le Guide ESR (Entreprise socialement responsable), d\u00e9velopp\u00e9 en collaboration avec les principaux acteurs nationaux de la RSE au Luxembourg, est l\u2019ouvrage de r\u00e9f\u00e9rence des entreprises et donne une vue d\u2019ensemble des principales attentes de la soci\u00e9t\u00e9 \u00e0 leur \u00e9gard. Il reprend les principales th\u00e9matiques de la RSE jug\u00e9es pertinentes au Luxembourg et est en ligne avec les standards internationaux usuels. \u00c0 ce jour, 150 entreprises sont labellis\u00e9es ESR repr\u00e9sentant 48.000 salari\u00e9s ou 10\u00a0% de la population active. L\u2019INDR a par ailleurs sensibilis\u00e9 un millier d\u2019entreprises \u00e0 la RSE. La nouvelle loi sur les march\u00e9s publics devrait les encourager \u00e0 formaliser leur d\u00e9marche.<\/p>\n<p>Le programme ESR de l\u2019INDR se d\u00e9cline en 4 gammes de services li\u00e9s \u00e0\u00a0:<\/p>\n<ul>\n<li>l\u2019\u00e9ducation &#8211; pour comprendre les avantages de la RSE,<\/li>\n<li>l\u2019\u00e9valuation &#8211; pour tester la responsabilit\u00e9 de son entreprise,<\/li>\n<li>l\u2019engagement &#8211; pour affirmer son engagement et<\/li>\n<li>au label ESR &#8211; pour confirmer sa responsabilit\u00e9 et valoriser son entreprise.<\/li>\n<\/ul>\n<p>Le Premier ministre Xavier Bettel a pour sa part vivement f\u00e9licit\u00e9 l\u2019INDR pour \u00eatre devenu un acteur incontournable pour faire progresser la RSE au Luxembourg. Il a par ailleurs remerci\u00e9 les entreprises sensibilis\u00e9es et labellis\u00e9es ESR pour leur engagement et leur contribution holistique au d\u00e9veloppement durable.<\/p>\n<p>Le discours de fond \u00e9tait prononc\u00e9 par Kate Raworth, \u00e9conomiste, enseignante et chercheuse \u00e0 l\u2019Oxford University\u2019s BEBOP Environmental Change Institute, et auteure du bestseller \u00ab\u00a0Doughnut Economics\u00a0\u00bb. Face au grand d\u00e9fi du XXI<sup>e<\/sup>de pouvoir r\u00e9pondre aux besoins de chacun tout en tenant compte des ressources disponibles, Kate Raworth propose une approche r\u00e9volutionnaire des sciences \u00e9conomiques, qu\u2019elle appelle \u00ab\u00a0Doughnut Economics \u2013 Seven Ways to Think Like a 21st-Century Economist\u00a0\u00bb. Ce mod\u00e8le unique int\u00e8gre d\u2019une part les limites plan\u00e9taires et d\u2019autre part les contraintes de la soci\u00e9t\u00e9. Kate Raworth devrait inspirer les entreprises \u00e0 se pr\u00e9parer \u00e0 l\u2019avenir.<\/p>\n<dl>\n<dt><img decoding=\"async\" src=\"https:\/\/www.infogreen.lu\/local\/cache-vignettes\/L672xH504\/indr-700-1-ff62b.jpg?1603641021\" alt=\"Kate\" width=\"672\" height=\"504\" \/><\/dt>\n<dt>Kate Raworth, \u00e9conomiste<\/dt>\n<\/dl>\n<div class=\"lyte-wrapper fourthree\" style=\"width:420px;max-width:100%;margin:5px;\"><div class=\"lyMe\" id=\"WYL_pMbRa2d44bc\"><div id=\"lyte_pMbRa2d44bc\" data-src=\"https:\/\/indr.lu\/wp-content\/plugins\/wp-youtube-lyte\/lyteCache.php?origThumbUrl=%2F%2Fi.ytimg.com%2Fvi%2FpMbRa2d44bc%2Fhqdefault.jpg\" class=\"pL\"><div class=\"tC\"><div class=\"tT\"><\/div><\/div><div class=\"play\"><\/div><div class=\"ctrl\"><div class=\"Lctrl\"><\/div><div class=\"Rctrl\"><\/div><\/div><\/div><noscript><a href=\"https:\/\/youtu.be\/pMbRa2d44bc\" rel=\"nofollow\"><img decoding=\"async\" src=\"https:\/\/indr.lu\/wp-content\/plugins\/wp-youtube-lyte\/lyteCache.php?origThumbUrl=https%3A%2F%2Fi.ytimg.com%2Fvi%2FpMbRa2d44bc%2F0.jpg\" alt=\"YouTube video thumbnail\" width=\"420\" height=\"295\" \/><br \/>Lire cette vid\u00e9o sur YouTube<\/a><\/noscript><\/div><\/div><div class=\"lL\" style=\"max-width:100%;width:420px;margin:5px;\"><\/div>\n<div class=\"lyte-wrapper fourthree\" style=\"width:420px;max-width:100%;margin:5px;\"><div class=\"lyMe\" id=\"WYL_2hkuVswEMko\"><div id=\"lyte_2hkuVswEMko\" data-src=\"https:\/\/indr.lu\/wp-content\/plugins\/wp-youtube-lyte\/lyteCache.php?origThumbUrl=%2F%2Fi.ytimg.com%2Fvi%2F2hkuVswEMko%2Fhqdefault.jpg\" class=\"pL\"><div class=\"tC\"><div class=\"tT\"><\/div><\/div><div class=\"play\"><\/div><div class=\"ctrl\"><div class=\"Lctrl\"><\/div><div class=\"Rctrl\"><\/div><\/div><\/div><noscript><a href=\"https:\/\/youtu.be\/2hkuVswEMko\" rel=\"nofollow\"><img decoding=\"async\" src=\"https:\/\/indr.lu\/wp-content\/plugins\/wp-youtube-lyte\/lyteCache.php?origThumbUrl=https%3A%2F%2Fi.ytimg.com%2Fvi%2F2hkuVswEMko%2F0.jpg\" alt=\"YouTube video thumbnail\" width=\"420\" height=\"295\" \/><br \/>Lire cette vid\u00e9o sur YouTube<\/a><\/noscript><\/div><\/div><div class=\"lL\" style=\"max-width:100%;width:420px;margin:5px;\"><\/div>\n<p><a target=\"_blank\" rel=\"noopener noreferrer\">\u00a0<\/a>[\/vc_column_text][\/vc_column][\/vc_row]\n","protected":false},"featured_media":9382,"template":"","events_categories":[115],"class_list":{"0":"post-4614","1":"event","2":"type-event","3":"status-publish","4":"has-post-thumbnail","6":"events_categories-conferences"},"acf":[],"yoast_head":"<!-- This site is optimized with the Yoast SEO plugin v27.5 - https:\/\/yoast.com\/product\/yoast-seo-wordpress\/ -->\n<title>L\u2019INDR f\u00eate ses 10 ans - INDR<\/title>\n<meta name=\"robots\" content=\"index, follow, max-snippet:-1, max-image-preview:large, max-video-preview:-1\" \/>\n<link rel=\"canonical\" href=\"https:\/\/indr.lu\/fr\/event\/lindr-fete-ses-10-ans\/\" \/>\n<meta property=\"og:locale\" content=\"fr_FR\" \/>\n<meta property=\"og:type\" content=\"article\" \/>\n<meta property=\"og:title\" content=\"L\u2019INDR f\u00eate ses 10 ans - INDR\" \/>\n<meta property=\"og:description\" content=\"L\u2019INDR a marqu\u00e9 cet \u00e9v\u00e9nement par une s\u00e9ance acad\u00e9mique le 7 mars 2018 \u00e0 la Chambre de Commerce en pr\u00e9sence du Premier ministre, Monsieur Xavier Bettel.\" \/>\n<meta property=\"og:url\" content=\"https:\/\/indr.lu\/fr\/event\/lindr-fete-ses-10-ans\/\" \/>\n<meta property=\"og:site_name\" content=\"INDR\" \/>\n<meta property=\"article:publisher\" content=\"https:\/\/www.facebook.com\/INDR.lu\" \/>\n<meta property=\"article:modified_time\" content=\"2021-06-04T14:03:43+00:00\" \/>\n<meta property=\"og:image\" content=\"https:\/\/indr.lu\/wp-content\/uploads\/2018\/03\/arton8780-d04c9.jpg\" \/>\n\t<meta property=\"og:image:width\" content=\"1200\" \/>\n\t<meta property=\"og:image:height\" content=\"500\" \/>\n\t<meta property=\"og:image:type\" content=\"image\/jpeg\" \/>\n<meta name=\"twitter:card\" content=\"summary_large_image\" \/>\n<meta name=\"twitter:label1\" content=\"Dur\u00e9e de lecture estim\u00e9e\" \/>\n\t<meta name=\"twitter:data1\" content=\"4 minutes\" \/>\n<script type=\"application\/ld+json\" class=\"yoast-schema-graph\">{\"@context\":\"https:\\\/\\\/schema.org\",\"@graph\":[{\"@type\":\"WebPage\",\"@id\":\"https:\\\/\\\/indr.lu\\\/fr\\\/event\\\/lindr-fete-ses-10-ans\\\/\",\"url\":\"https:\\\/\\\/indr.lu\\\/fr\\\/event\\\/lindr-fete-ses-10-ans\\\/\",\"name\":\"L\u2019INDR f\u00eate ses 10 ans - INDR\",\"isPartOf\":{\"@id\":\"https:\\\/\\\/indr.lu\\\/fr\\\/#website\"},\"primaryImageOfPage\":{\"@id\":\"https:\\\/\\\/indr.lu\\\/fr\\\/event\\\/lindr-fete-ses-10-ans\\\/#primaryimage\"},\"image\":{\"@id\":\"https:\\\/\\\/indr.lu\\\/fr\\\/event\\\/lindr-fete-ses-10-ans\\\/#primaryimage\"},\"thumbnailUrl\":\"https:\\\/\\\/indr.lu\\\/wp-content\\\/uploads\\\/2018\\\/03\\\/arton8780-d04c9.jpg\",\"datePublished\":\"2018-03-07T14:48:31+00:00\",\"dateModified\":\"2021-06-04T14:03:43+00:00\",\"breadcrumb\":{\"@id\":\"https:\\\/\\\/indr.lu\\\/fr\\\/event\\\/lindr-fete-ses-10-ans\\\/#breadcrumb\"},\"inLanguage\":\"fr-FR\",\"potentialAction\":[{\"@type\":\"ReadAction\",\"target\":[\"https:\\\/\\\/indr.lu\\\/fr\\\/event\\\/lindr-fete-ses-10-ans\\\/\"]}]},{\"@type\":\"ImageObject\",\"inLanguage\":\"fr-FR\",\"@id\":\"https:\\\/\\\/indr.lu\\\/fr\\\/event\\\/lindr-fete-ses-10-ans\\\/#primaryimage\",\"url\":\"https:\\\/\\\/indr.lu\\\/wp-content\\\/uploads\\\/2018\\\/03\\\/arton8780-d04c9.jpg\",\"contentUrl\":\"https:\\\/\\\/indr.lu\\\/wp-content\\\/uploads\\\/2018\\\/03\\\/arton8780-d04c9.jpg\",\"width\":1200,\"height\":500},{\"@type\":\"BreadcrumbList\",\"@id\":\"https:\\\/\\\/indr.lu\\\/fr\\\/event\\\/lindr-fete-ses-10-ans\\\/#breadcrumb\",\"itemListElement\":[{\"@type\":\"ListItem\",\"position\":1,\"name\":\"Home\",\"item\":\"https:\\\/\\\/indr.lu\\\/fr\\\/\"},{\"@type\":\"ListItem\",\"position\":2,\"name\":\"L\u2019INDR f\u00eate ses 10 ans\"}]},{\"@type\":\"WebSite\",\"@id\":\"https:\\\/\\\/indr.lu\\\/fr\\\/#website\",\"url\":\"https:\\\/\\\/indr.lu\\\/fr\\\/\",\"name\":\"INDR\",\"description\":\"Institut national pour le d\u00e9veloppement durable et la RSE\",\"publisher\":{\"@id\":\"https:\\\/\\\/indr.lu\\\/fr\\\/#organization\"},\"potentialAction\":[{\"@type\":\"SearchAction\",\"target\":{\"@type\":\"EntryPoint\",\"urlTemplate\":\"https:\\\/\\\/indr.lu\\\/fr\\\/?s={search_term_string}\"},\"query-input\":{\"@type\":\"PropertyValueSpecification\",\"valueRequired\":true,\"valueName\":\"search_term_string\"}}],\"inLanguage\":\"fr-FR\"},{\"@type\":\"Organization\",\"@id\":\"https:\\\/\\\/indr.lu\\\/fr\\\/#organization\",\"name\":\"INDR\",\"alternateName\":\"L\u2019Institut National pour le D\u00e9veloppement durable et la Responsabilit\u00e9 sociale des entreprises\",\"url\":\"https:\\\/\\\/indr.lu\\\/fr\\\/\",\"logo\":{\"@type\":\"ImageObject\",\"inLanguage\":\"fr-FR\",\"@id\":\"https:\\\/\\\/indr.lu\\\/fr\\\/#\\\/schema\\\/logo\\\/image\\\/\",\"url\":\"https:\\\/\\\/indr.lu\\\/wp-content\\\/uploads\\\/2021\\\/04\\\/indr-logo.svg\",\"contentUrl\":\"https:\\\/\\\/indr.lu\\\/wp-content\\\/uploads\\\/2021\\\/04\\\/indr-logo.svg\",\"width\":\"1024\",\"height\":\"1024\",\"caption\":\"INDR\"},\"image\":{\"@id\":\"https:\\\/\\\/indr.lu\\\/fr\\\/#\\\/schema\\\/logo\\\/image\\\/\"},\"sameAs\":[\"https:\\\/\\\/www.facebook.com\\\/INDR.lu\",\"https:\\\/\\\/www.linkedin.com\\\/company\\\/indr---institut-national-pour-le-d-veloppement-durable-et-la-responsabilit-des-entreprises\\\/\"]}]}<\/script>\n<!-- \/ Yoast SEO plugin. -->","yoast_head_json":{"title":"L\u2019INDR f\u00eate ses 10 ans - INDR","robots":{"index":"index","follow":"follow","max-snippet":"max-snippet:-1","max-image-preview":"max-image-preview:large","max-video-preview":"max-video-preview:-1"},"canonical":"https:\/\/indr.lu\/fr\/event\/lindr-fete-ses-10-ans\/","og_locale":"fr_FR","og_type":"article","og_title":"L\u2019INDR f\u00eate ses 10 ans - INDR","og_description":"L\u2019INDR a marqu\u00e9 cet \u00e9v\u00e9nement par une s\u00e9ance acad\u00e9mique le 7 mars 2018 \u00e0 la Chambre de Commerce en pr\u00e9sence du Premier ministre, Monsieur Xavier Bettel.","og_url":"https:\/\/indr.lu\/fr\/event\/lindr-fete-ses-10-ans\/","og_site_name":"INDR","article_publisher":"https:\/\/www.facebook.com\/INDR.lu","article_modified_time":"2021-06-04T14:03:43+00:00","og_image":[{"width":1200,"height":500,"url":"https:\/\/indr.lu\/wp-content\/uploads\/2018\/03\/arton8780-d04c9.jpg","type":"image\/jpeg"}],"twitter_card":"summary_large_image","twitter_misc":{"Dur\u00e9e de lecture estim\u00e9e":"4 minutes"},"schema":{"@context":"https:\/\/schema.org","@graph":[{"@type":"WebPage","@id":"https:\/\/indr.lu\/fr\/event\/lindr-fete-ses-10-ans\/","url":"https:\/\/indr.lu\/fr\/event\/lindr-fete-ses-10-ans\/","name":"L\u2019INDR f\u00eate ses 10 ans - INDR","isPartOf":{"@id":"https:\/\/indr.lu\/fr\/#website"},"primaryImageOfPage":{"@id":"https:\/\/indr.lu\/fr\/event\/lindr-fete-ses-10-ans\/#primaryimage"},"image":{"@id":"https:\/\/indr.lu\/fr\/event\/lindr-fete-ses-10-ans\/#primaryimage"},"thumbnailUrl":"https:\/\/indr.lu\/wp-content\/uploads\/2018\/03\/arton8780-d04c9.jpg","datePublished":"2018-03-07T14:48:31+00:00","dateModified":"2021-06-04T14:03:43+00:00","breadcrumb":{"@id":"https:\/\/indr.lu\/fr\/event\/lindr-fete-ses-10-ans\/#breadcrumb"},"inLanguage":"fr-FR","potentialAction":[{"@type":"ReadAction","target":["https:\/\/indr.lu\/fr\/event\/lindr-fete-ses-10-ans\/"]}]},{"@type":"ImageObject","inLanguage":"fr-FR","@id":"https:\/\/indr.lu\/fr\/event\/lindr-fete-ses-10-ans\/#primaryimage","url":"https:\/\/indr.lu\/wp-content\/uploads\/2018\/03\/arton8780-d04c9.jpg","contentUrl":"https:\/\/indr.lu\/wp-content\/uploads\/2018\/03\/arton8780-d04c9.jpg","width":1200,"height":500},{"@type":"BreadcrumbList","@id":"https:\/\/indr.lu\/fr\/event\/lindr-fete-ses-10-ans\/#breadcrumb","itemListElement":[{"@type":"ListItem","position":1,"name":"Home","item":"https:\/\/indr.lu\/fr\/"},{"@type":"ListItem","position":2,"name":"L\u2019INDR f\u00eate ses 10 ans"}]},{"@type":"WebSite","@id":"https:\/\/indr.lu\/fr\/#website","url":"https:\/\/indr.lu\/fr\/","name":"INDR","description":"Institut national pour le d\u00e9veloppement durable et la RSE","publisher":{"@id":"https:\/\/indr.lu\/fr\/#organization"},"potentialAction":[{"@type":"SearchAction","target":{"@type":"EntryPoint","urlTemplate":"https:\/\/indr.lu\/fr\/?s={search_term_string}"},"query-input":{"@type":"PropertyValueSpecification","valueRequired":true,"valueName":"search_term_string"}}],"inLanguage":"fr-FR"},{"@type":"Organization","@id":"https:\/\/indr.lu\/fr\/#organization","name":"INDR","alternateName":"L\u2019Institut National pour le D\u00e9veloppement durable et la Responsabilit\u00e9 sociale des entreprises","url":"https:\/\/indr.lu\/fr\/","logo":{"@type":"ImageObject","inLanguage":"fr-FR","@id":"https:\/\/indr.lu\/fr\/#\/schema\/logo\/image\/","url":"https:\/\/indr.lu\/wp-content\/uploads\/2021\/04\/indr-logo.svg","contentUrl":"https:\/\/indr.lu\/wp-content\/uploads\/2021\/04\/indr-logo.svg","width":"1024","height":"1024","caption":"INDR"},"image":{"@id":"https:\/\/indr.lu\/fr\/#\/schema\/logo\/image\/"},"sameAs":["https:\/\/www.facebook.com\/INDR.lu","https:\/\/www.linkedin.com\/company\/indr---institut-national-pour-le-d-veloppement-durable-et-la-responsabilit-des-entreprises\/"]}]}},"_links":{"self":[{"href":"https:\/\/indr.lu\/fr\/wp-json\/wp\/v2\/event\/4614","targetHints":{"allow":["GET"]}}],"collection":[{"href":"https:\/\/indr.lu\/fr\/wp-json\/wp\/v2\/event"}],"about":[{"href":"https:\/\/indr.lu\/fr\/wp-json\/wp\/v2\/types\/event"}],"wp:featuredmedia":[{"embeddable":true,"href":"https:\/\/indr.lu\/fr\/wp-json\/wp\/v2\/media\/9382"}],"wp:attachment":[{"href":"https:\/\/indr.lu\/fr\/wp-json\/wp\/v2\/media?parent=4614"}],"wp:term":[{"taxonomy":"events_categories","embeddable":true,"href":"https:\/\/indr.lu\/fr\/wp-json\/wp\/v2\/events_categories?post=4614"}],"curies":[{"name":"wp","href":"https:\/\/api.w.org\/{rel}","templated":true}]}}