{"id":883,"date":"2020-04-29T20:21:06","date_gmt":"2020-04-29T18:21:06","guid":{"rendered":"https:\/\/indr.lu\/?p=883"},"modified":"2021-06-04T14:46:02","modified_gmt":"2021-06-04T14:46:02","slug":"forum-de-la-securite-et-de-la-sante-au-travail-2020-evenement-reporte","status":"publish","type":"event","link":"https:\/\/indr.lu\/fr\/event\/forum-de-la-securite-et-de-la-sante-au-travail-2020-evenement-reporte\/","title":{"rendered":"Forum de la s\u00e9curit\u00e9 et de la sant\u00e9 au travail 2020 \u2013 \u00e9v\u00e9nement report\u00e9"},"content":{"rendered":"[vc_row type=&#8221;in_container&#8221; full_screen_row_position=&#8221;middle&#8221; column_margin=&#8221;default&#8221; column_direction=&#8221;default&#8221; column_direction_tablet=&#8221;default&#8221; column_direction_phone=&#8221;default&#8221; scene_position=&#8221;center&#8221; text_color=&#8221;dark&#8221; text_align=&#8221;left&#8221; row_border_radius=&#8221;none&#8221; row_border_radius_applies=&#8221;bg&#8221; overlay_strength=&#8221;0.3&#8243; gradient_direction=&#8221;left_to_right&#8221; shape_divider_position=&#8221;bottom&#8221; bg_image_animation=&#8221;none&#8221;][vc_column column_padding=&#8221;no-extra-padding&#8221; column_padding_tablet=&#8221;inherit&#8221; column_padding_phone=&#8221;inherit&#8221; column_padding_position=&#8221;all&#8221; column_element_spacing=&#8221;default&#8221; background_color_opacity=&#8221;1&#8243; background_hover_color_opacity=&#8221;1&#8243; column_shadow=&#8221;none&#8221; column_border_radius=&#8221;none&#8221; column_link_target=&#8221;_self&#8221; gradient_direction=&#8221;left_to_right&#8221; overlay_strength=&#8221;0.3&#8243; width=&#8221;1\/1&#8243; tablet_width_inherit=&#8221;default&#8221; tablet_text_alignment=&#8221;default&#8221; phone_text_alignment=&#8221;default&#8221; bg_image_animation=&#8221;none&#8221; border_type=&#8221;simple&#8221; column_border_width=&#8221;none&#8221; column_border_style=&#8221;solid&#8221;][vc_column_text]Dans le contexte de la pand\u00e9mie mondiale du COVID-19, l&#8217;AAA, l&#8217;UEL et l&#8217;INDR ont d\u00e9cid\u00e9 de reporter le Forum \u00e0 une date ult\u00e9rieure qui sera communiqu\u00e9e dans les meilleurs d\u00e9lais.<\/p>\n<p><strong>COVID-19:<\/strong><\/p>\n<p><strong>Report du Forum s\u00e9curit\u00e9-sant\u00e9 au travail<\/strong><\/p>\n<p><strong>pr\u00e9vu le 29 avril 2020 \u00e0 LUXEXPO THE BOX<\/strong><\/p>\n<p>Faisant suite \u00e0 la d\u00e9cision du Conseil de gouvernement du 11 mars 2020 d\u2019interdire toutes les manifestations en milieu confin\u00e9 rassemblant plus de 1.000 personnes, les organisateurs du Forum s\u00e9curit\u00e9-sant\u00e9 au travail sont tenus de reporter cet \u00e9v\u00e9nement \u00e0 une date ult\u00e9rieure qui sera communiqu\u00e9e dans les meilleurs d\u00e9lais.<\/p>\n<p>Les visiteurs, les exposants ainsi que les animateurs de workshops ayant introduit leur candidature pour le Forum 2020 seront contact\u00e9s s\u00e9par\u00e9ment. Concernant la remise du Prix national s\u00e9curit\u00e9-sant\u00e9 au travail 2020, les d\u00e9tails sur l\u2019organisation seront communiqu\u00e9s ult\u00e9rieurement et les laur\u00e9ats seront contact\u00e9s s\u00e9par\u00e9ment.<\/p>\n<p>De plus amples informations seront disponibles sous peu sur le site\u00a0<a style=\"color: #000000;\" href=\"http:\/\/www.visionzero.lu\/\">www.visionzero.lu<\/a><\/p>\n<p>Les organisateurs et les partenaires du Forum, bien que regrettant cette d\u00e9cision, comptent sur la compr\u00e9hension des parties int\u00e9ress\u00e9es qu\u2019ils agissent dans l\u2019int\u00e9r\u00eat national de sant\u00e9 publique et souhaitent que cette plateforme unique d\u2019\u00e9changes b\u00e9n\u00e9ficie au plus grand nombre d\u2019int\u00e9ress\u00e9s.<\/p>\n<p><img decoding=\"async\" src=\"https:\/\/indr.lu\/wp-content\/uploads\/2020\/01\/2020-03-13_14-32-53-1024x539.jpeg\" alt=\"\" width=\"1024\" height=\"539\" \/><\/p>\n<p>Les organisateurs et partenaires ont le plaisir de vous inviter \u00e0 la 14e \u00e9dition du Forum de la s\u00e9curit\u00e9 et de la sant\u00e9 au travail, le mercredi\u00a0<strong>29 avril 2020<\/strong>\u00a0\u00e0 LUXEXPO THE BOX, Luxembourg-Kirchberg.<\/p>\n<p>D\u00e9couvrez lors de cette \u00e9dition du Forum :<\/p>\n<ul>\n<li>Plus de 100 stands pr\u00e9sentant les derni\u00e8res nouveaut\u00e9s en mati\u00e8re de s\u00e9curit\u00e9 et de sant\u00e9 au travail<\/li>\n<li>3 salles avec au total 230 places assises pour accueillir des workshops en parall\u00e8le. Les workshops sont reconnus comme formation continue pour travailleurs d\u00e9sign\u00e9s, un certificat de participation sera envoy\u00e9 par e-mail.<\/li>\n<li>La remise du\u00a0<a href=\"https:\/\/visionzero.lu\/fr\/prix-sst\/\" target=\"_blank\" rel=\"nofollow noopener noreferrer\">Prix national s\u00e9curit\u00e9-sant\u00e9 au travail<\/a>\u00a02020 en pr\u00e9sence des ministres concern\u00e9s<\/li>\n<\/ul>\n<p><strong>Le programme d\u00e9taill\u00e9 des workshops et la liste des exposants seront disponibles au mois de mars 2020.<\/strong><\/p>\n[\/vc_column_text][\/vc_column][\/vc_row]\n","protected":false},"featured_media":8740,"template":"","events_categories":[115],"class_list":{"0":"post-883","1":"event","2":"type-event","3":"status-publish","4":"has-post-thumbnail","6":"events_categories-conferences"},"acf":[],"yoast_head":"<!-- This site is optimized with the Yoast SEO plugin v27.5 - https:\/\/yoast.com\/product\/yoast-seo-wordpress\/ -->\n<title>Forum de la s\u00e9curit\u00e9 et de la sant\u00e9 au travail 2020 \u2013 \u00e9v\u00e9nement report\u00e9 - INDR<\/title>\n<meta name=\"robots\" content=\"index, follow, max-snippet:-1, max-image-preview:large, max-video-preview:-1\" \/>\n<link rel=\"canonical\" href=\"https:\/\/indr.lu\/fr\/event\/forum-de-la-securite-et-de-la-sante-au-travail-2020-evenement-reporte\/\" \/>\n<meta property=\"og:locale\" content=\"fr_FR\" \/>\n<meta property=\"og:type\" content=\"article\" \/>\n<meta property=\"og:title\" content=\"Forum de la s\u00e9curit\u00e9 et de la sant\u00e9 au travail 2020 \u2013 \u00e9v\u00e9nement report\u00e9 - INDR\" \/>\n<meta property=\"og:description\" content=\"[vc_row type=&#8221;in_container&#8221; full_screen_row_position=&#8221;middle&#8221; column_margin=&#8221;default&#8221; column_direction=&#8221;default&#8221; column_direction_tablet=&#8221;default&#8221; column_direction_phone=&#8221;default&#8221; scene_position=&#8221;center&#8221; text_color=&#8221;dark&#8221; text_align=&#8221;left&#8221; row_border_radius=&#8221;none&#8221; row_border_radius_applies=&#8221;bg&#8221; overlay_strength=&#8221;0.3&#8243; gradient_direction=&#8221;left_to_right&#8221; shape_divider_position=&#8221;bottom&#8221; bg_image_animation=&#8221;none&#8221;][vc_column column_padding=&#8221;no-extra-padding&#8221; column_padding_tablet=&#8221;inherit&#8221; column_padding_phone=&#8221;inherit&#8221; column_padding_position=&#8221;all&#8221; column_element_spacing=&#8221;default&#8221; background_color_opacity=&#8221;1&#8243; background_hover_color_opacity=&#8221;1&#8243; column_shadow=&#8221;none&#8221; column_border_radius=&#8221;none&#8221; column_link_target=&#8221;_self&#8221; gradient_direction=&#8221;left_to_right&#8221; overlay_strength=&#8221;0.3&#8243; width=&#8221;1\/1&#8243; tablet_width_inherit=&#8221;default&#8221;...\" \/>\n<meta property=\"og:url\" content=\"https:\/\/indr.lu\/fr\/event\/forum-de-la-securite-et-de-la-sante-au-travail-2020-evenement-reporte\/\" \/>\n<meta property=\"og:site_name\" content=\"INDR\" \/>\n<meta property=\"article:publisher\" content=\"https:\/\/www.facebook.com\/INDR.lu\" \/>\n<meta property=\"article:modified_time\" content=\"2021-06-04T14:46:02+00:00\" \/>\n<meta property=\"og:image\" content=\"https:\/\/indr.lu\/wp-content\/uploads\/2021\/03\/logos-10274-aaa-vz-std-forum-ban-2800x1800px-hd.jpg\" \/>\n\t<meta property=\"og:image:width\" content=\"1134\" \/>\n\t<meta property=\"og:image:height\" content=\"526\" \/>\n\t<meta property=\"og:image:type\" content=\"image\/jpeg\" \/>\n<meta name=\"twitter:card\" content=\"summary_large_image\" \/>\n<meta name=\"twitter:label1\" content=\"Dur\u00e9e de lecture estim\u00e9e\" \/>\n\t<meta name=\"twitter:data1\" content=\"2 minutes\" \/>\n<script type=\"application\/ld+json\" class=\"yoast-schema-graph\">{\"@context\":\"https:\\\/\\\/schema.org\",\"@graph\":[{\"@type\":\"WebPage\",\"@id\":\"https:\\\/\\\/indr.lu\\\/fr\\\/event\\\/forum-de-la-securite-et-de-la-sante-au-travail-2020-evenement-reporte\\\/\",\"url\":\"https:\\\/\\\/indr.lu\\\/fr\\\/event\\\/forum-de-la-securite-et-de-la-sante-au-travail-2020-evenement-reporte\\\/\",\"name\":\"Forum de la s\u00e9curit\u00e9 et de la sant\u00e9 au travail 2020 \u2013 \u00e9v\u00e9nement report\u00e9 - INDR\",\"isPartOf\":{\"@id\":\"https:\\\/\\\/indr.lu\\\/fr\\\/#website\"},\"primaryImageOfPage\":{\"@id\":\"https:\\\/\\\/indr.lu\\\/fr\\\/event\\\/forum-de-la-securite-et-de-la-sante-au-travail-2020-evenement-reporte\\\/#primaryimage\"},\"image\":{\"@id\":\"https:\\\/\\\/indr.lu\\\/fr\\\/event\\\/forum-de-la-securite-et-de-la-sante-au-travail-2020-evenement-reporte\\\/#primaryimage\"},\"thumbnailUrl\":\"https:\\\/\\\/indr.lu\\\/wp-content\\\/uploads\\\/2021\\\/03\\\/logos-10274-aaa-vz-std-forum-ban-2800x1800px-hd.jpg\",\"datePublished\":\"2020-04-29T18:21:06+00:00\",\"dateModified\":\"2021-06-04T14:46:02+00:00\",\"breadcrumb\":{\"@id\":\"https:\\\/\\\/indr.lu\\\/fr\\\/event\\\/forum-de-la-securite-et-de-la-sante-au-travail-2020-evenement-reporte\\\/#breadcrumb\"},\"inLanguage\":\"fr-FR\",\"potentialAction\":[{\"@type\":\"ReadAction\",\"target\":[\"https:\\\/\\\/indr.lu\\\/fr\\\/event\\\/forum-de-la-securite-et-de-la-sante-au-travail-2020-evenement-reporte\\\/\"]}]},{\"@type\":\"ImageObject\",\"inLanguage\":\"fr-FR\",\"@id\":\"https:\\\/\\\/indr.lu\\\/fr\\\/event\\\/forum-de-la-securite-et-de-la-sante-au-travail-2020-evenement-reporte\\\/#primaryimage\",\"url\":\"https:\\\/\\\/indr.lu\\\/wp-content\\\/uploads\\\/2021\\\/03\\\/logos-10274-aaa-vz-std-forum-ban-2800x1800px-hd.jpg\",\"contentUrl\":\"https:\\\/\\\/indr.lu\\\/wp-content\\\/uploads\\\/2021\\\/03\\\/logos-10274-aaa-vz-std-forum-ban-2800x1800px-hd.jpg\",\"width\":1134,\"height\":526},{\"@type\":\"BreadcrumbList\",\"@id\":\"https:\\\/\\\/indr.lu\\\/fr\\\/event\\\/forum-de-la-securite-et-de-la-sante-au-travail-2020-evenement-reporte\\\/#breadcrumb\",\"itemListElement\":[{\"@type\":\"ListItem\",\"position\":1,\"name\":\"Home\",\"item\":\"https:\\\/\\\/indr.lu\\\/fr\\\/\"},{\"@type\":\"ListItem\",\"position\":2,\"name\":\"Forum de la s\u00e9curit\u00e9 et de la sant\u00e9 au travail 2020 \u2013 \u00e9v\u00e9nement report\u00e9\"}]},{\"@type\":\"WebSite\",\"@id\":\"https:\\\/\\\/indr.lu\\\/fr\\\/#website\",\"url\":\"https:\\\/\\\/indr.lu\\\/fr\\\/\",\"name\":\"INDR\",\"description\":\"Institut national pour le d\u00e9veloppement durable et la RSE\",\"publisher\":{\"@id\":\"https:\\\/\\\/indr.lu\\\/fr\\\/#organization\"},\"potentialAction\":[{\"@type\":\"SearchAction\",\"target\":{\"@type\":\"EntryPoint\",\"urlTemplate\":\"https:\\\/\\\/indr.lu\\\/fr\\\/?s={search_term_string}\"},\"query-input\":{\"@type\":\"PropertyValueSpecification\",\"valueRequired\":true,\"valueName\":\"search_term_string\"}}],\"inLanguage\":\"fr-FR\"},{\"@type\":\"Organization\",\"@id\":\"https:\\\/\\\/indr.lu\\\/fr\\\/#organization\",\"name\":\"INDR\",\"alternateName\":\"L\u2019Institut National pour le D\u00e9veloppement durable et la Responsabilit\u00e9 sociale des entreprises\",\"url\":\"https:\\\/\\\/indr.lu\\\/fr\\\/\",\"logo\":{\"@type\":\"ImageObject\",\"inLanguage\":\"fr-FR\",\"@id\":\"https:\\\/\\\/indr.lu\\\/fr\\\/#\\\/schema\\\/logo\\\/image\\\/\",\"url\":\"https:\\\/\\\/indr.lu\\\/wp-content\\\/uploads\\\/2021\\\/04\\\/indr-logo.svg\",\"contentUrl\":\"https:\\\/\\\/indr.lu\\\/wp-content\\\/uploads\\\/2021\\\/04\\\/indr-logo.svg\",\"width\":\"1024\",\"height\":\"1024\",\"caption\":\"INDR\"},\"image\":{\"@id\":\"https:\\\/\\\/indr.lu\\\/fr\\\/#\\\/schema\\\/logo\\\/image\\\/\"},\"sameAs\":[\"https:\\\/\\\/www.facebook.com\\\/INDR.lu\",\"https:\\\/\\\/www.linkedin.com\\\/company\\\/indr---institut-national-pour-le-d-veloppement-durable-et-la-responsabilit-des-entreprises\\\/\"]}]}<\/script>\n<!-- \/ Yoast SEO plugin. -->","yoast_head_json":{"title":"Forum de la s\u00e9curit\u00e9 et de la sant\u00e9 au travail 2020 \u2013 \u00e9v\u00e9nement report\u00e9 - INDR","robots":{"index":"index","follow":"follow","max-snippet":"max-snippet:-1","max-image-preview":"max-image-preview:large","max-video-preview":"max-video-preview:-1"},"canonical":"https:\/\/indr.lu\/fr\/event\/forum-de-la-securite-et-de-la-sante-au-travail-2020-evenement-reporte\/","og_locale":"fr_FR","og_type":"article","og_title":"Forum de la s\u00e9curit\u00e9 et de la sant\u00e9 au travail 2020 \u2013 \u00e9v\u00e9nement report\u00e9 - INDR","og_description":"[vc_row type=&#8221;in_container&#8221; full_screen_row_position=&#8221;middle&#8221; column_margin=&#8221;default&#8221; column_direction=&#8221;default&#8221; column_direction_tablet=&#8221;default&#8221; column_direction_phone=&#8221;default&#8221; scene_position=&#8221;center&#8221; text_color=&#8221;dark&#8221; text_align=&#8221;left&#8221; row_border_radius=&#8221;none&#8221; row_border_radius_applies=&#8221;bg&#8221; overlay_strength=&#8221;0.3&#8243; gradient_direction=&#8221;left_to_right&#8221; shape_divider_position=&#8221;bottom&#8221; bg_image_animation=&#8221;none&#8221;][vc_column column_padding=&#8221;no-extra-padding&#8221; column_padding_tablet=&#8221;inherit&#8221; column_padding_phone=&#8221;inherit&#8221; column_padding_position=&#8221;all&#8221; column_element_spacing=&#8221;default&#8221; background_color_opacity=&#8221;1&#8243; background_hover_color_opacity=&#8221;1&#8243; column_shadow=&#8221;none&#8221; column_border_radius=&#8221;none&#8221; column_link_target=&#8221;_self&#8221; gradient_direction=&#8221;left_to_right&#8221; overlay_strength=&#8221;0.3&#8243; width=&#8221;1\/1&#8243; tablet_width_inherit=&#8221;default&#8221;...","og_url":"https:\/\/indr.lu\/fr\/event\/forum-de-la-securite-et-de-la-sante-au-travail-2020-evenement-reporte\/","og_site_name":"INDR","article_publisher":"https:\/\/www.facebook.com\/INDR.lu","article_modified_time":"2021-06-04T14:46:02+00:00","og_image":[{"width":1134,"height":526,"url":"https:\/\/indr.lu\/wp-content\/uploads\/2021\/03\/logos-10274-aaa-vz-std-forum-ban-2800x1800px-hd.jpg","type":"image\/jpeg"}],"twitter_card":"summary_large_image","twitter_misc":{"Dur\u00e9e de lecture estim\u00e9e":"2 minutes"},"schema":{"@context":"https:\/\/schema.org","@graph":[{"@type":"WebPage","@id":"https:\/\/indr.lu\/fr\/event\/forum-de-la-securite-et-de-la-sante-au-travail-2020-evenement-reporte\/","url":"https:\/\/indr.lu\/fr\/event\/forum-de-la-securite-et-de-la-sante-au-travail-2020-evenement-reporte\/","name":"Forum de la s\u00e9curit\u00e9 et de la sant\u00e9 au travail 2020 \u2013 \u00e9v\u00e9nement report\u00e9 - INDR","isPartOf":{"@id":"https:\/\/indr.lu\/fr\/#website"},"primaryImageOfPage":{"@id":"https:\/\/indr.lu\/fr\/event\/forum-de-la-securite-et-de-la-sante-au-travail-2020-evenement-reporte\/#primaryimage"},"image":{"@id":"https:\/\/indr.lu\/fr\/event\/forum-de-la-securite-et-de-la-sante-au-travail-2020-evenement-reporte\/#primaryimage"},"thumbnailUrl":"https:\/\/indr.lu\/wp-content\/uploads\/2021\/03\/logos-10274-aaa-vz-std-forum-ban-2800x1800px-hd.jpg","datePublished":"2020-04-29T18:21:06+00:00","dateModified":"2021-06-04T14:46:02+00:00","breadcrumb":{"@id":"https:\/\/indr.lu\/fr\/event\/forum-de-la-securite-et-de-la-sante-au-travail-2020-evenement-reporte\/#breadcrumb"},"inLanguage":"fr-FR","potentialAction":[{"@type":"ReadAction","target":["https:\/\/indr.lu\/fr\/event\/forum-de-la-securite-et-de-la-sante-au-travail-2020-evenement-reporte\/"]}]},{"@type":"ImageObject","inLanguage":"fr-FR","@id":"https:\/\/indr.lu\/fr\/event\/forum-de-la-securite-et-de-la-sante-au-travail-2020-evenement-reporte\/#primaryimage","url":"https:\/\/indr.lu\/wp-content\/uploads\/2021\/03\/logos-10274-aaa-vz-std-forum-ban-2800x1800px-hd.jpg","contentUrl":"https:\/\/indr.lu\/wp-content\/uploads\/2021\/03\/logos-10274-aaa-vz-std-forum-ban-2800x1800px-hd.jpg","width":1134,"height":526},{"@type":"BreadcrumbList","@id":"https:\/\/indr.lu\/fr\/event\/forum-de-la-securite-et-de-la-sante-au-travail-2020-evenement-reporte\/#breadcrumb","itemListElement":[{"@type":"ListItem","position":1,"name":"Home","item":"https:\/\/indr.lu\/fr\/"},{"@type":"ListItem","position":2,"name":"Forum de la s\u00e9curit\u00e9 et de la sant\u00e9 au travail 2020 \u2013 \u00e9v\u00e9nement report\u00e9"}]},{"@type":"WebSite","@id":"https:\/\/indr.lu\/fr\/#website","url":"https:\/\/indr.lu\/fr\/","name":"INDR","description":"Institut national pour le d\u00e9veloppement durable et la RSE","publisher":{"@id":"https:\/\/indr.lu\/fr\/#organization"},"potentialAction":[{"@type":"SearchAction","target":{"@type":"EntryPoint","urlTemplate":"https:\/\/indr.lu\/fr\/?s={search_term_string}"},"query-input":{"@type":"PropertyValueSpecification","valueRequired":true,"valueName":"search_term_string"}}],"inLanguage":"fr-FR"},{"@type":"Organization","@id":"https:\/\/indr.lu\/fr\/#organization","name":"INDR","alternateName":"L\u2019Institut National pour le D\u00e9veloppement durable et la Responsabilit\u00e9 sociale des entreprises","url":"https:\/\/indr.lu\/fr\/","logo":{"@type":"ImageObject","inLanguage":"fr-FR","@id":"https:\/\/indr.lu\/fr\/#\/schema\/logo\/image\/","url":"https:\/\/indr.lu\/wp-content\/uploads\/2021\/04\/indr-logo.svg","contentUrl":"https:\/\/indr.lu\/wp-content\/uploads\/2021\/04\/indr-logo.svg","width":"1024","height":"1024","caption":"INDR"},"image":{"@id":"https:\/\/indr.lu\/fr\/#\/schema\/logo\/image\/"},"sameAs":["https:\/\/www.facebook.com\/INDR.lu","https:\/\/www.linkedin.com\/company\/indr---institut-national-pour-le-d-veloppement-durable-et-la-responsabilit-des-entreprises\/"]}]}},"_links":{"self":[{"href":"https:\/\/indr.lu\/fr\/wp-json\/wp\/v2\/event\/883","targetHints":{"allow":["GET"]}}],"collection":[{"href":"https:\/\/indr.lu\/fr\/wp-json\/wp\/v2\/event"}],"about":[{"href":"https:\/\/indr.lu\/fr\/wp-json\/wp\/v2\/types\/event"}],"wp:featuredmedia":[{"embeddable":true,"href":"https:\/\/indr.lu\/fr\/wp-json\/wp\/v2\/media\/8740"}],"wp:attachment":[{"href":"https:\/\/indr.lu\/fr\/wp-json\/wp\/v2\/media?parent=883"}],"wp:term":[{"taxonomy":"events_categories","embeddable":true,"href":"https:\/\/indr.lu\/fr\/wp-json\/wp\/v2\/events_categories?post=883"}],"curies":[{"name":"wp","href":"https:\/\/api.w.org\/{rel}","templated":true}]}}