{"id":895,"date":"2020-09-21T20:24:11","date_gmt":"2020-09-21T18:24:11","guid":{"rendered":"https:\/\/indr.lu\/?p=895"},"modified":"2021-06-04T14:49:07","modified_gmt":"2021-06-04T14:49:07","slug":"prorse-contribuer-aux-odd-grace-aux-ong-reporte-ulterieurement","status":"publish","type":"event","link":"https:\/\/indr.lu\/fr\/event\/prorse-contribuer-aux-odd-grace-aux-ong-reporte-ulterieurement\/","title":{"rendered":"ProRSE : Contribuer aux ODD gr\u00e2ce aux ONG \u2013 report\u00e9 ult\u00e9rieurement"},"content":{"rendered":"[vc_row type=&#8221;in_container&#8221; full_screen_row_position=&#8221;middle&#8221; column_margin=&#8221;default&#8221; column_direction=&#8221;default&#8221; column_direction_tablet=&#8221;default&#8221; column_direction_phone=&#8221;default&#8221; scene_position=&#8221;center&#8221; text_color=&#8221;dark&#8221; text_align=&#8221;left&#8221; row_border_radius=&#8221;none&#8221; row_border_radius_applies=&#8221;bg&#8221; overlay_strength=&#8221;0.3&#8243; gradient_direction=&#8221;left_to_right&#8221; shape_divider_position=&#8221;bottom&#8221; bg_image_animation=&#8221;none&#8221;][vc_column column_padding=&#8221;no-extra-padding&#8221; column_padding_tablet=&#8221;inherit&#8221; column_padding_phone=&#8221;inherit&#8221; column_padding_position=&#8221;all&#8221; column_element_spacing=&#8221;default&#8221; background_color_opacity=&#8221;1&#8243; background_hover_color_opacity=&#8221;1&#8243; column_shadow=&#8221;none&#8221; column_border_radius=&#8221;none&#8221; column_link_target=&#8221;_self&#8221; gradient_direction=&#8221;left_to_right&#8221; overlay_strength=&#8221;0.3&#8243; width=&#8221;1\/1&#8243; tablet_width_inherit=&#8221;default&#8221; tablet_text_alignment=&#8221;default&#8221; phone_text_alignment=&#8221;default&#8221; bg_image_animation=&#8221;none&#8221; border_type=&#8221;simple&#8221; column_border_width=&#8221;none&#8221; column_border_style=&#8221;solid&#8221;][vc_column_text]La conf\u00e9rence \u00ab Contribuer aux Objectifs de D\u00e9veloppement Durable gr\u00e2ce aux ONG \u00bb qui devait avoir lieu le 19 mars 2020 \u00e0 la Chambre de Commerce est report\u00e9e en raison de la situation li\u00e9e au COVID-19.<\/p>\n<p>En effet, pour des raisons de s\u00e9curit\u00e9 sanitaire, et en coh\u00e9rence avec les consignes de la Chambre de Commerce et celles d&#8217;entreprises n&#8217;autorisant plus leurs collaborateurs \u00e0 participer \u00e0 ce type d&#8217;\u00e9v\u00e8nement, nous pr\u00e9f\u00e9rons reporter cette conf\u00e9rence \u00e0 une date qui, \u00e0 ce jour, n&#8217;a pas encore \u00e9t\u00e9 fix\u00e9e.<\/p>\n<p>Nous vous recontacterons d\u00e8s que la situation sanitaire permettra de fixer une nouvelle date.<br \/>\nLe consortium des ONG est bien \u00e9videmment \u00e0 votre disposition si vous souhaitez d\u2019ores et d\u00e9j\u00e0 en savoir plus sur le Payroll Giving.<\/p>\n[\/vc_column_text][\/vc_column][\/vc_row]\n","protected":false},"featured_media":8958,"template":"","events_categories":[],"class_list":["post-895","event","type-event","status-publish","has-post-thumbnail"],"acf":[],"yoast_head":"<!-- This site is optimized with the Yoast SEO plugin v27.4 - https:\/\/yoast.com\/product\/yoast-seo-wordpress\/ -->\n<title>ProRSE : Contribuer aux ODD gr\u00e2ce aux ONG \u2013 report\u00e9 ult\u00e9rieurement - INDR<\/title>\n<meta name=\"robots\" content=\"index, follow, max-snippet:-1, max-image-preview:large, max-video-preview:-1\" \/>\n<link rel=\"canonical\" href=\"https:\/\/indr.lu\/fr\/event\/prorse-contribuer-aux-odd-grace-aux-ong-reporte-ulterieurement\/\" \/>\n<meta property=\"og:locale\" content=\"fr_FR\" \/>\n<meta property=\"og:type\" content=\"article\" \/>\n<meta property=\"og:title\" content=\"ProRSE : Contribuer aux ODD gr\u00e2ce aux ONG \u2013 report\u00e9 ult\u00e9rieurement - INDR\" \/>\n<meta property=\"og:description\" content=\"La conf\u00e9rence \u00ab Contribuer aux Objectifs de D\u00e9veloppement Durable gr\u00e2ce aux ONG \u00bb qui devait avoir lieu le 19 mars 2020 \u00e0 la Chambre de Commerce est report\u00e9e en raison de la situation li\u00e9e au COVID-19.\" \/>\n<meta property=\"og:url\" content=\"https:\/\/indr.lu\/fr\/event\/prorse-contribuer-aux-odd-grace-aux-ong-reporte-ulterieurement\/\" \/>\n<meta property=\"og:site_name\" content=\"INDR\" \/>\n<meta property=\"article:publisher\" content=\"https:\/\/www.facebook.com\/INDR.lu\" \/>\n<meta property=\"article:modified_time\" content=\"2021-06-04T14:49:07+00:00\" \/>\n<meta property=\"og:image\" content=\"https:\/\/indr.lu\/wp-content\/uploads\/2020\/09\/2020-02-11_10-56-09.jpeg\" \/>\n\t<meta property=\"og:image:width\" content=\"835\" \/>\n\t<meta property=\"og:image:height\" content=\"771\" \/>\n\t<meta property=\"og:image:type\" content=\"image\/jpeg\" \/>\n<meta name=\"twitter:card\" content=\"summary_large_image\" \/>\n<meta name=\"twitter:label1\" content=\"Dur\u00e9e de lecture estim\u00e9e\" \/>\n\t<meta name=\"twitter:data1\" content=\"1 minute\" \/>\n<script type=\"application\/ld+json\" class=\"yoast-schema-graph\">{\"@context\":\"https:\\\/\\\/schema.org\",\"@graph\":[{\"@type\":\"WebPage\",\"@id\":\"https:\\\/\\\/indr.lu\\\/fr\\\/event\\\/prorse-contribuer-aux-odd-grace-aux-ong-reporte-ulterieurement\\\/\",\"url\":\"https:\\\/\\\/indr.lu\\\/fr\\\/event\\\/prorse-contribuer-aux-odd-grace-aux-ong-reporte-ulterieurement\\\/\",\"name\":\"ProRSE : Contribuer aux ODD gr\u00e2ce aux ONG \u2013 report\u00e9 ult\u00e9rieurement - INDR\",\"isPartOf\":{\"@id\":\"https:\\\/\\\/indr.lu\\\/fr\\\/#website\"},\"primaryImageOfPage\":{\"@id\":\"https:\\\/\\\/indr.lu\\\/fr\\\/event\\\/prorse-contribuer-aux-odd-grace-aux-ong-reporte-ulterieurement\\\/#primaryimage\"},\"image\":{\"@id\":\"https:\\\/\\\/indr.lu\\\/fr\\\/event\\\/prorse-contribuer-aux-odd-grace-aux-ong-reporte-ulterieurement\\\/#primaryimage\"},\"thumbnailUrl\":\"https:\\\/\\\/indr.lu\\\/wp-content\\\/uploads\\\/2020\\\/09\\\/2020-02-11_10-56-09.jpeg\",\"datePublished\":\"2020-09-21T18:24:11+00:00\",\"dateModified\":\"2021-06-04T14:49:07+00:00\",\"breadcrumb\":{\"@id\":\"https:\\\/\\\/indr.lu\\\/fr\\\/event\\\/prorse-contribuer-aux-odd-grace-aux-ong-reporte-ulterieurement\\\/#breadcrumb\"},\"inLanguage\":\"fr-FR\",\"potentialAction\":[{\"@type\":\"ReadAction\",\"target\":[\"https:\\\/\\\/indr.lu\\\/fr\\\/event\\\/prorse-contribuer-aux-odd-grace-aux-ong-reporte-ulterieurement\\\/\"]}]},{\"@type\":\"ImageObject\",\"inLanguage\":\"fr-FR\",\"@id\":\"https:\\\/\\\/indr.lu\\\/fr\\\/event\\\/prorse-contribuer-aux-odd-grace-aux-ong-reporte-ulterieurement\\\/#primaryimage\",\"url\":\"https:\\\/\\\/indr.lu\\\/wp-content\\\/uploads\\\/2020\\\/09\\\/2020-02-11_10-56-09.jpeg\",\"contentUrl\":\"https:\\\/\\\/indr.lu\\\/wp-content\\\/uploads\\\/2020\\\/09\\\/2020-02-11_10-56-09.jpeg\",\"width\":835,\"height\":771},{\"@type\":\"BreadcrumbList\",\"@id\":\"https:\\\/\\\/indr.lu\\\/fr\\\/event\\\/prorse-contribuer-aux-odd-grace-aux-ong-reporte-ulterieurement\\\/#breadcrumb\",\"itemListElement\":[{\"@type\":\"ListItem\",\"position\":1,\"name\":\"Home\",\"item\":\"https:\\\/\\\/indr.lu\\\/fr\\\/\"},{\"@type\":\"ListItem\",\"position\":2,\"name\":\"ProRSE : Contribuer aux ODD gr\u00e2ce aux ONG \u2013 report\u00e9 ult\u00e9rieurement\"}]},{\"@type\":\"WebSite\",\"@id\":\"https:\\\/\\\/indr.lu\\\/fr\\\/#website\",\"url\":\"https:\\\/\\\/indr.lu\\\/fr\\\/\",\"name\":\"INDR\",\"description\":\"Institut national pour le d\u00e9veloppement durable et la RSE\",\"publisher\":{\"@id\":\"https:\\\/\\\/indr.lu\\\/fr\\\/#organization\"},\"potentialAction\":[{\"@type\":\"SearchAction\",\"target\":{\"@type\":\"EntryPoint\",\"urlTemplate\":\"https:\\\/\\\/indr.lu\\\/fr\\\/?s={search_term_string}\"},\"query-input\":{\"@type\":\"PropertyValueSpecification\",\"valueRequired\":true,\"valueName\":\"search_term_string\"}}],\"inLanguage\":\"fr-FR\"},{\"@type\":\"Organization\",\"@id\":\"https:\\\/\\\/indr.lu\\\/fr\\\/#organization\",\"name\":\"INDR\",\"alternateName\":\"L\u2019Institut National pour le D\u00e9veloppement durable et la Responsabilit\u00e9 sociale des entreprises\",\"url\":\"https:\\\/\\\/indr.lu\\\/fr\\\/\",\"logo\":{\"@type\":\"ImageObject\",\"inLanguage\":\"fr-FR\",\"@id\":\"https:\\\/\\\/indr.lu\\\/fr\\\/#\\\/schema\\\/logo\\\/image\\\/\",\"url\":\"https:\\\/\\\/indr.lu\\\/wp-content\\\/uploads\\\/2021\\\/04\\\/indr-logo.svg\",\"contentUrl\":\"https:\\\/\\\/indr.lu\\\/wp-content\\\/uploads\\\/2021\\\/04\\\/indr-logo.svg\",\"width\":\"1024\",\"height\":\"1024\",\"caption\":\"INDR\"},\"image\":{\"@id\":\"https:\\\/\\\/indr.lu\\\/fr\\\/#\\\/schema\\\/logo\\\/image\\\/\"},\"sameAs\":[\"https:\\\/\\\/www.facebook.com\\\/INDR.lu\",\"https:\\\/\\\/www.linkedin.com\\\/company\\\/indr---institut-national-pour-le-d-veloppement-durable-et-la-responsabilit-des-entreprises\\\/\"]}]}<\/script>\n<!-- \/ Yoast SEO plugin. -->","yoast_head_json":{"title":"ProRSE : Contribuer aux ODD gr\u00e2ce aux ONG \u2013 report\u00e9 ult\u00e9rieurement - INDR","robots":{"index":"index","follow":"follow","max-snippet":"max-snippet:-1","max-image-preview":"max-image-preview:large","max-video-preview":"max-video-preview:-1"},"canonical":"https:\/\/indr.lu\/fr\/event\/prorse-contribuer-aux-odd-grace-aux-ong-reporte-ulterieurement\/","og_locale":"fr_FR","og_type":"article","og_title":"ProRSE : Contribuer aux ODD gr\u00e2ce aux ONG \u2013 report\u00e9 ult\u00e9rieurement - INDR","og_description":"La conf\u00e9rence \u00ab Contribuer aux Objectifs de D\u00e9veloppement Durable gr\u00e2ce aux ONG \u00bb qui devait avoir lieu le 19 mars 2020 \u00e0 la Chambre de Commerce est report\u00e9e en raison de la situation li\u00e9e au COVID-19.","og_url":"https:\/\/indr.lu\/fr\/event\/prorse-contribuer-aux-odd-grace-aux-ong-reporte-ulterieurement\/","og_site_name":"INDR","article_publisher":"https:\/\/www.facebook.com\/INDR.lu","article_modified_time":"2021-06-04T14:49:07+00:00","og_image":[{"width":835,"height":771,"url":"https:\/\/indr.lu\/wp-content\/uploads\/2020\/09\/2020-02-11_10-56-09.jpeg","type":"image\/jpeg"}],"twitter_card":"summary_large_image","twitter_misc":{"Dur\u00e9e de lecture estim\u00e9e":"1 minute"},"schema":{"@context":"https:\/\/schema.org","@graph":[{"@type":"WebPage","@id":"https:\/\/indr.lu\/fr\/event\/prorse-contribuer-aux-odd-grace-aux-ong-reporte-ulterieurement\/","url":"https:\/\/indr.lu\/fr\/event\/prorse-contribuer-aux-odd-grace-aux-ong-reporte-ulterieurement\/","name":"ProRSE : Contribuer aux ODD gr\u00e2ce aux ONG \u2013 report\u00e9 ult\u00e9rieurement - INDR","isPartOf":{"@id":"https:\/\/indr.lu\/fr\/#website"},"primaryImageOfPage":{"@id":"https:\/\/indr.lu\/fr\/event\/prorse-contribuer-aux-odd-grace-aux-ong-reporte-ulterieurement\/#primaryimage"},"image":{"@id":"https:\/\/indr.lu\/fr\/event\/prorse-contribuer-aux-odd-grace-aux-ong-reporte-ulterieurement\/#primaryimage"},"thumbnailUrl":"https:\/\/indr.lu\/wp-content\/uploads\/2020\/09\/2020-02-11_10-56-09.jpeg","datePublished":"2020-09-21T18:24:11+00:00","dateModified":"2021-06-04T14:49:07+00:00","breadcrumb":{"@id":"https:\/\/indr.lu\/fr\/event\/prorse-contribuer-aux-odd-grace-aux-ong-reporte-ulterieurement\/#breadcrumb"},"inLanguage":"fr-FR","potentialAction":[{"@type":"ReadAction","target":["https:\/\/indr.lu\/fr\/event\/prorse-contribuer-aux-odd-grace-aux-ong-reporte-ulterieurement\/"]}]},{"@type":"ImageObject","inLanguage":"fr-FR","@id":"https:\/\/indr.lu\/fr\/event\/prorse-contribuer-aux-odd-grace-aux-ong-reporte-ulterieurement\/#primaryimage","url":"https:\/\/indr.lu\/wp-content\/uploads\/2020\/09\/2020-02-11_10-56-09.jpeg","contentUrl":"https:\/\/indr.lu\/wp-content\/uploads\/2020\/09\/2020-02-11_10-56-09.jpeg","width":835,"height":771},{"@type":"BreadcrumbList","@id":"https:\/\/indr.lu\/fr\/event\/prorse-contribuer-aux-odd-grace-aux-ong-reporte-ulterieurement\/#breadcrumb","itemListElement":[{"@type":"ListItem","position":1,"name":"Home","item":"https:\/\/indr.lu\/fr\/"},{"@type":"ListItem","position":2,"name":"ProRSE : Contribuer aux ODD gr\u00e2ce aux ONG \u2013 report\u00e9 ult\u00e9rieurement"}]},{"@type":"WebSite","@id":"https:\/\/indr.lu\/fr\/#website","url":"https:\/\/indr.lu\/fr\/","name":"INDR","description":"Institut national pour le d\u00e9veloppement durable et la RSE","publisher":{"@id":"https:\/\/indr.lu\/fr\/#organization"},"potentialAction":[{"@type":"SearchAction","target":{"@type":"EntryPoint","urlTemplate":"https:\/\/indr.lu\/fr\/?s={search_term_string}"},"query-input":{"@type":"PropertyValueSpecification","valueRequired":true,"valueName":"search_term_string"}}],"inLanguage":"fr-FR"},{"@type":"Organization","@id":"https:\/\/indr.lu\/fr\/#organization","name":"INDR","alternateName":"L\u2019Institut National pour le D\u00e9veloppement durable et la Responsabilit\u00e9 sociale des entreprises","url":"https:\/\/indr.lu\/fr\/","logo":{"@type":"ImageObject","inLanguage":"fr-FR","@id":"https:\/\/indr.lu\/fr\/#\/schema\/logo\/image\/","url":"https:\/\/indr.lu\/wp-content\/uploads\/2021\/04\/indr-logo.svg","contentUrl":"https:\/\/indr.lu\/wp-content\/uploads\/2021\/04\/indr-logo.svg","width":"1024","height":"1024","caption":"INDR"},"image":{"@id":"https:\/\/indr.lu\/fr\/#\/schema\/logo\/image\/"},"sameAs":["https:\/\/www.facebook.com\/INDR.lu","https:\/\/www.linkedin.com\/company\/indr---institut-national-pour-le-d-veloppement-durable-et-la-responsabilit-des-entreprises\/"]}]}},"_links":{"self":[{"href":"https:\/\/indr.lu\/fr\/wp-json\/wp\/v2\/event\/895","targetHints":{"allow":["GET"]}}],"collection":[{"href":"https:\/\/indr.lu\/fr\/wp-json\/wp\/v2\/event"}],"about":[{"href":"https:\/\/indr.lu\/fr\/wp-json\/wp\/v2\/types\/event"}],"wp:featuredmedia":[{"embeddable":true,"href":"https:\/\/indr.lu\/fr\/wp-json\/wp\/v2\/media\/8958"}],"wp:attachment":[{"href":"https:\/\/indr.lu\/fr\/wp-json\/wp\/v2\/media?parent=895"}],"wp:term":[{"taxonomy":"events_categories","embeddable":true,"href":"https:\/\/indr.lu\/fr\/wp-json\/wp\/v2\/events_categories?post=895"}],"curies":[{"name":"wp","href":"https:\/\/api.w.org\/{rel}","templated":true}]}}