{"id":12196,"date":"2021-06-21T22:18:44","date_gmt":"2021-06-21T22:18:44","guid":{"rendered":"https:\/\/indr.lu\/fr\/?post_type=members&#038;p=12196"},"modified":"2021-06-25T10:01:58","modified_gmt":"2021-06-25T10:01:58","slug":"chambre-de-commerce-du-grand-duche-de-luxembourg","status":"publish","type":"members","link":"https:\/\/indr.lu\/fr\/members\/chambre-de-commerce-du-grand-duche-de-luxembourg\/","title":{"rendered":"Chambre de Commerce du Grand-Duch\u00e9 de Luxembourg"},"content":{"rendered":"<p>En tant que chambre professionnelle et \u00e9tablissement public, regroupant les entreprises de tous les secteurs \u00e9conomiques, hormis l\u2019artisanat et l\u2019agriculture, la Chambre de Commerce compte plus de 90.000 ressortissants, occupant 75% du total de l\u2019emploi salari\u00e9 et repr\u00e9sentant 80% du PIB. Les entreprises affili\u00e9es \u00e0 la Chambre de Commerce constituant un ensemble h\u00e9t\u00e9roclite avec des int\u00e9r\u00eats sectoriels souvent divergents, la Chambre de Commerce \u2013 dans un esprit d\u2019\u00e9quit\u00e9 envers ses membres \u2013 con\u00e7oit sa mission primaire dans l\u2019articulation, la repr\u00e9sentation et la d\u00e9fense des int\u00e9r\u00eats de l\u2019ensemble de ses ressortissants.<\/p>\n","protected":false},"featured_media":12263,"template":"","class_list":["post-12196","members","type-members","status-publish","has-post-thumbnail"],"acf":[],"yoast_head":"<!-- This site is optimized with the Yoast SEO plugin v27.5 - https:\/\/yoast.com\/product\/yoast-seo-wordpress\/ -->\n<title>Chambre de Commerce du Grand-Duch\u00e9 de Luxembourg - INDR<\/title>\n<meta name=\"robots\" content=\"index, follow, max-snippet:-1, max-image-preview:large, max-video-preview:-1\" \/>\n<link rel=\"canonical\" href=\"https:\/\/indr.lu\/fr\/members\/chambre-de-commerce-du-grand-duche-de-luxembourg\/\" \/>\n<meta property=\"og:locale\" content=\"fr_FR\" \/>\n<meta property=\"og:type\" content=\"article\" \/>\n<meta property=\"og:title\" content=\"Chambre de Commerce du Grand-Duch\u00e9 de Luxembourg - INDR\" \/>\n<meta property=\"og:description\" content=\"En tant que chambre professionnelle et \u00e9tablissement public, regroupant les entreprises de tous les secteurs \u00e9conomiques, hormis l\u2019artisanat et l\u2019agriculture, la Chambre de Commerce compte plus de 90.000 ressortissants, occupant...\" \/>\n<meta property=\"og:url\" content=\"https:\/\/indr.lu\/fr\/members\/chambre-de-commerce-du-grand-duche-de-luxembourg\/\" \/>\n<meta property=\"og:site_name\" content=\"INDR\" \/>\n<meta property=\"article:publisher\" content=\"https:\/\/www.facebook.com\/INDR.lu\" \/>\n<meta property=\"article:modified_time\" content=\"2021-06-25T10:01:58+00:00\" \/>\n<meta property=\"og:image\" content=\"https:\/\/indr.lu\/wp-content\/uploads\/2021\/06\/cc-logo-p0212.png\" \/>\n\t<meta property=\"og:image:width\" content=\"1643\" \/>\n\t<meta property=\"og:image:height\" content=\"947\" \/>\n\t<meta property=\"og:image:type\" content=\"image\/png\" \/>\n<meta name=\"twitter:card\" content=\"summary_large_image\" \/>\n<meta name=\"twitter:label1\" content=\"Dur\u00e9e de lecture estim\u00e9e\" \/>\n\t<meta name=\"twitter:data1\" content=\"1 minute\" \/>\n<script type=\"application\/ld+json\" class=\"yoast-schema-graph\">{\"@context\":\"https:\\\/\\\/schema.org\",\"@graph\":[{\"@type\":\"WebPage\",\"@id\":\"https:\\\/\\\/indr.lu\\\/fr\\\/members\\\/chambre-de-commerce-du-grand-duche-de-luxembourg\\\/\",\"url\":\"https:\\\/\\\/indr.lu\\\/fr\\\/members\\\/chambre-de-commerce-du-grand-duche-de-luxembourg\\\/\",\"name\":\"Chambre de Commerce du Grand-Duch\u00e9 de Luxembourg - INDR\",\"isPartOf\":{\"@id\":\"https:\\\/\\\/indr.lu\\\/fr\\\/#website\"},\"primaryImageOfPage\":{\"@id\":\"https:\\\/\\\/indr.lu\\\/fr\\\/members\\\/chambre-de-commerce-du-grand-duche-de-luxembourg\\\/#primaryimage\"},\"image\":{\"@id\":\"https:\\\/\\\/indr.lu\\\/fr\\\/members\\\/chambre-de-commerce-du-grand-duche-de-luxembourg\\\/#primaryimage\"},\"thumbnailUrl\":\"https:\\\/\\\/indr.lu\\\/wp-content\\\/uploads\\\/2021\\\/06\\\/cc-logo-p0212.png\",\"datePublished\":\"2021-06-21T22:18:44+00:00\",\"dateModified\":\"2021-06-25T10:01:58+00:00\",\"breadcrumb\":{\"@id\":\"https:\\\/\\\/indr.lu\\\/fr\\\/members\\\/chambre-de-commerce-du-grand-duche-de-luxembourg\\\/#breadcrumb\"},\"inLanguage\":\"fr-FR\",\"potentialAction\":[{\"@type\":\"ReadAction\",\"target\":[\"https:\\\/\\\/indr.lu\\\/fr\\\/members\\\/chambre-de-commerce-du-grand-duche-de-luxembourg\\\/\"]}]},{\"@type\":\"ImageObject\",\"inLanguage\":\"fr-FR\",\"@id\":\"https:\\\/\\\/indr.lu\\\/fr\\\/members\\\/chambre-de-commerce-du-grand-duche-de-luxembourg\\\/#primaryimage\",\"url\":\"https:\\\/\\\/indr.lu\\\/wp-content\\\/uploads\\\/2021\\\/06\\\/cc-logo-p0212.png\",\"contentUrl\":\"https:\\\/\\\/indr.lu\\\/wp-content\\\/uploads\\\/2021\\\/06\\\/cc-logo-p0212.png\",\"width\":1643,\"height\":947},{\"@type\":\"BreadcrumbList\",\"@id\":\"https:\\\/\\\/indr.lu\\\/fr\\\/members\\\/chambre-de-commerce-du-grand-duche-de-luxembourg\\\/#breadcrumb\",\"itemListElement\":[{\"@type\":\"ListItem\",\"position\":1,\"name\":\"Home\",\"item\":\"https:\\\/\\\/indr.lu\\\/fr\\\/\"},{\"@type\":\"ListItem\",\"position\":2,\"name\":\"Chambre de Commerce du Grand-Duch\u00e9 de Luxembourg\"}]},{\"@type\":\"WebSite\",\"@id\":\"https:\\\/\\\/indr.lu\\\/fr\\\/#website\",\"url\":\"https:\\\/\\\/indr.lu\\\/fr\\\/\",\"name\":\"INDR\",\"description\":\"Institut national pour le d\u00e9veloppement durable et la RSE\",\"publisher\":{\"@id\":\"https:\\\/\\\/indr.lu\\\/fr\\\/#organization\"},\"potentialAction\":[{\"@type\":\"SearchAction\",\"target\":{\"@type\":\"EntryPoint\",\"urlTemplate\":\"https:\\\/\\\/indr.lu\\\/fr\\\/?s={search_term_string}\"},\"query-input\":{\"@type\":\"PropertyValueSpecification\",\"valueRequired\":true,\"valueName\":\"search_term_string\"}}],\"inLanguage\":\"fr-FR\"},{\"@type\":\"Organization\",\"@id\":\"https:\\\/\\\/indr.lu\\\/fr\\\/#organization\",\"name\":\"INDR\",\"alternateName\":\"L\u2019Institut National pour le D\u00e9veloppement durable et la Responsabilit\u00e9 sociale des entreprises\",\"url\":\"https:\\\/\\\/indr.lu\\\/fr\\\/\",\"logo\":{\"@type\":\"ImageObject\",\"inLanguage\":\"fr-FR\",\"@id\":\"https:\\\/\\\/indr.lu\\\/fr\\\/#\\\/schema\\\/logo\\\/image\\\/\",\"url\":\"https:\\\/\\\/indr.lu\\\/wp-content\\\/uploads\\\/2021\\\/04\\\/indr-logo.svg\",\"contentUrl\":\"https:\\\/\\\/indr.lu\\\/wp-content\\\/uploads\\\/2021\\\/04\\\/indr-logo.svg\",\"width\":\"1024\",\"height\":\"1024\",\"caption\":\"INDR\"},\"image\":{\"@id\":\"https:\\\/\\\/indr.lu\\\/fr\\\/#\\\/schema\\\/logo\\\/image\\\/\"},\"sameAs\":[\"https:\\\/\\\/www.facebook.com\\\/INDR.lu\",\"https:\\\/\\\/www.linkedin.com\\\/company\\\/indr---institut-national-pour-le-d-veloppement-durable-et-la-responsabilit-des-entreprises\\\/\"]}]}<\/script>\n<!-- \/ Yoast SEO plugin. -->","yoast_head_json":{"title":"Chambre de Commerce du Grand-Duch\u00e9 de Luxembourg - INDR","robots":{"index":"index","follow":"follow","max-snippet":"max-snippet:-1","max-image-preview":"max-image-preview:large","max-video-preview":"max-video-preview:-1"},"canonical":"https:\/\/indr.lu\/fr\/members\/chambre-de-commerce-du-grand-duche-de-luxembourg\/","og_locale":"fr_FR","og_type":"article","og_title":"Chambre de Commerce du Grand-Duch\u00e9 de Luxembourg - INDR","og_description":"En tant que chambre professionnelle et \u00e9tablissement public, regroupant les entreprises de tous les secteurs \u00e9conomiques, hormis l\u2019artisanat et l\u2019agriculture, la Chambre de Commerce compte plus de 90.000 ressortissants, occupant...","og_url":"https:\/\/indr.lu\/fr\/members\/chambre-de-commerce-du-grand-duche-de-luxembourg\/","og_site_name":"INDR","article_publisher":"https:\/\/www.facebook.com\/INDR.lu","article_modified_time":"2021-06-25T10:01:58+00:00","og_image":[{"width":1643,"height":947,"url":"https:\/\/indr.lu\/wp-content\/uploads\/2021\/06\/cc-logo-p0212.png","type":"image\/png"}],"twitter_card":"summary_large_image","twitter_misc":{"Dur\u00e9e de lecture estim\u00e9e":"1 minute"},"schema":{"@context":"https:\/\/schema.org","@graph":[{"@type":"WebPage","@id":"https:\/\/indr.lu\/fr\/members\/chambre-de-commerce-du-grand-duche-de-luxembourg\/","url":"https:\/\/indr.lu\/fr\/members\/chambre-de-commerce-du-grand-duche-de-luxembourg\/","name":"Chambre de Commerce du Grand-Duch\u00e9 de Luxembourg - INDR","isPartOf":{"@id":"https:\/\/indr.lu\/fr\/#website"},"primaryImageOfPage":{"@id":"https:\/\/indr.lu\/fr\/members\/chambre-de-commerce-du-grand-duche-de-luxembourg\/#primaryimage"},"image":{"@id":"https:\/\/indr.lu\/fr\/members\/chambre-de-commerce-du-grand-duche-de-luxembourg\/#primaryimage"},"thumbnailUrl":"https:\/\/indr.lu\/wp-content\/uploads\/2021\/06\/cc-logo-p0212.png","datePublished":"2021-06-21T22:18:44+00:00","dateModified":"2021-06-25T10:01:58+00:00","breadcrumb":{"@id":"https:\/\/indr.lu\/fr\/members\/chambre-de-commerce-du-grand-duche-de-luxembourg\/#breadcrumb"},"inLanguage":"fr-FR","potentialAction":[{"@type":"ReadAction","target":["https:\/\/indr.lu\/fr\/members\/chambre-de-commerce-du-grand-duche-de-luxembourg\/"]}]},{"@type":"ImageObject","inLanguage":"fr-FR","@id":"https:\/\/indr.lu\/fr\/members\/chambre-de-commerce-du-grand-duche-de-luxembourg\/#primaryimage","url":"https:\/\/indr.lu\/wp-content\/uploads\/2021\/06\/cc-logo-p0212.png","contentUrl":"https:\/\/indr.lu\/wp-content\/uploads\/2021\/06\/cc-logo-p0212.png","width":1643,"height":947},{"@type":"BreadcrumbList","@id":"https:\/\/indr.lu\/fr\/members\/chambre-de-commerce-du-grand-duche-de-luxembourg\/#breadcrumb","itemListElement":[{"@type":"ListItem","position":1,"name":"Home","item":"https:\/\/indr.lu\/fr\/"},{"@type":"ListItem","position":2,"name":"Chambre de Commerce du Grand-Duch\u00e9 de Luxembourg"}]},{"@type":"WebSite","@id":"https:\/\/indr.lu\/fr\/#website","url":"https:\/\/indr.lu\/fr\/","name":"INDR","description":"Institut national pour le d\u00e9veloppement durable et la RSE","publisher":{"@id":"https:\/\/indr.lu\/fr\/#organization"},"potentialAction":[{"@type":"SearchAction","target":{"@type":"EntryPoint","urlTemplate":"https:\/\/indr.lu\/fr\/?s={search_term_string}"},"query-input":{"@type":"PropertyValueSpecification","valueRequired":true,"valueName":"search_term_string"}}],"inLanguage":"fr-FR"},{"@type":"Organization","@id":"https:\/\/indr.lu\/fr\/#organization","name":"INDR","alternateName":"L\u2019Institut National pour le D\u00e9veloppement durable et la Responsabilit\u00e9 sociale des entreprises","url":"https:\/\/indr.lu\/fr\/","logo":{"@type":"ImageObject","inLanguage":"fr-FR","@id":"https:\/\/indr.lu\/fr\/#\/schema\/logo\/image\/","url":"https:\/\/indr.lu\/wp-content\/uploads\/2021\/04\/indr-logo.svg","contentUrl":"https:\/\/indr.lu\/wp-content\/uploads\/2021\/04\/indr-logo.svg","width":"1024","height":"1024","caption":"INDR"},"image":{"@id":"https:\/\/indr.lu\/fr\/#\/schema\/logo\/image\/"},"sameAs":["https:\/\/www.facebook.com\/INDR.lu","https:\/\/www.linkedin.com\/company\/indr---institut-national-pour-le-d-veloppement-durable-et-la-responsabilit-des-entreprises\/"]}]}},"_links":{"self":[{"href":"https:\/\/indr.lu\/fr\/wp-json\/wp\/v2\/members\/12196","targetHints":{"allow":["GET"]}}],"collection":[{"href":"https:\/\/indr.lu\/fr\/wp-json\/wp\/v2\/members"}],"about":[{"href":"https:\/\/indr.lu\/fr\/wp-json\/wp\/v2\/types\/members"}],"version-history":[{"count":1,"href":"https:\/\/indr.lu\/fr\/wp-json\/wp\/v2\/members\/12196\/revisions"}],"predecessor-version":[{"id":12197,"href":"https:\/\/indr.lu\/fr\/wp-json\/wp\/v2\/members\/12196\/revisions\/12197"}],"wp:featuredmedia":[{"embeddable":true,"href":"https:\/\/indr.lu\/fr\/wp-json\/wp\/v2\/media\/12263"}],"wp:attachment":[{"href":"https:\/\/indr.lu\/fr\/wp-json\/wp\/v2\/media?parent=12196"}],"curies":[{"name":"wp","href":"https:\/\/api.w.org\/{rel}","templated":true}]}}