{"id":12200,"date":"2021-06-21T22:20:44","date_gmt":"2021-06-21T22:20:44","guid":{"rendered":"https:\/\/indr.lu\/fr\/?post_type=members&#038;p=12200"},"modified":"2023-12-20T14:57:10","modified_gmt":"2023-12-20T14:57:10","slug":"luxembourg-confederation","status":"publish","type":"members","link":"https:\/\/indr.lu\/fr\/members\/luxembourg-confederation\/","title":{"rendered":"Luxembourg Confederation"},"content":{"rendered":"<p>Luxembourg Confederation est une organisation patronale fond\u00e9e en 1909 regroupant 23 f\u00e9d\u00e9rations issues des secteurs des Services, du Commerce et des Transports. Sa mission consiste \u00e0 repr\u00e9senter et soutenir les int\u00e9r\u00eats de ses membres.<\/p>\n<p>Constitu\u00e9e en 1909, Luxembourg Confederation est une organisation patronale qui soutient les entreprises issues des secteurs des services, du commerce et du transport \u2013 et ce dans une totale ind\u00e9pendance et neutralit\u00e9 politique.<\/p>\n","protected":false},"featured_media":14996,"template":"","class_list":["post-12200","members","type-members","status-publish","has-post-thumbnail"],"acf":[],"yoast_head":"<!-- This site is optimized with the Yoast SEO plugin v27.5 - https:\/\/yoast.com\/product\/yoast-seo-wordpress\/ -->\n<title>Luxembourg Confederation - INDR<\/title>\n<meta name=\"robots\" content=\"index, follow, max-snippet:-1, max-image-preview:large, max-video-preview:-1\" \/>\n<link rel=\"canonical\" href=\"https:\/\/indr.lu\/fr\/members\/luxembourg-confederation\/\" \/>\n<meta property=\"og:locale\" content=\"fr_FR\" \/>\n<meta property=\"og:type\" content=\"article\" \/>\n<meta property=\"og:title\" content=\"Luxembourg Confederation - INDR\" \/>\n<meta property=\"og:description\" content=\"Luxembourg Confederation est une organisation patronale fond\u00e9e en 1909 regroupant 23 f\u00e9d\u00e9rations issues des secteurs des Services, du Commerce et des Transports. Sa mission consiste \u00e0 repr\u00e9senter et soutenir les...\" \/>\n<meta property=\"og:url\" content=\"https:\/\/indr.lu\/fr\/members\/luxembourg-confederation\/\" \/>\n<meta property=\"og:site_name\" content=\"INDR\" \/>\n<meta property=\"article:publisher\" content=\"https:\/\/www.facebook.com\/INDR.lu\" \/>\n<meta property=\"article:modified_time\" content=\"2023-12-20T14:57:10+00:00\" \/>\n<meta property=\"og:image\" content=\"https:\/\/indr.lu\/wp-content\/uploads\/2021\/06\/logo-luxembourg-confederation-logo-positif-rvb.jpg\" \/>\n\t<meta property=\"og:image:width\" content=\"2128\" \/>\n\t<meta property=\"og:image:height\" content=\"701\" \/>\n\t<meta property=\"og:image:type\" content=\"image\/jpeg\" \/>\n<meta name=\"twitter:card\" content=\"summary_large_image\" \/>\n<meta name=\"twitter:label1\" content=\"Dur\u00e9e de lecture estim\u00e9e\" \/>\n\t<meta name=\"twitter:data1\" content=\"1 minute\" \/>\n<script type=\"application\/ld+json\" class=\"yoast-schema-graph\">{\"@context\":\"https:\\\/\\\/schema.org\",\"@graph\":[{\"@type\":\"WebPage\",\"@id\":\"https:\\\/\\\/indr.lu\\\/fr\\\/members\\\/luxembourg-confederation\\\/\",\"url\":\"https:\\\/\\\/indr.lu\\\/fr\\\/members\\\/luxembourg-confederation\\\/\",\"name\":\"Luxembourg Confederation - INDR\",\"isPartOf\":{\"@id\":\"https:\\\/\\\/indr.lu\\\/fr\\\/#website\"},\"primaryImageOfPage\":{\"@id\":\"https:\\\/\\\/indr.lu\\\/fr\\\/members\\\/luxembourg-confederation\\\/#primaryimage\"},\"image\":{\"@id\":\"https:\\\/\\\/indr.lu\\\/fr\\\/members\\\/luxembourg-confederation\\\/#primaryimage\"},\"thumbnailUrl\":\"https:\\\/\\\/indr.lu\\\/wp-content\\\/uploads\\\/2021\\\/06\\\/logo-luxembourg-confederation-logo-positif-rvb.jpg\",\"datePublished\":\"2021-06-21T22:20:44+00:00\",\"dateModified\":\"2023-12-20T14:57:10+00:00\",\"breadcrumb\":{\"@id\":\"https:\\\/\\\/indr.lu\\\/fr\\\/members\\\/luxembourg-confederation\\\/#breadcrumb\"},\"inLanguage\":\"fr-FR\",\"potentialAction\":[{\"@type\":\"ReadAction\",\"target\":[\"https:\\\/\\\/indr.lu\\\/fr\\\/members\\\/luxembourg-confederation\\\/\"]}]},{\"@type\":\"ImageObject\",\"inLanguage\":\"fr-FR\",\"@id\":\"https:\\\/\\\/indr.lu\\\/fr\\\/members\\\/luxembourg-confederation\\\/#primaryimage\",\"url\":\"https:\\\/\\\/indr.lu\\\/wp-content\\\/uploads\\\/2021\\\/06\\\/logo-luxembourg-confederation-logo-positif-rvb.jpg\",\"contentUrl\":\"https:\\\/\\\/indr.lu\\\/wp-content\\\/uploads\\\/2021\\\/06\\\/logo-luxembourg-confederation-logo-positif-rvb.jpg\",\"width\":2128,\"height\":701},{\"@type\":\"BreadcrumbList\",\"@id\":\"https:\\\/\\\/indr.lu\\\/fr\\\/members\\\/luxembourg-confederation\\\/#breadcrumb\",\"itemListElement\":[{\"@type\":\"ListItem\",\"position\":1,\"name\":\"Home\",\"item\":\"https:\\\/\\\/indr.lu\\\/fr\\\/\"},{\"@type\":\"ListItem\",\"position\":2,\"name\":\"Luxembourg Confederation\"}]},{\"@type\":\"WebSite\",\"@id\":\"https:\\\/\\\/indr.lu\\\/fr\\\/#website\",\"url\":\"https:\\\/\\\/indr.lu\\\/fr\\\/\",\"name\":\"INDR\",\"description\":\"Institut national pour le d\u00e9veloppement durable et la RSE\",\"publisher\":{\"@id\":\"https:\\\/\\\/indr.lu\\\/fr\\\/#organization\"},\"potentialAction\":[{\"@type\":\"SearchAction\",\"target\":{\"@type\":\"EntryPoint\",\"urlTemplate\":\"https:\\\/\\\/indr.lu\\\/fr\\\/?s={search_term_string}\"},\"query-input\":{\"@type\":\"PropertyValueSpecification\",\"valueRequired\":true,\"valueName\":\"search_term_string\"}}],\"inLanguage\":\"fr-FR\"},{\"@type\":\"Organization\",\"@id\":\"https:\\\/\\\/indr.lu\\\/fr\\\/#organization\",\"name\":\"INDR\",\"alternateName\":\"L\u2019Institut National pour le D\u00e9veloppement durable et la Responsabilit\u00e9 sociale des entreprises\",\"url\":\"https:\\\/\\\/indr.lu\\\/fr\\\/\",\"logo\":{\"@type\":\"ImageObject\",\"inLanguage\":\"fr-FR\",\"@id\":\"https:\\\/\\\/indr.lu\\\/fr\\\/#\\\/schema\\\/logo\\\/image\\\/\",\"url\":\"https:\\\/\\\/indr.lu\\\/wp-content\\\/uploads\\\/2021\\\/04\\\/indr-logo.svg\",\"contentUrl\":\"https:\\\/\\\/indr.lu\\\/wp-content\\\/uploads\\\/2021\\\/04\\\/indr-logo.svg\",\"width\":\"1024\",\"height\":\"1024\",\"caption\":\"INDR\"},\"image\":{\"@id\":\"https:\\\/\\\/indr.lu\\\/fr\\\/#\\\/schema\\\/logo\\\/image\\\/\"},\"sameAs\":[\"https:\\\/\\\/www.facebook.com\\\/INDR.lu\",\"https:\\\/\\\/www.linkedin.com\\\/company\\\/indr---institut-national-pour-le-d-veloppement-durable-et-la-responsabilit-des-entreprises\\\/\"]}]}<\/script>\n<!-- \/ Yoast SEO plugin. -->","yoast_head_json":{"title":"Luxembourg Confederation - INDR","robots":{"index":"index","follow":"follow","max-snippet":"max-snippet:-1","max-image-preview":"max-image-preview:large","max-video-preview":"max-video-preview:-1"},"canonical":"https:\/\/indr.lu\/fr\/members\/luxembourg-confederation\/","og_locale":"fr_FR","og_type":"article","og_title":"Luxembourg Confederation - INDR","og_description":"Luxembourg Confederation est une organisation patronale fond\u00e9e en 1909 regroupant 23 f\u00e9d\u00e9rations issues des secteurs des Services, du Commerce et des Transports. Sa mission consiste \u00e0 repr\u00e9senter et soutenir les...","og_url":"https:\/\/indr.lu\/fr\/members\/luxembourg-confederation\/","og_site_name":"INDR","article_publisher":"https:\/\/www.facebook.com\/INDR.lu","article_modified_time":"2023-12-20T14:57:10+00:00","og_image":[{"width":2128,"height":701,"url":"https:\/\/indr.lu\/wp-content\/uploads\/2021\/06\/logo-luxembourg-confederation-logo-positif-rvb.jpg","type":"image\/jpeg"}],"twitter_card":"summary_large_image","twitter_misc":{"Dur\u00e9e de lecture estim\u00e9e":"1 minute"},"schema":{"@context":"https:\/\/schema.org","@graph":[{"@type":"WebPage","@id":"https:\/\/indr.lu\/fr\/members\/luxembourg-confederation\/","url":"https:\/\/indr.lu\/fr\/members\/luxembourg-confederation\/","name":"Luxembourg Confederation - INDR","isPartOf":{"@id":"https:\/\/indr.lu\/fr\/#website"},"primaryImageOfPage":{"@id":"https:\/\/indr.lu\/fr\/members\/luxembourg-confederation\/#primaryimage"},"image":{"@id":"https:\/\/indr.lu\/fr\/members\/luxembourg-confederation\/#primaryimage"},"thumbnailUrl":"https:\/\/indr.lu\/wp-content\/uploads\/2021\/06\/logo-luxembourg-confederation-logo-positif-rvb.jpg","datePublished":"2021-06-21T22:20:44+00:00","dateModified":"2023-12-20T14:57:10+00:00","breadcrumb":{"@id":"https:\/\/indr.lu\/fr\/members\/luxembourg-confederation\/#breadcrumb"},"inLanguage":"fr-FR","potentialAction":[{"@type":"ReadAction","target":["https:\/\/indr.lu\/fr\/members\/luxembourg-confederation\/"]}]},{"@type":"ImageObject","inLanguage":"fr-FR","@id":"https:\/\/indr.lu\/fr\/members\/luxembourg-confederation\/#primaryimage","url":"https:\/\/indr.lu\/wp-content\/uploads\/2021\/06\/logo-luxembourg-confederation-logo-positif-rvb.jpg","contentUrl":"https:\/\/indr.lu\/wp-content\/uploads\/2021\/06\/logo-luxembourg-confederation-logo-positif-rvb.jpg","width":2128,"height":701},{"@type":"BreadcrumbList","@id":"https:\/\/indr.lu\/fr\/members\/luxembourg-confederation\/#breadcrumb","itemListElement":[{"@type":"ListItem","position":1,"name":"Home","item":"https:\/\/indr.lu\/fr\/"},{"@type":"ListItem","position":2,"name":"Luxembourg Confederation"}]},{"@type":"WebSite","@id":"https:\/\/indr.lu\/fr\/#website","url":"https:\/\/indr.lu\/fr\/","name":"INDR","description":"Institut national pour le d\u00e9veloppement durable et la RSE","publisher":{"@id":"https:\/\/indr.lu\/fr\/#organization"},"potentialAction":[{"@type":"SearchAction","target":{"@type":"EntryPoint","urlTemplate":"https:\/\/indr.lu\/fr\/?s={search_term_string}"},"query-input":{"@type":"PropertyValueSpecification","valueRequired":true,"valueName":"search_term_string"}}],"inLanguage":"fr-FR"},{"@type":"Organization","@id":"https:\/\/indr.lu\/fr\/#organization","name":"INDR","alternateName":"L\u2019Institut National pour le D\u00e9veloppement durable et la Responsabilit\u00e9 sociale des entreprises","url":"https:\/\/indr.lu\/fr\/","logo":{"@type":"ImageObject","inLanguage":"fr-FR","@id":"https:\/\/indr.lu\/fr\/#\/schema\/logo\/image\/","url":"https:\/\/indr.lu\/wp-content\/uploads\/2021\/04\/indr-logo.svg","contentUrl":"https:\/\/indr.lu\/wp-content\/uploads\/2021\/04\/indr-logo.svg","width":"1024","height":"1024","caption":"INDR"},"image":{"@id":"https:\/\/indr.lu\/fr\/#\/schema\/logo\/image\/"},"sameAs":["https:\/\/www.facebook.com\/INDR.lu","https:\/\/www.linkedin.com\/company\/indr---institut-national-pour-le-d-veloppement-durable-et-la-responsabilit-des-entreprises\/"]}]}},"_links":{"self":[{"href":"https:\/\/indr.lu\/fr\/wp-json\/wp\/v2\/members\/12200","targetHints":{"allow":["GET"]}}],"collection":[{"href":"https:\/\/indr.lu\/fr\/wp-json\/wp\/v2\/members"}],"about":[{"href":"https:\/\/indr.lu\/fr\/wp-json\/wp\/v2\/types\/members"}],"version-history":[{"count":3,"href":"https:\/\/indr.lu\/fr\/wp-json\/wp\/v2\/members\/12200\/revisions"}],"predecessor-version":[{"id":15896,"href":"https:\/\/indr.lu\/fr\/wp-json\/wp\/v2\/members\/12200\/revisions\/15896"}],"wp:featuredmedia":[{"embeddable":true,"href":"https:\/\/indr.lu\/fr\/wp-json\/wp\/v2\/media\/14996"}],"wp:attachment":[{"href":"https:\/\/indr.lu\/fr\/wp-json\/wp\/v2\/media?parent=12200"}],"curies":[{"name":"wp","href":"https:\/\/api.w.org\/{rel}","templated":true}]}}